{"id":20548,"date":"2023-08-26T16:09:42","date_gmt":"2023-08-26T16:09:42","guid":{"rendered":"https:\/\/lime-barracuda-517323.hostingersite.com\/consultations\/integrative-medicine\/"},"modified":"2025-07-25T10:15:42","modified_gmt":"2025-07-25T10:15:42","slug":"integrative-medicine","status":"publish","type":"page","link":"https:\/\/pilaresdasaude.pt\/en\/consultations\/integrative-medicine\/","title":{"rendered":"Integrative Medicine"},"content":{"rendered":"\t\t<div data-elementor-type=\"wp-page\" data-elementor-id=\"20548\" class=\"elementor elementor-20548 elementor-12170\" data-elementor-post-type=\"page\">\n\t\t\t\t\t\t<section class=\"wd-negative-gap elementor-section elementor-top-section elementor-element elementor-element-37236ee elementor-section-boxed elementor-section-height-default elementor-section-height-default\" data-id=\"37236ee\" data-element_type=\"section\" data-e-type=\"section\" data-settings=\"{&quot;ekit_has_onepagescroll_dot&quot;:&quot;yes&quot;}\">\n\t\t\t\t\t\t\t<div class=\"elementor-background-overlay\"><\/div>\n\t\t\t\t\t\t\t<div class=\"elementor-container elementor-column-gap-default\">\n\t\t\t\t\t<div class=\"elementor-column elementor-col-100 elementor-top-column elementor-element elementor-element-5dba75c4\" data-id=\"5dba75c4\" data-element_type=\"column\" data-e-type=\"column\">\n\t\t\t<div class=\"elementor-widget-wrap elementor-element-populated\">\n\t\t\t\t\t\t<div class=\"elementor-element elementor-element-527f9ccf elementor-widget elementor-widget-wd_text_block\" data-id=\"527f9ccf\" data-element_type=\"widget\" data-e-type=\"widget\" data-settings=\"{&quot;ekit_we_effect_on&quot;:&quot;none&quot;}\" data-widget_type=\"wd_text_block.default\">\n\t\t\t\t<div class=\"elementor-widget-container\">\n\t\t\t\t\t\t\t<div class=\"wd-text-block reset-last-child text-center\">\n\t\t\t\n\t\t\t<p class=\"p1\">Integrative Medicine is a holistic approach to health and well-being that considers the individual in all their aspects: physical, emotional, mental and spiritual. This type of medicine harmonizes the best methods of conventional medicine with recognized, evidence-based traditional and complementary practices. This includes a diversity of therapies that have proven to be effective in promoting optimal health, preventing illness and treating existing health conditions. At Pilares da Sa\u00fade, we believe that in addition to curing diseases, the focus should be on improving the patient's quality of life and general well-being, always seeking a personalized and individual-centered perspective. With integrative medicine, we emphasize the importance of a strong doctor-patient relationship based on trust and open communication, where you are an active partner in your health care.    <\/p>\n\t\t\t\t\t<\/div>\n\t\t\t\t\t\t<\/div>\n\t\t\t\t<\/div>\n\t\t\t\t\t<\/div>\n\t\t<\/div>\n\t\t\t\t\t<\/div>\n\t\t<\/section>\n\t\t\t\t<section class=\"wd-negative-gap elementor-section elementor-top-section elementor-element elementor-element-486c3050 elementor-section-boxed elementor-section-height-default elementor-section-height-default\" data-id=\"486c3050\" data-element_type=\"section\" data-e-type=\"section\" data-settings=\"{&quot;ekit_has_onepagescroll_dot&quot;:&quot;yes&quot;}\">\n\t\t\t\t\t\t<div class=\"elementor-container elementor-column-gap-default\">\n\t\t\t\t\t<div class=\"elementor-column elementor-col-33 elementor-top-column elementor-element elementor-element-38eb02fe\" data-id=\"38eb02fe\" data-element_type=\"column\" data-e-type=\"column\">\n\t\t\t<div class=\"elementor-widget-wrap elementor-element-populated\">\n\t\t\t\t\t\t<div class=\"elementor-element elementor-element-1c4abbd elementor-widget elementor-widget-uael-infobox\" data-id=\"1c4abbd\" data-element_type=\"widget\" data-e-type=\"widget\" data-settings=\"{&quot;ekit_we_effect_on&quot;:&quot;none&quot;}\" data-widget_type=\"uael-infobox.default\">\n\t\t\t\t<div class=\"elementor-widget-container\">\n\t\t\t\t\t\r\n<div class=\"uael-module-content uael-infobox uael-imgicon-style-normal  uael-infobox-left  infobox-has-photo uael-infobox-photo-left  uael-infobox-image-valign-top  uael-infobox-stacked-tablet  uael-infobox-link-type-link\">\r\n\t<div class=\"uael-infobox-left-right-wrap\">\r\n\t\t\t\t\t\t\t\t<div class=\"uael-module-content uael-imgicon-wrap \">\t\t\t\t\t\t\t\t\t\t\t\r\n\t\t\t\t\t\t\t\t\t\t\t\t\t\t\t\t<div class=\"uael-image\" itemscope itemtype=\"http:\/\/schema.org\/ImageObject\">\r\n\t\t\t\t\t\t\t<div class=\"uael-image-content elementor-animation- \">\r\n\t\t\t\t\t\t\t\t<img loading=\"lazy\" decoding=\"async\" width=\"978\" height=\"978\" src=\"https:\/\/pilaresdasaude.pt\/wp-content\/uploads\/2023\/08\/dra-rita.png\" class=\"attachment-full size-full wp-image-12140\" alt=\"\" srcset=\"https:\/\/pilaresdasaude.pt\/wp-content\/uploads\/2023\/08\/dra-rita.png 978w, https:\/\/pilaresdasaude.pt\/wp-content\/uploads\/2023\/08\/dra-rita-430x430.png 430w, https:\/\/pilaresdasaude.pt\/wp-content\/uploads\/2023\/08\/dra-rita-150x150.png 150w, https:\/\/pilaresdasaude.pt\/wp-content\/uploads\/2023\/08\/dra-rita-700x700.png 700w, https:\/\/pilaresdasaude.pt\/wp-content\/uploads\/2023\/08\/dra-rita-300x300.png 300w, https:\/\/pilaresdasaude.pt\/wp-content\/uploads\/2023\/08\/dra-rita-800x800.png 800w, https:\/\/pilaresdasaude.pt\/wp-content\/uploads\/2023\/08\/dra-rita-768x768.png 768w, https:\/\/pilaresdasaude.pt\/wp-content\/uploads\/2023\/08\/dra-rita-860x860.png 860w\" sizes=\"auto, (max-width: 978px) 100vw, 978px\" \/>\t\t\t\t\t\t\t<\/div>\r\n\t\t\t\t\t\t<\/div>\r\n\r\n\t\t\t\t\t\t\t\t\t<\/div>\r\n\t\t\t\t\t\t<div class=\"uael-infobox-content\">\r\n\t\t\t\t\t\t<div class='uael-infobox-title-wrap'><h3 class=\"uael-infobox-title elementor-inline-editing\" data-elementor-setting-key=\"infobox_title\" data-elementor-inline-editing-toolbar=\"basic\" >Dr. Rita Xavier<\/h3><\/div>\t\t\t\t\t\t\t\t\t<div class=\"uael-infobox-text-wrap\">\r\n\t\t\t\t<div class=\"uael-infobox-text elementor-inline-editing\" data-elementor-setting-key=\"infobox_description\" data-elementor-inline-editing-toolbar=\"advanced\">\r\n\t\t\t\t\tDoctor of Preventive Medicine, Neural Therapy and Acupuncture\t\t\t\t<\/div>\r\n\t\t\t\t\t\r\n\t\t\t\t\t\t\t<div class=\"uael-infobox-cta-link-style\">\r\n\t\t\t\t<a href=\"#\" class=\"uael-infobox-cta-link \"> \t\t\t\t\t\t\t\t\t\t\t<span class=\"elementor-inline-editing\" data-elementor-setting-key=\"infobox_link_text\" data-elementor-inline-editing-toolbar=\"basic\">Read more<\/span>\r\n\t\t\t\t\t\t\t\t\t\t\t\t\t<span class=\"uael-infobox-link-icon uael-infobox-link-icon-after\">\r\n\t\t\t\t\t\t\t\t\t\t\t\t\t\t\t\t\t<\/span>\r\n\t\t\t\t\t\t\t\t\t\t\t\t\t\t\t\t\t\t\t\t\t\t<\/a>\r\n\t\t\t<\/div>\r\n\t\t\t\t\t\t<\/div>\r\n\t\t<\/div>\r\n\t\t\t<\/div>\r\n<\/div>\r\n\t\t\t\t<\/div>\n\t\t\t\t<\/div>\n\t\t\t\t\t<\/div>\n\t\t<\/div>\n\t\t\t\t<div class=\"elementor-column elementor-col-33 elementor-top-column elementor-element elementor-element-3232c6e\" data-id=\"3232c6e\" data-element_type=\"column\" data-e-type=\"column\">\n\t\t\t<div class=\"elementor-widget-wrap\">\n\t\t\t\t\t\t\t<\/div>\n\t\t<\/div>\n\t\t\t\t<div class=\"elementor-column elementor-col-33 elementor-top-column elementor-element elementor-element-2fe3c206\" data-id=\"2fe3c206\" data-element_type=\"column\" data-e-type=\"column\">\n\t\t\t<div class=\"elementor-widget-wrap\">\n\t\t\t\t\t\t\t<\/div>\n\t\t<\/div>\n\t\t\t\t\t<\/div>\n\t\t<\/section>\n\t\t\t\t<\/div>\n\t\t","protected":false},"excerpt":{"rendered":"<p>Integrative Medicine is a holistic approach to health and well-being that considers the individual in all their aspects: physical, emotional,<\/p>\n","protected":false},"author":1,"featured_media":0,"parent":20510,"menu_order":0,"comment_status":"closed","ping_status":"closed","template":"elementor_header_footer","meta":{"footnotes":""},"class_list":["post-20548","page","type-page","status-publish","hentry"],"yoast_head":"<!-- This site is optimized with the Yoast SEO Premium plugin v21.7 (Yoast SEO v21.7) - https:\/\/yoast.com\/wordpress\/plugins\/seo\/ -->\n<title>Integrative Medicine - Pilares da Sa\u00fade<\/title>\n<meta name=\"robots\" content=\"index, follow, max-snippet:-1, max-image-preview:large, max-video-preview:-1\" \/>\n<link rel=\"canonical\" href=\"https:\/\/pilaresdasaude.pt\/en\/consultations\/integrative-medicine\/\" \/>\n<meta property=\"og:locale\" content=\"en_US\" \/>\n<meta property=\"og:type\" content=\"article\" \/>\n<meta property=\"og:title\" content=\"Integrative Medicine\" \/>\n<meta property=\"og:description\" content=\"Integrative Medicine is a holistic approach to health and well-being that considers the individual in all their aspects: physical, emotional,\" \/>\n<meta property=\"og:url\" content=\"https:\/\/pilaresdasaude.pt\/en\/consultations\/integrative-medicine\/\" \/>\n<meta property=\"og:site_name\" content=\"Pilares da Sa\u00fade\" \/>\n<meta property=\"article:modified_time\" content=\"2025-07-25T10:15:42+00:00\" \/>\n<meta property=\"og:image\" content=\"http:\/\/pilaresdasaude.pt\/wp-content\/uploads\/2023\/08\/dra-rita.png\" \/>\n<meta name=\"twitter:card\" content=\"summary_large_image\" \/>\n<meta name=\"twitter:label1\" content=\"Est. reading time\" \/>\n\t<meta name=\"twitter:data1\" content=\"1 minute\" \/>\n<script type=\"application\/ld+json\" class=\"yoast-schema-graph\">{\"@context\":\"https:\/\/schema.org\",\"@graph\":[{\"@type\":\"WebPage\",\"@id\":\"https:\/\/pilaresdasaude.pt\/en\/consultations\/integrative-medicine\/\",\"url\":\"https:\/\/pilaresdasaude.pt\/en\/consultations\/integrative-medicine\/\",\"name\":\"Integrative Medicine - Pilares da Sa\u00fade\",\"isPartOf\":{\"@id\":\"https:\/\/pilaresdasaude.pt\/en\/#website\"},\"datePublished\":\"2023-08-26T16:09:42+00:00\",\"dateModified\":\"2025-07-25T10:15:42+00:00\",\"breadcrumb\":{\"@id\":\"https:\/\/pilaresdasaude.pt\/en\/consultations\/integrative-medicine\/#breadcrumb\"},\"inLanguage\":\"en-US\",\"potentialAction\":[{\"@type\":\"ReadAction\",\"target\":[\"https:\/\/pilaresdasaude.pt\/en\/consultations\/integrative-medicine\/\"]}]},{\"@type\":\"BreadcrumbList\",\"@id\":\"https:\/\/pilaresdasaude.pt\/en\/consultations\/integrative-medicine\/#breadcrumb\",\"itemListElement\":[{\"@type\":\"ListItem\",\"position\":1,\"name\":\"In\u00edcio\",\"item\":\"https:\/\/pilaresdasaude.pt\/en\/\"},{\"@type\":\"ListItem\",\"position\":2,\"name\":\"CONSULTATIONS\",\"item\":\"https:\/\/pilaresdasaude.pt\/en\/consultations\/\"},{\"@type\":\"ListItem\",\"position\":3,\"name\":\"Integrative Medicine\"}]},{\"@type\":\"WebSite\",\"@id\":\"https:\/\/pilaresdasaude.pt\/en\/#website\",\"url\":\"https:\/\/pilaresdasaude.pt\/en\/\",\"name\":\"Pilares da sa\u00fade\",\"description\":\"Cl\u00ednica M\u00e9dica e Est\u00e9tica\",\"publisher\":{\"@id\":\"https:\/\/pilaresdasaude.pt\/en\/#organization\"},\"potentialAction\":[{\"@type\":\"SearchAction\",\"target\":{\"@type\":\"EntryPoint\",\"urlTemplate\":\"https:\/\/pilaresdasaude.pt\/en\/?s={search_term_string}\"},\"query-input\":\"required name=search_term_string\"}],\"inLanguage\":\"en-US\"},{\"@type\":\"Organization\",\"@id\":\"https:\/\/pilaresdasaude.pt\/en\/#organization\",\"name\":\"Pilares da sa\u00fade\",\"url\":\"https:\/\/pilaresdasaude.pt\/en\/\",\"logo\":{\"@type\":\"ImageObject\",\"inLanguage\":\"en-US\",\"@id\":\"https:\/\/pilaresdasaude.pt\/en\/#\/schema\/logo\/image\/\",\"url\":\"http:\/\/pilaresdasaude.pt\/wp-content\/uploads\/2021\/10\/pilares-da-saude-fav.svg\",\"contentUrl\":\"http:\/\/pilaresdasaude.pt\/wp-content\/uploads\/2021\/10\/pilares-da-saude-fav.svg\",\"width\":512,\"height\":512,\"caption\":\"Pilares da sa\u00fade\"},\"image\":{\"@id\":\"https:\/\/pilaresdasaude.pt\/en\/#\/schema\/logo\/image\/\"}}]}<\/script>\n<!-- \/ Yoast SEO Premium plugin. -->","yoast_head_json":{"title":"Integrative Medicine - Pilares da Sa\u00fade","robots":{"index":"index","follow":"follow","max-snippet":"max-snippet:-1","max-image-preview":"max-image-preview:large","max-video-preview":"max-video-preview:-1"},"canonical":"https:\/\/pilaresdasaude.pt\/en\/consultations\/integrative-medicine\/","og_locale":"en_US","og_type":"article","og_title":"Integrative Medicine","og_description":"Integrative Medicine is a holistic approach to health and well-being that considers the individual in all their aspects: physical, emotional,","og_url":"https:\/\/pilaresdasaude.pt\/en\/consultations\/integrative-medicine\/","og_site_name":"Pilares da Sa\u00fade","article_modified_time":"2025-07-25T10:15:42+00:00","og_image":[{"url":"http:\/\/pilaresdasaude.pt\/wp-content\/uploads\/2023\/08\/dra-rita.png"}],"twitter_card":"summary_large_image","twitter_misc":{"Est. reading time":"1 minute"},"schema":{"@context":"https:\/\/schema.org","@graph":[{"@type":"WebPage","@id":"https:\/\/pilaresdasaude.pt\/en\/consultations\/integrative-medicine\/","url":"https:\/\/pilaresdasaude.pt\/en\/consultations\/integrative-medicine\/","name":"Integrative Medicine - Pilares da Sa\u00fade","isPartOf":{"@id":"https:\/\/pilaresdasaude.pt\/en\/#website"},"datePublished":"2023-08-26T16:09:42+00:00","dateModified":"2025-07-25T10:15:42+00:00","breadcrumb":{"@id":"https:\/\/pilaresdasaude.pt\/en\/consultations\/integrative-medicine\/#breadcrumb"},"inLanguage":"en-US","potentialAction":[{"@type":"ReadAction","target":["https:\/\/pilaresdasaude.pt\/en\/consultations\/integrative-medicine\/"]}]},{"@type":"BreadcrumbList","@id":"https:\/\/pilaresdasaude.pt\/en\/consultations\/integrative-medicine\/#breadcrumb","itemListElement":[{"@type":"ListItem","position":1,"name":"In\u00edcio","item":"https:\/\/pilaresdasaude.pt\/en\/"},{"@type":"ListItem","position":2,"name":"CONSULTATIONS","item":"https:\/\/pilaresdasaude.pt\/en\/consultations\/"},{"@type":"ListItem","position":3,"name":"Integrative Medicine"}]},{"@type":"WebSite","@id":"https:\/\/pilaresdasaude.pt\/en\/#website","url":"https:\/\/pilaresdasaude.pt\/en\/","name":"Pilares da sa\u00fade","description":"Cl\u00ednica M\u00e9dica e Est\u00e9tica","publisher":{"@id":"https:\/\/pilaresdasaude.pt\/en\/#organization"},"potentialAction":[{"@type":"SearchAction","target":{"@type":"EntryPoint","urlTemplate":"https:\/\/pilaresdasaude.pt\/en\/?s={search_term_string}"},"query-input":"required name=search_term_string"}],"inLanguage":"en-US"},{"@type":"Organization","@id":"https:\/\/pilaresdasaude.pt\/en\/#organization","name":"Pilares da sa\u00fade","url":"https:\/\/pilaresdasaude.pt\/en\/","logo":{"@type":"ImageObject","inLanguage":"en-US","@id":"https:\/\/pilaresdasaude.pt\/en\/#\/schema\/logo\/image\/","url":"http:\/\/pilaresdasaude.pt\/wp-content\/uploads\/2021\/10\/pilares-da-saude-fav.svg","contentUrl":"http:\/\/pilaresdasaude.pt\/wp-content\/uploads\/2021\/10\/pilares-da-saude-fav.svg","width":512,"height":512,"caption":"Pilares da sa\u00fade"},"image":{"@id":"https:\/\/pilaresdasaude.pt\/en\/#\/schema\/logo\/image\/"}}]}},"_hostinger_reach_plugin_has_subscription_block":false,"_hostinger_reach_plugin_is_elementor":false,"_links":{"self":[{"href":"https:\/\/pilaresdasaude.pt\/en\/wp-json\/wp\/v2\/pages\/20548","targetHints":{"allow":["GET"]}}],"collection":[{"href":"https:\/\/pilaresdasaude.pt\/en\/wp-json\/wp\/v2\/pages"}],"about":[{"href":"https:\/\/pilaresdasaude.pt\/en\/wp-json\/wp\/v2\/types\/page"}],"author":[{"embeddable":true,"href":"https:\/\/pilaresdasaude.pt\/en\/wp-json\/wp\/v2\/users\/1"}],"replies":[{"embeddable":true,"href":"https:\/\/pilaresdasaude.pt\/en\/wp-json\/wp\/v2\/comments?post=20548"}],"version-history":[{"count":1,"href":"https:\/\/pilaresdasaude.pt\/en\/wp-json\/wp\/v2\/pages\/20548\/revisions"}],"predecessor-version":[{"id":20550,"href":"https:\/\/pilaresdasaude.pt\/en\/wp-json\/wp\/v2\/pages\/20548\/revisions\/20550"}],"up":[{"embeddable":true,"href":"https:\/\/pilaresdasaude.pt\/en\/wp-json\/wp\/v2\/pages\/20510"}],"wp:attachment":[{"href":"https:\/\/pilaresdasaude.pt\/en\/wp-json\/wp\/v2\/media?parent=20548"}],"curies":[{"name":"wp","href":"https:\/\/api.w.org\/{rel}","templated":true}]}}