{"id":15825,"date":"2021-10-24T07:25:42","date_gmt":"2021-10-24T07:25:42","guid":{"rendered":"https:\/\/lime-barracuda-517323.hostingersite.com\/inicio\/"},"modified":"2025-07-25T10:15:08","modified_gmt":"2025-07-25T10:15:08","slug":"inicio","status":"publish","type":"page","link":"https:\/\/pilaresdasaude.pt\/es\/inicio\/","title":{"rendered":"Inicio"},"content":{"rendered":"\t\t<div data-elementor-type=\"wp-page\" data-elementor-id=\"15825\" class=\"elementor elementor-15825 elementor-6906\" data-elementor-post-type=\"page\">\n\t\t\t\t\t\t<section class=\"wd-negative-gap elementor-section elementor-top-section elementor-element elementor-element-791733f elementor-section-boxed elementor-section-height-default elementor-section-height-default\" data-id=\"791733f\" data-element_type=\"section\" data-e-type=\"section\" data-settings=\"{&quot;ekit_has_onepagescroll_dot&quot;:&quot;yes&quot;}\">\n\t\t\t\t\t\t<div class=\"elementor-container elementor-column-gap-default\">\n\t\t\t\t\t<div class=\"elementor-column elementor-col-100 elementor-top-column elementor-element elementor-element-69c3218\" data-id=\"69c3218\" data-element_type=\"column\" data-e-type=\"column\">\n\t\t\t<div class=\"elementor-widget-wrap elementor-element-populated\">\n\t\t\t\t\t\t<div class=\"elementor-element elementor-element-3b3190a elementor-widget elementor-widget-slider_revolution\" data-id=\"3b3190a\" data-element_type=\"widget\" data-e-type=\"widget\" data-settings=\"{&quot;ekit_we_effect_on&quot;:&quot;none&quot;}\" data-widget_type=\"slider_revolution.default\">\n\t\t\t\t<div class=\"elementor-widget-container\">\n\t\t\t\t\t\n\t\t<div class=\"wp-block-themepunch-revslider\">\n\t\t\t<!-- START PDS REVOLUTION SLIDER 6.7.12 --><p class=\"rs-p-wp-fix\"><\/p>\n\t\t\t<rs-module-wrap id=\"rev_slider_14_1_wrapper\" data-source=\"gallery\" style=\"visibility:hidden;background:transparent;padding:0;\">\n\t\t\t\t<rs-module id=\"rev_slider_14_1\" style=\"\" data-version=\"6.7.12\">\n\t\t\t\t\t<rs-slides style=\"overflow: hidden; position: absolute;\">\n\t\t\t\t\t\t<rs-slide style=\"position: absolute;\" data-key=\"rs-41\" data-title=\"ozonoterapia\" data-thumb=\"\/\/pilaresdasaude.pt\/wp-content\/uploads\/2023\/11\/Ozonoterapia-50x100.png\" data-link=\"\/\/lime-barracuda-517323.hostingersite.com\/tratamentos-medicos\/ozonoterapia\/\" data-tag=\"l\" data-target=\"_self\" data-seoz=\"front\" data-anim=\"e:slidingoverlay;ms:1500ms;\" data-in=\"o:1;x:(100%);\" data-out=\"a:false;\">\n\t\t\t\t\t\t\t<img decoding=\"async\" src=\"\/\/pilaresdasaude.pt\/wp-content\/plugins\/revslider\/sr6\/assets\/assets\/dummy.png\" alt=\"\" title=\"Ozonoterapia\" width=\"1240\" height=\"900\" class=\"rev-slidebg tp-rs-img rs-lazyload\" data-lazyload=\"\/\/pilaresdasaude.pt\/wp-content\/uploads\/2023\/11\/Ozonoterapia.png\" data-no-retina>\n<!--\n\t\t\t\t\t\t\t--><rs-layer\n\t\t\t\t\t\t\t\tid=\"slider-14-slide-41-layer-0\" \n\t\t\t\t\t\t\t\tclass=\"rev-btn\"\n\t\t\t\t\t\t\t\tdata-type=\"button\"\n\t\t\t\t\t\t\t\tdata-rsp_ch=\"on\"\n\t\t\t\t\t\t\t\tdata-xy=\"x:c;y:b;yo:55px,55px,55px,20px;\"\n\t\t\t\t\t\t\t\tdata-text=\"w:normal;s:20,20,20,20;l:50,50,50,25;fw:500;\"\n\t\t\t\t\t\t\t\tdata-dim=\"minh:0px,0px,0px,none;\"\n\t\t\t\t\t\t\t\tdata-padding=\"r:20,20,20,8;l:20,20,20,8;\"\n\t\t\t\t\t\t\t\tdata-frame_999=\"o:0;st:w;\"\n\t\t\t\t\t\t\t\tdata-frame_hover=\"c:#000;bgc:#fff;bor:0px,0px,0px,0px;sp:200;e:power1.inOut;\"\n\t\t\t\t\t\t\t\tstyle=\"z-index:7;background-color:#9a9c71;font-family:'Roboto';\"\n\t\t\t\t\t\t\t>Saiba mais \n\t\t\t\t\t\t\t<\/rs-layer><!--\n\n\t\t\t\t\t\t\t--><rs-layer\n\t\t\t\t\t\t\t\tid=\"slider-14-slide-41-layer-4\" \n\t\t\t\t\t\t\t\tdata-type=\"text\"\n\t\t\t\t\t\t\t\tdata-rsp_ch=\"on\"\n\t\t\t\t\t\t\t\tdata-xy=\"x:c;y:b;yo:130px,130px,130px,100px;\"\n\t\t\t\t\t\t\t\tdata-text=\"w:normal;s:80,80,80,30;l:80,80,80,30;fw:700;\"\n\t\t\t\t\t\t\t\tdata-tst=\"c:#000000;\"\n\t\t\t\t\t\t\t\tdata-basealign=\"slide\"\n\t\t\t\t\t\t\t\tdata-frame_0=\"blu:10px;\"\n\t\t\t\t\t\t\t\tdata-frame_0_chars=\"d:5;o:0;\"\n\t\t\t\t\t\t\t\tdata-frame_1=\"sp:1100;\"\n\t\t\t\t\t\t\t\tdata-frame_1_chars=\"dir:random;d:5;\"\n\t\t\t\t\t\t\t\tdata-frame_999=\"o:0;st:w;\"\n\t\t\t\t\t\t\t\tstyle=\"z-index:6;font-family:'Roboto';text-transform:uppercase;\"\n\t\t\t\t\t\t\t>Ozonoterapia \n\t\t\t\t\t\t\t<\/rs-layer><!--\n-->\t\t\t\t\t<\/rs-slide>\n\t\t\t\t\t\t<rs-slide style=\"position: absolute;\" data-key=\"rs-43\" data-title=\"analises clinicas\" data-thumb=\"\/\/pilaresdasaude.pt\/wp-content\/uploads\/2024\/07\/an-lises-cl\u00a1nicas-50x100.jpg\" data-link=\"\/\/lime-barracuda-517323.hostingersite.com\/enfermagem\/analises-clinicas\/\" data-tag=\"l\" data-target=\"_self\" data-seoz=\"front\" data-anim=\"e:slidingoverlay;ms:1500ms;\" data-in=\"o:1;x:(100%);\" data-out=\"a:false;\">\n\t\t\t\t\t\t\t<img decoding=\"async\" src=\"\/\/pilaresdasaude.pt\/wp-content\/plugins\/revslider\/sr6\/assets\/assets\/dummy.png\" alt=\"\" title=\"an-lises-cl\u00a1nicas\" width=\"1240\" height=\"900\" class=\"rev-slidebg tp-rs-img rs-lazyload\" data-lazyload=\"\/\/pilaresdasaude.pt\/wp-content\/uploads\/2024\/07\/an-lises-cl\u00a1nicas.jpg\" data-no-retina>\n<!--\n\t\t\t\t\t\t\t--><rs-layer\n\t\t\t\t\t\t\t\tid=\"slider-14-slide-43-layer-0\" \n\t\t\t\t\t\t\t\tclass=\"rev-btn\"\n\t\t\t\t\t\t\t\tdata-type=\"button\"\n\t\t\t\t\t\t\t\tdata-rsp_ch=\"on\"\n\t\t\t\t\t\t\t\tdata-xy=\"x:c;y:b;yo:55px,55px,55px,20px;\"\n\t\t\t\t\t\t\t\tdata-text=\"w:normal;s:20,20,20,20;l:50,50,50,25;fw:500;\"\n\t\t\t\t\t\t\t\tdata-dim=\"minh:0px,0px,0px,none;\"\n\t\t\t\t\t\t\t\tdata-padding=\"r:20,20,20,8;l:20,20,20,8;\"\n\t\t\t\t\t\t\t\tdata-frame_999=\"o:0;st:w;\"\n\t\t\t\t\t\t\t\tdata-frame_hover=\"c:#000;bgc:#fff;bor:0px,0px,0px,0px;sp:200;e:power1.inOut;\"\n\t\t\t\t\t\t\t\tstyle=\"z-index:7;background-color:#9a9c71;font-family:'Roboto';\"\n\t\t\t\t\t\t\t>Saiba mais \n\t\t\t\t\t\t\t<\/rs-layer><!--\n\n\t\t\t\t\t\t\t--><rs-layer\n\t\t\t\t\t\t\t\tid=\"slider-14-slide-43-layer-4\" \n\t\t\t\t\t\t\t\tdata-type=\"text\"\n\t\t\t\t\t\t\t\tdata-rsp_ch=\"on\"\n\t\t\t\t\t\t\t\tdata-xy=\"x:c;y:b;yo:130px,130px,130px,100px;\"\n\t\t\t\t\t\t\t\tdata-text=\"w:normal;s:80,80,80,30;l:80,80,80,30;fw:700;\"\n\t\t\t\t\t\t\t\tdata-tst=\"c:#000000;\"\n\t\t\t\t\t\t\t\tdata-basealign=\"slide\"\n\t\t\t\t\t\t\t\tdata-frame_0=\"blu:10px;\"\n\t\t\t\t\t\t\t\tdata-frame_0_chars=\"d:5;o:0;\"\n\t\t\t\t\t\t\t\tdata-frame_1=\"sp:1100;\"\n\t\t\t\t\t\t\t\tdata-frame_1_chars=\"dir:random;d:5;\"\n\t\t\t\t\t\t\t\tdata-frame_999=\"o:0;st:w;\"\n\t\t\t\t\t\t\t\tstyle=\"z-index:6;font-family:'Roboto';text-transform:uppercase;\"\n\t\t\t\t\t\t\t>An\u00e1lises cl\u00ednicas \n\t\t\t\t\t\t\t<\/rs-layer><!--\n-->\t\t\t\t\t<\/rs-slide>\n\t\t\t\t\t\t<rs-slide style=\"position: absolute;\" data-key=\"rs-45\" data-title=\"terapias endovenosas\" data-thumb=\"\/\/pilaresdasaude.pt\/wp-content\/uploads\/2024\/07\/IMG_5020-scaled-50x100.jpg\" data-link=\"\/\/lime-barracuda-517323.hostingersite.com\/enfermagem\/terapias-endovenosas\/\" data-tag=\"l\" data-target=\"_self\" data-seoz=\"front\" data-anim=\"e:slidingoverlay;ms:1500ms;\" data-in=\"o:1;x:(100%);\" data-out=\"a:false;\">\n\t\t\t\t\t\t\t<img decoding=\"async\" src=\"\/\/pilaresdasaude.pt\/wp-content\/plugins\/revslider\/sr6\/assets\/assets\/dummy.png\" alt=\"\" title=\"IMG_5020\" width=\"1707\" height=\"2560\" class=\"rev-slidebg tp-rs-img rs-lazyload\" data-lazyload=\"\/\/pilaresdasaude.pt\/wp-content\/uploads\/2024\/07\/IMG_5020-scaled.jpg\" data-no-retina>\n<!--\n\t\t\t\t\t\t\t--><rs-layer\n\t\t\t\t\t\t\t\tid=\"slider-14-slide-45-layer-0\" \n\t\t\t\t\t\t\t\tclass=\"rev-btn\"\n\t\t\t\t\t\t\t\tdata-type=\"button\"\n\t\t\t\t\t\t\t\tdata-rsp_ch=\"on\"\n\t\t\t\t\t\t\t\tdata-xy=\"x:c;y:b;yo:55px,55px,55px,20px;\"\n\t\t\t\t\t\t\t\tdata-text=\"w:normal;s:20,20,20,20;l:50,50,50,25;fw:500;\"\n\t\t\t\t\t\t\t\tdata-dim=\"minh:0px,0px,0px,none;\"\n\t\t\t\t\t\t\t\tdata-padding=\"r:20,20,20,8;l:20,20,20,8;\"\n\t\t\t\t\t\t\t\tdata-frame_999=\"o:0;st:w;\"\n\t\t\t\t\t\t\t\tdata-frame_hover=\"c:#000;bgc:#fff;bor:0px,0px,0px,0px;sp:200;e:power1.inOut;\"\n\t\t\t\t\t\t\t\tstyle=\"z-index:7;background-color:#9a9c71;font-family:'Roboto';\"\n\t\t\t\t\t\t\t>Saiba mais \n\t\t\t\t\t\t\t<\/rs-layer><!--\n\n\t\t\t\t\t\t\t--><rs-layer\n\t\t\t\t\t\t\t\tid=\"slider-14-slide-45-layer-4\" \n\t\t\t\t\t\t\t\tdata-type=\"text\"\n\t\t\t\t\t\t\t\tdata-rsp_ch=\"on\"\n\t\t\t\t\t\t\t\tdata-xy=\"x:c;y:b;yo:130px,130px,130px,100px;\"\n\t\t\t\t\t\t\t\tdata-text=\"w:normal;s:80,80,80,30;l:80,80,80,30;fw:700;a:center;\"\n\t\t\t\t\t\t\t\tdata-tst=\"c:#000000;\"\n\t\t\t\t\t\t\t\tdata-basealign=\"slide\"\n\t\t\t\t\t\t\t\tdata-frame_0=\"blu:10px;\"\n\t\t\t\t\t\t\t\tdata-frame_0_chars=\"d:5;o:0;\"\n\t\t\t\t\t\t\t\tdata-frame_1=\"sp:1100;\"\n\t\t\t\t\t\t\t\tdata-frame_1_chars=\"dir:random;d:5;\"\n\t\t\t\t\t\t\t\tdata-frame_999=\"o:0;st:w;\"\n\t\t\t\t\t\t\t\tstyle=\"z-index:6;font-family:'Roboto';text-transform:uppercase;\"\n\t\t\t\t\t\t\t>Terapias endovenosas \n\t\t\t\t\t\t\t<\/rs-layer><!--\n-->\t\t\t\t\t<\/rs-slide>\n\t\t\t\t\t\t<rs-slide style=\"position: absolute;\" data-key=\"rs-47\" data-title=\"preenchimento\" data-thumb=\"\/\/pilaresdasaude.pt\/wp-content\/uploads\/2023\/11\/Preenchimento-50x100.png\" data-link=\"\/\/lime-barracuda-517323.hostingersite.com\/medicina-estetica-2\/preenchimentos\/\" data-tag=\"l\" data-target=\"_self\" data-seoz=\"front\" data-anim=\"e:slidingoverlay;ms:1500ms;\" data-in=\"o:1;x:(100%);\" data-out=\"a:false;\">\n\t\t\t\t\t\t\t<img decoding=\"async\" src=\"\/\/pilaresdasaude.pt\/wp-content\/plugins\/revslider\/sr6\/assets\/assets\/dummy.png\" alt=\"\" title=\"Preenchimento\" width=\"1240\" height=\"900\" class=\"rev-slidebg tp-rs-img rs-lazyload\" data-lazyload=\"\/\/pilaresdasaude.pt\/wp-content\/uploads\/2023\/11\/Preenchimento.png\" data-no-retina>\n<!--\n\t\t\t\t\t\t\t--><rs-layer\n\t\t\t\t\t\t\t\tid=\"slider-14-slide-47-layer-0\" \n\t\t\t\t\t\t\t\tclass=\"rev-btn\"\n\t\t\t\t\t\t\t\tdata-type=\"button\"\n\t\t\t\t\t\t\t\tdata-rsp_ch=\"on\"\n\t\t\t\t\t\t\t\tdata-xy=\"x:c;y:b;yo:55px,55px,55px,20px;\"\n\t\t\t\t\t\t\t\tdata-text=\"w:normal;s:20,20,20,20;l:50,50,50,25;fw:500;\"\n\t\t\t\t\t\t\t\tdata-dim=\"minh:0px,0px,0px,none;\"\n\t\t\t\t\t\t\t\tdata-padding=\"r:20,20,20,8;l:20,20,20,8;\"\n\t\t\t\t\t\t\t\tdata-frame_999=\"o:0;st:w;\"\n\t\t\t\t\t\t\t\tdata-frame_hover=\"c:#000;bgc:#fff;bor:0px,0px,0px,0px;sp:200;e:power1.inOut;\"\n\t\t\t\t\t\t\t\tstyle=\"z-index:7;background-color:#9a9c71;font-family:'Roboto';\"\n\t\t\t\t\t\t\t>M\u00e1s informaci\u00f3n \n\t\t\t\t\t\t\t<\/rs-layer><!--\n\n\t\t\t\t\t\t\t--><rs-layer\n\t\t\t\t\t\t\t\tid=\"slider-14-slide-47-layer-4\" \n\t\t\t\t\t\t\t\tdata-type=\"text\"\n\t\t\t\t\t\t\t\tdata-rsp_ch=\"on\"\n\t\t\t\t\t\t\t\tdata-xy=\"x:c;y:b;yo:130px,130px,130px,100px;\"\n\t\t\t\t\t\t\t\tdata-text=\"w:normal;s:80,80,80,30;l:80,80,80,30;fw:700;\"\n\t\t\t\t\t\t\t\tdata-basealign=\"slide\"\n\t\t\t\t\t\t\t\tdata-frame_0=\"blu:10px;\"\n\t\t\t\t\t\t\t\tdata-frame_0_chars=\"d:5;o:0;\"\n\t\t\t\t\t\t\t\tdata-frame_1=\"sp:1100;\"\n\t\t\t\t\t\t\t\tdata-frame_1_chars=\"dir:random;d:5;\"\n\t\t\t\t\t\t\t\tdata-frame_999=\"o:0;st:w;\"\n\t\t\t\t\t\t\t\tstyle=\"z-index:6;font-family:'Roboto';text-transform:uppercase;\"\n\t\t\t\t\t\t\t>Rellenos faciales \n\t\t\t\t\t\t\t<\/rs-layer><!--\n-->\t\t\t\t\t<\/rs-slide>\n\t\t\t\t\t<\/rs-slides>\n\t\t\t\t\t<rs-static-layers><!--\n\n\t\t\t\t\t\t\t--><rs-layer\n\t\t\t\t\t\t\t\tid=\"slider-14-slide-14-layer-1\" \n\t\t\t\t\t\t\t\tclass=\"rs-layer-static\"\n\t\t\t\t\t\t\t\tdata-type=\"text\"\n\t\t\t\t\t\t\t\tdata-color=\"#9a9c71\"\n\t\t\t\t\t\t\t\tdata-rsp_ch=\"on\"\n\t\t\t\t\t\t\t\tdata-xy=\"x:c;y:b;yo:30px,30px,30px,11px;\"\n\t\t\t\t\t\t\t\tdata-text=\"w:normal;s:150,150,150,57;l:150,150,150,57;ls:-5px,-5px,-5px,-1px;\"\n\t\t\t\t\t\t\t\tdata-basealign=\"slide\"\n\t\t\t\t\t\t\t\tdata-onslides=\"s:1;\"\n\t\t\t\t\t\t\t\tdata-padding=\"r:40,40,40,15;l:40,40,40,15;\"\n\t\t\t\t\t\t\t\tdata-frame_999=\"o:0;st:w;\"\n\t\t\t\t\t\t\t\tstyle=\"z-index:5;font-family:'Mr Dafoe';background:-webkit-linear-gradient(#ff1f47, #c31f7a);-webkit-background-clip:text;-webkit-text-fill-color:transparent;\"\n\t\t\t\t\t\t\t> \n\t\t\t\t\t\t\t<\/rs-layer><!--\n\t\t\t\t\t--><\/rs-static-layers>\n\t\t\t\t<\/rs-module>\n\t\t\t\t<script>\n\t\t\t\t\tsetREVStartSize({c: 'rev_slider_14_1',rl:[1240,1240,1240,480],el:[900,900,900,720],gw:[1240,1240,1240,480],gh:[900,900,900,720],type:'standard',justify:'',layout:'fullscreen',offsetContainer:'',offset:'',mh:\"0\"});if (window.RS_MODULES!==undefined && window.RS_MODULES.modules!==undefined && window.RS_MODULES.modules[\"revslider141\"]!==undefined) {window.RS_MODULES.modules[\"revslider141\"].once = false;window.revapi14 = undefined;if (window.RS_MODULES.checkMinimal!==undefined) window.RS_MODULES.checkMinimal()}\n\t\t\t\t<\/script>\n\t\t\t<\/rs-module-wrap>\n\t\t\t<!-- END REVOLUTION SLIDER -->\n<\/div>\n\n\t\t\t\t\t\t<\/div>\n\t\t\t\t<\/div>\n\t\t\t\t\t<\/div>\n\t\t<\/div>\n\t\t\t\t\t<\/div>\n\t\t<\/section>\n\t\t\t\t<section class=\"wd-negative-gap elementor-section elementor-top-section elementor-element elementor-element-4c377f6e elementor-reverse-mobile elementor-section-boxed elementor-section-height-default elementor-section-height-default\" data-id=\"4c377f6e\" data-element_type=\"section\" data-e-type=\"section\" data-settings=\"{&quot;ekit_has_onepagescroll_dot&quot;:&quot;yes&quot;}\">\n\t\t\t\t\t\t<div class=\"elementor-container elementor-column-gap-extended\">\n\t\t\t\t\t<div class=\"elementor-column elementor-col-33 elementor-top-column elementor-element elementor-element-59181c1\" data-id=\"59181c1\" data-element_type=\"column\" data-e-type=\"column\" data-settings=\"{&quot;background_background&quot;:&quot;classic&quot;,&quot;background_motion_fx_motion_fx_scrolling&quot;:&quot;yes&quot;,&quot;background_motion_fx_opacity_effect&quot;:&quot;yes&quot;,&quot;motion_fx_motion_fx_scrolling&quot;:&quot;yes&quot;,&quot;background_motion_fx_opacity_direction&quot;:&quot;out-in&quot;,&quot;background_motion_fx_opacity_level&quot;:{&quot;unit&quot;:&quot;px&quot;,&quot;size&quot;:10,&quot;sizes&quot;:[]},&quot;background_motion_fx_opacity_range&quot;:{&quot;unit&quot;:&quot;%&quot;,&quot;size&quot;:&quot;&quot;,&quot;sizes&quot;:{&quot;start&quot;:20,&quot;end&quot;:80}},&quot;background_motion_fx_devices&quot;:[&quot;desktop&quot;,&quot;tablet&quot;,&quot;mobile&quot;],&quot;motion_fx_devices&quot;:[&quot;desktop&quot;,&quot;tablet&quot;,&quot;mobile&quot;]}\">\n\t\t\t<div class=\"elementor-widget-wrap elementor-element-populated\">\n\t\t\t\t\t\t<div class=\"elementor-element elementor-element-4c5b55bc elementor-widget elementor-widget-wd_image_or_svg\" data-id=\"4c5b55bc\" data-element_type=\"widget\" data-e-type=\"widget\" data-settings=\"{&quot;motion_fx_motion_fx_scrolling&quot;:&quot;yes&quot;,&quot;motion_fx_opacity_effect&quot;:&quot;yes&quot;,&quot;motion_fx_opacity_range&quot;:{&quot;unit&quot;:&quot;%&quot;,&quot;size&quot;:&quot;&quot;,&quot;sizes&quot;:{&quot;start&quot;:15,&quot;end&quot;:84}},&quot;ekit_we_effect_on&quot;:&quot;none&quot;,&quot;motion_fx_opacity_direction&quot;:&quot;out-in&quot;,&quot;motion_fx_opacity_level&quot;:{&quot;unit&quot;:&quot;px&quot;,&quot;size&quot;:10,&quot;sizes&quot;:[]},&quot;motion_fx_devices&quot;:[&quot;desktop&quot;,&quot;tablet&quot;,&quot;mobile&quot;]}\" data-widget_type=\"wd_image_or_svg.default\">\n\t\t\t\t<div class=\"elementor-widget-container\">\n\t\t\t\t\t\n\t\t<div class=\"wd-image text-center\">\n\t\t\t\t\t\t\t\t<img loading=\"lazy\" decoding=\"async\" width=\"819\" height=\"1024\" src=\"https:\/\/pilaresdasaude.pt\/wp-content\/uploads\/2023\/08\/dra-andreia-monteiro-3.png\" class=\"attachment-full size-full\" alt=\"\" srcset=\"https:\/\/pilaresdasaude.pt\/wp-content\/uploads\/2023\/08\/dra-andreia-monteiro-3.png 819w, https:\/\/pilaresdasaude.pt\/wp-content\/uploads\/2023\/08\/dra-andreia-monteiro-3-430x538.png 430w, https:\/\/pilaresdasaude.pt\/wp-content\/uploads\/2023\/08\/dra-andreia-monteiro-3-150x188.png 150w, https:\/\/pilaresdasaude.pt\/wp-content\/uploads\/2023\/08\/dra-andreia-monteiro-3-700x875.png 700w, https:\/\/pilaresdasaude.pt\/wp-content\/uploads\/2023\/08\/dra-andreia-monteiro-3-240x300.png 240w, https:\/\/pilaresdasaude.pt\/wp-content\/uploads\/2023\/08\/dra-andreia-monteiro-3-640x800.png 640w, https:\/\/pilaresdasaude.pt\/wp-content\/uploads\/2023\/08\/dra-andreia-monteiro-3-768x960.png 768w\" sizes=\"auto, (max-width: 819px) 100vw, 819px\" \/>\t\t\t\t\t<\/div>\n\n\t\t\t\t\t\t<\/div>\n\t\t\t\t<\/div>\n\t\t\t\t\t<\/div>\n\t\t<\/div>\n\t\t\t\t<div class=\"elementor-column elementor-col-66 elementor-top-column elementor-element elementor-element-33733b67\" data-id=\"33733b67\" data-element_type=\"column\" data-e-type=\"column\">\n\t\t\t<div class=\"elementor-widget-wrap elementor-element-populated\">\n\t\t\t\t\t\t<div class=\"elementor-element elementor-element-124fc743 wd-width-100 elementor-widget elementor-widget-wd_title\" data-id=\"124fc743\" data-element_type=\"widget\" data-e-type=\"widget\" data-settings=\"{&quot;ekit_we_effect_on&quot;:&quot;none&quot;}\" data-widget_type=\"wd_title.default\">\n\t\t\t\t<div class=\"elementor-widget-container\">\n\t\t\t\t\t\t\t<div class=\"title-wrapper wd-set-mb reset-last-child wd-title-color-primary wd-title-style-default wd-title-size-default text-left\">\n\n\t\t\t\n\t\t\t<div class=\"liner-continer\">\n\t\t\t\t<h4 class=\"woodmart-title-container title wd-fontsize-l\">ANDREIA MONTEIRO<\/h4> \n\t\t\t\t\t\t\t<\/div>\n\n\t\t\t\t\t\t\t<div class=\"title-after_title reset-last-child wd-fontsize-xs\">\n\t\t\t\t\t<p>Soy m\u00e9dico especialista en inmunohemoterapia y formaci\u00f3n sanitaria. Verdadera apasionada de la medicina personalizada, la medicina est\u00e9tica y nutricional, la formaci\u00f3n y la calidad de vida. Fund\u00e9 Pilares de la Salud porque creo que la salud es mucho m\u00e1s que la ausencia de enfermedad. La salud es un estado de bienestar f\u00edsico, psicoemocional, nutricional y social.<\/p>\t\t\t\t<\/div>\n\t\t\t\t\t<\/div>\n\t\t\t\t\t\t<\/div>\n\t\t\t\t<\/div>\n\t\t\t\t<div class=\"elementor-element elementor-element-6ba6f0a9 elementor-hidden-tablet elementor-hidden-mobile elementor-widget elementor-widget-wd_image_or_svg\" data-id=\"6ba6f0a9\" data-element_type=\"widget\" data-e-type=\"widget\" data-settings=\"{&quot;ekit_we_effect_on&quot;:&quot;none&quot;}\" data-widget_type=\"wd_image_or_svg.default\">\n\t\t\t\t<div class=\"elementor-widget-container\">\n\t\t\t\t\t\n\t\t<div class=\"wd-image text-center\">\n\t\t\t\t\t\t\t\t<img loading=\"lazy\" decoding=\"async\" width=\"200\" height=\"120\" src=\"https:\/\/pilaresdasaude.pt\/wp-content\/uploads\/2023\/04\/Rubrica-Dr.a-Andreia-CINZA-2-200x120.png\" class=\"attachment-200x120 size-200x120\" alt=\"\" \/>\t\t\t\t\t<\/div>\n\n\t\t\t\t\t\t<\/div>\n\t\t\t\t<\/div>\n\t\t\t\t\t<\/div>\n\t\t<\/div>\n\t\t\t\t\t<\/div>\n\t\t<\/section>\n\t\t\t\t<section class=\"wd-negative-gap elementor-section elementor-top-section elementor-element elementor-element-1bc9ba1e wd-section-stretch elementor-section-content-middle elementor-section-boxed elementor-section-height-default elementor-section-height-default\" data-id=\"1bc9ba1e\" data-element_type=\"section\" data-e-type=\"section\" data-settings=\"{&quot;background_background&quot;:&quot;gradient&quot;,&quot;shape_divider_top&quot;:&quot;wd_sweet_wave&quot;,&quot;shape_divider_bottom&quot;:&quot;wd_sweet_wave&quot;,&quot;ekit_has_onepagescroll_dot&quot;:&quot;yes&quot;}\">\n\t\t\t\t\t<div class=\"elementor-shape elementor-shape-top\" aria-hidden=\"true\" data-negative=\"false\">\n\t\t\t<svg width=\"100%\" height=\"50px\" viewBox=\"0 0 1920 80\" xmlns=\"http:\/\/www.w3.org\/2000\/svg\" class=\"wd-divider\" preserveAspectRatio=\"none\">\n<path class=\"elementor-shape-fill\" d=\"M1920,60s-169.5,20-510,20S850.5,20,510,20,0,60,0,60V0H1920Z\" \/>\n<\/svg>\n\t\t<\/div>\n\t\t\t\t<div class=\"elementor-shape elementor-shape-bottom\" aria-hidden=\"true\" data-negative=\"false\">\n\t\t\t<svg width=\"100%\" height=\"50px\" viewBox=\"0 0 1920 80\" xmlns=\"http:\/\/www.w3.org\/2000\/svg\" class=\"wd-divider\" preserveAspectRatio=\"none\">\n<path class=\"elementor-shape-fill\" d=\"M1920,60s-169.5,20-510,20S850.5,20,510,20,0,60,0,60V0H1920Z\" \/>\n<\/svg>\n\t\t<\/div>\n\t\t\t\t\t<div class=\"elementor-container elementor-column-gap-default\">\n\t\t\t\t\t<div class=\"elementor-column elementor-col-50 elementor-top-column elementor-element elementor-element-34ee6ae7\" data-id=\"34ee6ae7\" data-element_type=\"column\" data-e-type=\"column\">\n\t\t\t<div class=\"elementor-widget-wrap elementor-element-populated\">\n\t\t\t\t\t\t<div class=\"elementor-element elementor-element-665dc2b elementor-widget elementor-widget-wd_image_or_svg\" data-id=\"665dc2b\" data-element_type=\"widget\" data-e-type=\"widget\" data-settings=\"{&quot;ekit_we_effect_on&quot;:&quot;none&quot;}\" data-widget_type=\"wd_image_or_svg.default\">\n\t\t\t\t<div class=\"elementor-widget-container\">\n\t\t\t\t\t\n\t\t<div class=\"wd-image text-left\">\n\t\t\t\t\t\t\t\t<img loading=\"lazy\" decoding=\"async\" width=\"1920\" height=\"1280\" src=\"https:\/\/pilaresdasaude.pt\/wp-content\/uploads\/2023\/10\/Enfermagem.png\" class=\"attachment-full size-full\" alt=\"\" srcset=\"https:\/\/pilaresdasaude.pt\/wp-content\/uploads\/2023\/10\/Enfermagem.png 1920w, https:\/\/pilaresdasaude.pt\/wp-content\/uploads\/2023\/10\/Enfermagem-430x287.png 430w, https:\/\/pilaresdasaude.pt\/wp-content\/uploads\/2023\/10\/Enfermagem-150x100.png 150w, https:\/\/pilaresdasaude.pt\/wp-content\/uploads\/2023\/10\/Enfermagem-700x467.png 700w, https:\/\/pilaresdasaude.pt\/wp-content\/uploads\/2023\/10\/Enfermagem-400x267.png 400w, https:\/\/pilaresdasaude.pt\/wp-content\/uploads\/2023\/10\/Enfermagem-1200x800.png 1200w, https:\/\/pilaresdasaude.pt\/wp-content\/uploads\/2023\/10\/Enfermagem-768x512.png 768w, https:\/\/pilaresdasaude.pt\/wp-content\/uploads\/2023\/10\/Enfermagem-1536x1024.png 1536w, https:\/\/pilaresdasaude.pt\/wp-content\/uploads\/2023\/10\/Enfermagem-860x573.png 860w\" sizes=\"auto, (max-width: 1920px) 100vw, 1920px\" \/>\t\t\t\t\t<\/div>\n\n\t\t\t\t\t\t<\/div>\n\t\t\t\t<\/div>\n\t\t\t\t\t<\/div>\n\t\t<\/div>\n\t\t\t\t<div class=\"elementor-column elementor-col-50 elementor-top-column elementor-element elementor-element-ab7035f\" data-id=\"ab7035f\" data-element_type=\"column\" data-e-type=\"column\">\n\t\t\t<div class=\"elementor-widget-wrap elementor-element-populated\">\n\t\t\t\t\t\t<div class=\"elementor-element elementor-element-363e06e9 wd-width-100 elementor-widget elementor-widget-wd_title\" data-id=\"363e06e9\" data-element_type=\"widget\" data-e-type=\"widget\" data-settings=\"{&quot;ekit_we_effect_on&quot;:&quot;none&quot;}\" data-widget_type=\"wd_title.default\">\n\t\t\t\t<div class=\"elementor-widget-container\">\n\t\t\t\t\t\t\t<div class=\"title-wrapper wd-set-mb reset-last-child wd-title-color-primary wd-title-style-default wd-title-size-large text-left\">\n\n\t\t\t\t\t\t\t\t\t\t\t<div class=\"title-subtitle subtitle-color-primary subtitle-style-default wd-fontsize-xs\">\n\t\t\t\t\tAn\u00e1lisis cl\u00ednicos\t\t\t\t<\/div>\n\t\t\t\n\t\t\t<div class=\"liner-continer\">\n\t\t\t\t<h4 class=\"woodmart-title-container title wd-fontsize-xxl\">Diagn\u00f3stico m\u00e9dico de precisi\u00f3n para tu salud y bienestar<\/h4> \n\t\t\t\t\t\t\t<\/div>\n\n\t\t\t\t\t\t\t<div class=\"title-after_title reset-last-child wd-fontsize-s\">\n\t\t\t\t\t<p>Vamos m\u00e1s all\u00e1 del cuidado cosm\u00e9tico. Nuestra asociaci\u00f3n con Synlab, l\u00edder del mercado en servicios de diagn\u00f3stico cl\u00ednico, refuerza nuestro compromiso con las distintas etapas de tu salud. Con una amplia gama de pruebas y an\u00e1lisis, te ofrecemos una atenci\u00f3n m\u00e9dica completa para garantizar tu bienestar.<\/p>\t\t\t\t<\/div>\n\t\t\t\t\t<\/div>\n\t\t\t\t\t\t<\/div>\n\t\t\t\t<\/div>\n\t\t\t\t<div class=\"elementor-element elementor-element-23061053 elementor-hidden-desktop elementor-hidden-tablet elementor-hidden-mobile elementor-widget elementor-widget-progress\" data-id=\"23061053\" data-element_type=\"widget\" data-e-type=\"widget\" data-settings=\"{&quot;ekit_we_effect_on&quot;:&quot;none&quot;}\" data-widget_type=\"progress.default\">\n\t\t\t\t<div class=\"elementor-widget-container\">\n\t\t\t\t\t\n\t\t<div class=\"elementor-progress-wrapper\" role=\"progressbar\" aria-valuemin=\"0\" aria-valuemax=\"100\" aria-valuenow=\"67\" aria-valuetext=\"67% (Revisiones)\">\n\t\t\t<div class=\"elementor-progress-bar\" data-max=\"67\">\n\t\t\t\t<span class=\"elementor-progress-text\">Revisiones<\/span>\n\t\t\t\t\t\t\t<\/div>\n\t\t<\/div>\n\t\t\t\t\t\t<\/div>\n\t\t\t\t<\/div>\n\t\t\t\t<div class=\"elementor-element elementor-element-35e9890a elementor-hidden-desktop elementor-hidden-tablet elementor-hidden-mobile elementor-widget elementor-widget-progress\" data-id=\"35e9890a\" data-element_type=\"widget\" data-e-type=\"widget\" data-settings=\"{&quot;ekit_we_effect_on&quot;:&quot;none&quot;}\" data-widget_type=\"progress.default\">\n\t\t\t\t<div class=\"elementor-widget-container\">\n\t\t\t\t\t\n\t\t<div class=\"elementor-progress-wrapper\" role=\"progressbar\" aria-valuemin=\"0\" aria-valuemax=\"100\" aria-valuenow=\"89\" aria-valuetext=\"89% (Hormonas)\">\n\t\t\t<div class=\"elementor-progress-bar\" data-max=\"89\">\n\t\t\t\t<span class=\"elementor-progress-text\">Hormonas<\/span>\n\t\t\t\t\t\t\t<\/div>\n\t\t<\/div>\n\t\t\t\t\t\t<\/div>\n\t\t\t\t<\/div>\n\t\t\t\t<div class=\"elementor-element elementor-element-1b3357e7 elementor-hidden-desktop elementor-hidden-tablet elementor-hidden-mobile elementor-widget elementor-widget-progress\" data-id=\"1b3357e7\" data-element_type=\"widget\" data-e-type=\"widget\" data-settings=\"{&quot;ekit_we_effect_on&quot;:&quot;none&quot;}\" data-widget_type=\"progress.default\">\n\t\t\t\t<div class=\"elementor-widget-container\">\n\t\t\t\t\t\n\t\t<div class=\"elementor-progress-wrapper\" role=\"progressbar\" aria-valuemin=\"0\" aria-valuemax=\"100\" aria-valuenow=\"75\" aria-valuetext=\"75% (Inmunolog\u00eda)\">\n\t\t\t<div class=\"elementor-progress-bar\" data-max=\"75\">\n\t\t\t\t<span class=\"elementor-progress-text\">Inmunolog\u00eda<\/span>\n\t\t\t\t\t\t\t<\/div>\n\t\t<\/div>\n\t\t\t\t\t\t<\/div>\n\t\t\t\t<\/div>\n\t\t\t\t\t<\/div>\n\t\t<\/div>\n\t\t\t\t\t<\/div>\n\t\t<\/section>\n\t\t\t\t<section class=\"wd-negative-gap elementor-section elementor-top-section elementor-element elementor-element-42489abd wd-section-stretch elementor-hidden-desktop elementor-hidden-tablet elementor-hidden-mobile elementor-section-boxed elementor-section-height-default elementor-section-height-default\" data-id=\"42489abd\" data-element_type=\"section\" data-e-type=\"section\" data-settings=\"{&quot;background_background&quot;:&quot;classic&quot;,&quot;ekit_has_onepagescroll_dot&quot;:&quot;yes&quot;}\">\n\t\t\t\t\t\t<div class=\"elementor-container elementor-column-gap-default\">\n\t\t\t\t\t<div class=\"elementor-column elementor-col-100 elementor-top-column elementor-element elementor-element-52798ba8\" data-id=\"52798ba8\" data-element_type=\"column\" data-e-type=\"column\">\n\t\t\t<div class=\"elementor-widget-wrap elementor-element-populated\">\n\t\t\t\t\t\t<section class=\"wd-negative-gap elementor-section elementor-inner-section elementor-element elementor-element-4c18d0c5 elementor-section-boxed elementor-section-height-default elementor-section-height-default\" data-id=\"4c18d0c5\" data-element_type=\"section\" data-e-type=\"section\" data-settings=\"{&quot;ekit_has_onepagescroll_dot&quot;:&quot;yes&quot;}\">\n\t\t\t\t\t\t<div class=\"elementor-container elementor-column-gap-default\">\n\t\t\t\t\t<div class=\"elementor-column elementor-col-100 elementor-inner-column elementor-element elementor-element-70fca08c\" data-id=\"70fca08c\" data-element_type=\"column\" data-e-type=\"column\">\n\t\t\t<div class=\"elementor-widget-wrap elementor-element-populated\">\n\t\t\t\t\t\t<div class=\"elementor-element elementor-element-ac17193 elementor-widget__width-auto wd-width-100 elementor-widget elementor-widget-wd_title\" data-id=\"ac17193\" data-element_type=\"widget\" data-e-type=\"widget\" data-settings=\"{&quot;ekit_we_effect_on&quot;:&quot;none&quot;}\" data-widget_type=\"wd_title.default\">\n\t\t\t\t<div class=\"elementor-widget-container\">\n\t\t\t\t\t\t\t<div class=\"title-wrapper wd-set-mb reset-last-child wd-title-color-default wd-title-style-default wd-title-size-large text-left\">\n\n\t\t\t\n\t\t\t<div class=\"liner-continer\">\n\t\t\t\t<h4 class=\"woodmart-title-container title wd-fontsize-xxl\">Tienda<\/h4> \n\t\t\t\t\t\t\t<\/div>\n\n\t\t\t\t\t<\/div>\n\t\t\t\t\t\t<\/div>\n\t\t\t\t<\/div>\n\t\t\t\t<div class=\"elementor-element elementor-element-311f5b6c elementor-widget__width-auto elementor-hidden-phone elementor-widget elementor-widget-wd_button\" data-id=\"311f5b6c\" data-element_type=\"widget\" data-e-type=\"widget\" data-settings=\"{&quot;ekit_we_effect_on&quot;:&quot;none&quot;}\" data-widget_type=\"wd_button.default\">\n\t\t\t\t<div class=\"elementor-widget-container\">\n\t\t\t\t\t\t\t<div class=\"wd-button-wrapper text-right\" >\n\t\t\t<a class=\"btn btn-style-link btn-shape- btn-size-default btn-color-primary btn-icon-pos-right\"  href=\"#\">\n\t\t\t\t<span class=\"wd-btn-text\" data-elementor-setting-key=\"text\">\n\t\t\t\t\tvisita nuestra tienda\t\t\t\t<\/span>\n\n\t\t\t\t\t\t\t<\/a>\n\t\t<\/div>\n\t\t\t\t\t\t<\/div>\n\t\t\t\t<\/div>\n\t\t\t\t\t<\/div>\n\t\t<\/div>\n\t\t\t\t\t<\/div>\n\t\t<\/section>\n\t\t\t\t\t<\/div>\n\t\t<\/div>\n\t\t\t\t\t<\/div>\n\t\t<\/section>\n\t\t\t\t<section class=\"wd-negative-gap elementor-section elementor-top-section elementor-element elementor-element-66bc5cbd elementor-section-content-middle wd-section-stretch elementor-section-boxed elementor-section-height-default elementor-section-height-default\" data-id=\"66bc5cbd\" data-element_type=\"section\" data-e-type=\"section\" data-settings=\"{&quot;background_background&quot;:&quot;gradient&quot;,&quot;shape_divider_top&quot;:&quot;wd_sweet_wave&quot;,&quot;shape_divider_bottom&quot;:&quot;wd_sweet_wave&quot;,&quot;ekit_has_onepagescroll_dot&quot;:&quot;yes&quot;}\">\n\t\t\t\t\t<div class=\"elementor-shape elementor-shape-top\" aria-hidden=\"true\" data-negative=\"false\">\n\t\t\t<svg width=\"100%\" height=\"50px\" viewBox=\"0 0 1920 80\" xmlns=\"http:\/\/www.w3.org\/2000\/svg\" class=\"wd-divider\" preserveAspectRatio=\"none\">\n<path class=\"elementor-shape-fill\" d=\"M1920,60s-169.5,20-510,20S850.5,20,510,20,0,60,0,60V0H1920Z\" \/>\n<\/svg>\n\t\t<\/div>\n\t\t\t\t<div class=\"elementor-shape elementor-shape-bottom\" aria-hidden=\"true\" data-negative=\"false\">\n\t\t\t<svg width=\"100%\" height=\"50px\" viewBox=\"0 0 1920 80\" xmlns=\"http:\/\/www.w3.org\/2000\/svg\" class=\"wd-divider\" preserveAspectRatio=\"none\">\n<path class=\"elementor-shape-fill\" d=\"M1920,60s-169.5,20-510,20S850.5,20,510,20,0,60,0,60V0H1920Z\" \/>\n<\/svg>\n\t\t<\/div>\n\t\t\t\t\t<div class=\"elementor-container elementor-column-gap-default\">\n\t\t\t\t\t<div class=\"elementor-column elementor-col-100 elementor-top-column elementor-element elementor-element-48ab7d0d\" data-id=\"48ab7d0d\" data-element_type=\"column\" data-e-type=\"column\">\n\t\t\t<div class=\"elementor-widget-wrap elementor-element-populated\">\n\t\t\t\t\t\t<section class=\"wd-negative-gap elementor-section elementor-inner-section elementor-element elementor-element-b2c3ca6 elementor-section-boxed elementor-section-height-default elementor-section-height-default\" data-id=\"b2c3ca6\" data-element_type=\"section\" data-e-type=\"section\" data-settings=\"{&quot;ekit_has_onepagescroll_dot&quot;:&quot;yes&quot;}\">\n\t\t\t\t\t\t<div class=\"elementor-container elementor-column-gap-default\">\n\t\t\t\t\t<div class=\"elementor-column elementor-col-50 elementor-inner-column elementor-element elementor-element-8071238\" data-id=\"8071238\" data-element_type=\"column\" data-e-type=\"column\">\n\t\t\t<div class=\"elementor-widget-wrap elementor-element-populated\">\n\t\t\t\t\t\t<div class=\"elementor-element elementor-element-6f3c5d83 wd-width-100 elementor-widget elementor-widget-wd_title\" data-id=\"6f3c5d83\" data-element_type=\"widget\" data-e-type=\"widget\" data-settings=\"{&quot;ekit_we_effect_on&quot;:&quot;none&quot;}\" data-widget_type=\"wd_title.default\">\n\t\t\t\t<div class=\"elementor-widget-container\">\n\t\t\t\t\t\t\t<div class=\"title-wrapper wd-set-mb reset-last-child wd-title-color-primary wd-title-style-default wd-title-size-large text-left\">\n\n\t\t\t\t\t\t\t\t\t\t\t<div class=\"title-subtitle subtitle-color-primary subtitle-style-default wd-fontsize-xs\">\n\t\t\t\t\tMedicina est\u00e9tica\t\t\t\t<\/div>\n\t\t\t\n\t\t\t<div class=\"liner-continer\">\n\t\t\t\t<h4 class=\"woodmart-title-container title wd-fontsize-xxl\">Eleva tu autoestima y transforma tu vida con la medicina est\u00e9tica<\/h4> \n\t\t\t\t\t\t\t<\/div>\n\n\t\t\t\t\t\t\t<div class=\"title-after_title reset-last-child wd-fontsize-s\">\n\t\t\t\t\t<p>Entendemos que el bienestar emocional, social y mental est\u00e1 profundamente ligado a nuestro aspecto f\u00edsico. En Pilares de la Salud, te ofrecemos tratamientos innovadores de medicina est\u00e9tica que van m\u00e1s all\u00e1 de la restauraci\u00f3n y la remodelaci\u00f3n. Trabajamos para realzar tu belleza natural, mejorar tu autoestima y, en consecuencia, mejorar muchos aspectos de tu vida.<\/p>\t\t\t\t<\/div>\n\t\t\t\t\t<\/div>\n\t\t\t\t\t\t<\/div>\n\t\t\t\t<\/div>\n\t\t\t\t\t<\/div>\n\t\t<\/div>\n\t\t\t\t<div class=\"elementor-column elementor-col-50 elementor-inner-column elementor-element elementor-element-8d14448\" data-id=\"8d14448\" data-element_type=\"column\" data-e-type=\"column\">\n\t\t\t<div class=\"elementor-widget-wrap elementor-element-populated\">\n\t\t\t\t\t\t<div class=\"elementor-element elementor-element-cd41f55 elementor-widget elementor-widget-wd_image_or_svg\" data-id=\"cd41f55\" data-element_type=\"widget\" data-e-type=\"widget\" data-settings=\"{&quot;ekit_we_effect_on&quot;:&quot;none&quot;}\" data-widget_type=\"wd_image_or_svg.default\">\n\t\t\t\t<div class=\"elementor-widget-container\">\n\t\t\t\t\t\n\t\t<div class=\"wd-image text-left\">\n\t\t\t\t\t\t\t\t<img loading=\"lazy\" decoding=\"async\" width=\"1920\" height=\"1280\" src=\"https:\/\/pilaresdasaude.pt\/wp-content\/uploads\/2023\/10\/Estetica.png\" class=\"attachment-full size-full\" alt=\"\" srcset=\"https:\/\/pilaresdasaude.pt\/wp-content\/uploads\/2023\/10\/Estetica.png 1920w, https:\/\/pilaresdasaude.pt\/wp-content\/uploads\/2023\/10\/Estetica-430x287.png 430w, https:\/\/pilaresdasaude.pt\/wp-content\/uploads\/2023\/10\/Estetica-150x100.png 150w, https:\/\/pilaresdasaude.pt\/wp-content\/uploads\/2023\/10\/Estetica-700x467.png 700w, https:\/\/pilaresdasaude.pt\/wp-content\/uploads\/2023\/10\/Estetica-400x267.png 400w, https:\/\/pilaresdasaude.pt\/wp-content\/uploads\/2023\/10\/Estetica-1200x800.png 1200w, https:\/\/pilaresdasaude.pt\/wp-content\/uploads\/2023\/10\/Estetica-768x512.png 768w, https:\/\/pilaresdasaude.pt\/wp-content\/uploads\/2023\/10\/Estetica-1536x1024.png 1536w, https:\/\/pilaresdasaude.pt\/wp-content\/uploads\/2023\/10\/Estetica-860x573.png 860w\" sizes=\"auto, (max-width: 1920px) 100vw, 1920px\" \/>\t\t\t\t\t<\/div>\n\n\t\t\t\t\t\t<\/div>\n\t\t\t\t<\/div>\n\t\t\t\t\t<\/div>\n\t\t<\/div>\n\t\t\t\t\t<\/div>\n\t\t<\/section>\n\t\t\t\t<section class=\"wd-negative-gap elementor-section elementor-inner-section elementor-element elementor-element-1c431906 elementor-section-boxed elementor-section-height-default elementor-section-height-default\" data-id=\"1c431906\" data-element_type=\"section\" data-e-type=\"section\" data-settings=\"{&quot;ekit_has_onepagescroll_dot&quot;:&quot;yes&quot;}\">\n\t\t\t\t\t\t<div class=\"elementor-container elementor-column-gap-default\">\n\t\t\t\t\t<div class=\"elementor-column elementor-col-25 elementor-inner-column elementor-element elementor-element-3190e6e4\" data-id=\"3190e6e4\" data-element_type=\"column\" data-e-type=\"column\">\n\t\t\t<div class=\"elementor-widget-wrap elementor-element-populated\">\n\t\t\t\t\t\t<div class=\"elementor-element elementor-element-7e1e1342 elementor-widget elementor-widget-wd_infobox\" data-id=\"7e1e1342\" data-element_type=\"widget\" data-e-type=\"widget\" data-settings=\"{&quot;ekit_we_effect_on&quot;:&quot;none&quot;}\" data-widget_type=\"wd_infobox.default\">\n\t\t\t\t<div class=\"elementor-widget-container\">\n\t\t\t\t\t\t\t<div class=\"info-box-wrapper\">\n\t\t\t<div class=\"wd-info-box text-left box-icon-align-top box-style-bg-hover color-scheme- color-scheme-hover-light\">\n\t\t\t\t\n\t\t\t\t<div class=\"info-box-content\">\n\t\t\t\t\t\n\t\t\t\t\t\t\t\t\t\t\t<h4\t\t\t\t\t\tclass=\"info-box-title title box-title-style-default wd-fontsize-m\" data-elementor-setting-key=\"title\">\n\t\t\t\t\t\t\t\tAutoestima\t\t\t\t\t\t<\/h4>\n\t\t\t\t\t\n\t\t\t\t\t<div class=\"info-box-inner reset-last-child\"data-elementor-setting-key=\"content\"><p class=\"p1\">Muchos problemas f\u00edsicos pueden ser un reflejo de problemas emocionales y mentales. La medicina est\u00e9tica tiene el potencial de aumentar la autoestima, proporcionando efectos positivos en la salud mental y emocional del individuo.<\/p>\n<\/div>\n\n\t\t\t\t\t\t\t\t\t<\/div>\n\n\t\t\t\t\t\t\t\t\t<a href=\"#\" class=\"wd-info-box-link wd-fill\" aria-label=\"Infobox link\"><\/a>\n\t\t\t\t\t\t\t<\/div>\n\t\t<\/div>\n\t\t\t\t\t\t<\/div>\n\t\t\t\t<\/div>\n\t\t\t\t\t<\/div>\n\t\t<\/div>\n\t\t\t\t<div class=\"elementor-column elementor-col-25 elementor-inner-column elementor-element elementor-element-000e708\" data-id=\"000e708\" data-element_type=\"column\" data-e-type=\"column\">\n\t\t\t<div class=\"elementor-widget-wrap elementor-element-populated\">\n\t\t\t\t\t\t<div class=\"elementor-element elementor-element-9cc48bc elementor-widget elementor-widget-wd_infobox\" data-id=\"9cc48bc\" data-element_type=\"widget\" data-e-type=\"widget\" data-settings=\"{&quot;ekit_we_effect_on&quot;:&quot;none&quot;}\" data-widget_type=\"wd_infobox.default\">\n\t\t\t\t<div class=\"elementor-widget-container\">\n\t\t\t\t\t\t\t<div class=\"info-box-wrapper\">\n\t\t\t<div class=\"wd-info-box text-left box-icon-align-top box-style-bg-hover color-scheme- color-scheme-hover-light\">\n\t\t\t\t\n\t\t\t\t<div class=\"info-box-content\">\n\t\t\t\t\t\n\t\t\t\t\t\t\t\t\t\t\t<h4\t\t\t\t\t\tclass=\"info-box-title title box-title-style-default wd-fontsize-m\" data-elementor-setting-key=\"title\">\n\t\t\t\t\t\t\t\tEnfoque personalizado\t\t\t\t\t\t<\/h4>\n\t\t\t\t\t\n\t\t\t\t\t<div class=\"info-box-inner reset-last-child\"data-elementor-setting-key=\"content\"><p class=\"p1\">Realizamos una evaluaci\u00f3n cl\u00ednica completa y proponemos un plan de tratamiento est\u00e9tico que responda espec\u00edficamente a las necesidades de cada paciente. Cada tratamiento es \u00fanico, como t\u00fa.<br \/><span style=\"color: #ffffff;\">.<\/span><\/p>\n<\/div>\n\n\t\t\t\t\t\t\t\t\t<\/div>\n\n\t\t\t\t\t\t\t\t\t<a href=\"#\" class=\"wd-info-box-link wd-fill\" aria-label=\"Infobox link\"><\/a>\n\t\t\t\t\t\t\t<\/div>\n\t\t<\/div>\n\t\t\t\t\t\t<\/div>\n\t\t\t\t<\/div>\n\t\t\t\t\t<\/div>\n\t\t<\/div>\n\t\t\t\t<div class=\"elementor-column elementor-col-25 elementor-top-column elementor-element elementor-element-4cb1df8\" data-id=\"4cb1df8\" data-element_type=\"column\" data-e-type=\"column\">\n\t\t\t<div class=\"elementor-widget-wrap elementor-element-populated\">\n\t\t\t\t\t\t<div class=\"elementor-element elementor-element-5b5f6dee elementor-widget elementor-widget-wd_infobox\" data-id=\"5b5f6dee\" data-element_type=\"widget\" data-e-type=\"widget\" data-settings=\"{&quot;ekit_we_effect_on&quot;:&quot;none&quot;}\" data-widget_type=\"wd_infobox.default\">\n\t\t\t\t<div class=\"elementor-widget-container\">\n\t\t\t\t\t\t\t<div class=\"info-box-wrapper\">\n\t\t\t<div class=\"wd-info-box text-left box-icon-align-top box-style-bg-hover color-scheme- color-scheme-hover-light\">\n\t\t\t\t\n\t\t\t\t<div class=\"info-box-content\">\n\t\t\t\t\t\n\t\t\t\t\t\t\t\t\t\t\t<h4\t\t\t\t\t\tclass=\"info-box-title title box-title-style-default wd-fontsize-m\" data-elementor-setting-key=\"title\">\n\t\t\t\t\t\t\t\tBelleza natural\t\t\t\t\t\t<\/h4>\n\t\t\t\t\t\n\t\t\t\t\t<div class=\"info-box-inner reset-last-child\"data-elementor-setting-key=\"content\"><p class=\"p1\">La medicina est\u00e9tica en Pilares da Sa\u00fade no se limita a la restauraci\u00f3n. Nuestro objetivo tambi\u00e9n es resaltar y realzar tu belleza natural, haciendo a\u00fan m\u00e1s evidentes las cualidades que ya posees.<br \/><span style=\"color: #ffffff;\">.<\/span><\/p>\n<\/div>\n\n\t\t\t\t\t\t\t\t\t<\/div>\n\n\t\t\t\t\t\t\t\t\t<a href=\"#\" class=\"wd-info-box-link wd-fill\" aria-label=\"Infobox link\"><\/a>\n\t\t\t\t\t\t\t<\/div>\n\t\t<\/div>\n\t\t\t\t\t\t<\/div>\n\t\t\t\t<\/div>\n\t\t\t\t\t<\/div>\n\t\t<\/div>\n\t\t\t\t<div class=\"elementor-column elementor-col-25 elementor-inner-column elementor-element elementor-element-876da2a\" data-id=\"876da2a\" data-element_type=\"column\" data-e-type=\"column\">\n\t\t\t<div class=\"elementor-widget-wrap elementor-element-populated\">\n\t\t\t\t\t\t<div class=\"elementor-element elementor-element-01dcef0 elementor-widget elementor-widget-wd_infobox\" data-id=\"01dcef0\" data-element_type=\"widget\" data-e-type=\"widget\" data-settings=\"{&quot;ekit_we_effect_on&quot;:&quot;none&quot;}\" data-widget_type=\"wd_infobox.default\">\n\t\t\t\t<div class=\"elementor-widget-container\">\n\t\t\t\t\t\t\t<div class=\"info-box-wrapper\">\n\t\t\t<div class=\"wd-info-box text-left box-icon-align-top box-style-bg-hover color-scheme- color-scheme-hover-light\">\n\t\t\t\t\n\t\t\t\t<div class=\"info-box-content\">\n\t\t\t\t\t\n\t\t\t\t\t\t\t\t\t\t\t<h4\t\t\t\t\t\tclass=\"info-box-title title box-title-style-default wd-fontsize-m\" data-elementor-setting-key=\"title\">\n\t\t\t\t\t\t\t\tSalud y seguridad\t\t\t\t\t\t<\/h4>\n\t\t\t\t\t\n\t\t\t\t\t<div class=\"info-box-inner reset-last-child\"data-elementor-setting-key=\"content\"><p class=\"p1\">La seguridad y la salud del paciente son fundamentales para nosotros. Al planificar los tratamientos, nuestra prioridad es garantizar la salud y el bienestar de cada paciente, al tiempo que nos esforzamos por conseguir el resultado est\u00e9tico deseado.<\/p>\n<\/div>\n\n\t\t\t\t\t\t\t\t\t<\/div>\n\n\t\t\t\t\t\t\t\t\t<a href=\"#\" class=\"wd-info-box-link wd-fill\" aria-label=\"Infobox link\"><\/a>\n\t\t\t\t\t\t\t<\/div>\n\t\t<\/div>\n\t\t\t\t\t\t<\/div>\n\t\t\t\t<\/div>\n\t\t\t\t\t<\/div>\n\t\t<\/div>\n\t\t\t\t\t<\/div>\n\t\t<\/section>\n\t\t\t\t\t<\/div>\n\t\t<\/div>\n\t\t\t\t\t<\/div>\n\t\t<\/section>\n\t\t\t\t<section class=\"wd-negative-gap elementor-section elementor-top-section elementor-element elementor-element-28c7abe8 wd-section-stretch elementor-section-boxed elementor-section-height-default elementor-section-height-default\" data-id=\"28c7abe8\" data-element_type=\"section\" data-e-type=\"section\" data-settings=\"{&quot;background_background&quot;:&quot;classic&quot;,&quot;ekit_has_onepagescroll_dot&quot;:&quot;yes&quot;}\">\n\t\t\t\t\t\t<div class=\"elementor-container elementor-column-gap-default\">\n\t\t\t\t\t<div class=\"elementor-column elementor-col-100 elementor-top-column elementor-element elementor-element-32a1230c\" data-id=\"32a1230c\" data-element_type=\"column\" data-e-type=\"column\">\n\t\t\t<div class=\"elementor-widget-wrap elementor-element-populated\">\n\t\t\t\t\t\t<section class=\"wd-negative-gap elementor-section elementor-inner-section elementor-element elementor-element-7ea99b9 elementor-section-boxed elementor-section-height-default elementor-section-height-default\" data-id=\"7ea99b9\" data-element_type=\"section\" data-e-type=\"section\" data-settings=\"{&quot;ekit_has_onepagescroll_dot&quot;:&quot;yes&quot;}\">\n\t\t\t\t\t\t<div class=\"elementor-container elementor-column-gap-default\">\n\t\t\t\t\t<div class=\"elementor-column elementor-col-100 elementor-inner-column elementor-element elementor-element-14965ca1\" data-id=\"14965ca1\" data-element_type=\"column\" data-e-type=\"column\">\n\t\t\t<div class=\"elementor-widget-wrap elementor-element-populated\">\n\t\t\t\t\t\t<div class=\"elementor-element elementor-element-275f9453 elementor-widget__width-auto wd-width-100 elementor-widget elementor-widget-wd_title\" data-id=\"275f9453\" data-element_type=\"widget\" data-e-type=\"widget\" data-settings=\"{&quot;ekit_we_effect_on&quot;:&quot;none&quot;}\" data-widget_type=\"wd_title.default\">\n\t\t\t\t<div class=\"elementor-widget-container\">\n\t\t\t\t\t\t\t<div class=\"title-wrapper wd-set-mb reset-last-child wd-title-color-default wd-title-style-default wd-title-size-large text-left\">\n\n\t\t\t\n\t\t\t<div class=\"liner-continer\">\n\t\t\t\t<h4 class=\"woodmart-title-container title wd-fontsize-xxl\">Blog<\/h4> \n\t\t\t\t\t\t\t<\/div>\n\n\t\t\t\t\t<\/div>\n\t\t\t\t\t\t<\/div>\n\t\t\t\t<\/div>\n\t\t\t\t<div class=\"elementor-element elementor-element-716061da elementor-widget__width-auto elementor-hidden-phone elementor-widget elementor-widget-wd_button\" data-id=\"716061da\" data-element_type=\"widget\" data-e-type=\"widget\" data-settings=\"{&quot;ekit_we_effect_on&quot;:&quot;none&quot;}\" data-widget_type=\"wd_button.default\">\n\t\t\t\t<div class=\"elementor-widget-container\">\n\t\t\t\t\t\t\t<div class=\"wd-button-wrapper text-right\" >\n\t\t\t<a class=\"btn btn-style-link btn-shape- btn-size-default btn-color-primary btn-icon-pos-right\"  href=\"#\">\n\t\t\t\t<span class=\"wd-btn-text\" data-elementor-setting-key=\"text\">\n\t\t\t\t\tvisita nuestro blog\t\t\t\t<\/span>\n\n\t\t\t\t\t\t\t<\/a>\n\t\t<\/div>\n\t\t\t\t\t\t<\/div>\n\t\t\t\t<\/div>\n\t\t\t\t\t<\/div>\n\t\t<\/div>\n\t\t\t\t\t<\/div>\n\t\t<\/section>\n\t\t\t\t<div class=\"elementor-element elementor-element-382f2375 wd-width-100 elementor-widget elementor-widget-wd_blog\" data-id=\"382f2375\" data-element_type=\"widget\" data-e-type=\"widget\" data-settings=\"{&quot;ekit_we_effect_on&quot;:&quot;none&quot;}\" data-widget_type=\"wd_blog.default\">\n\t\t\t\t<div class=\"elementor-widget-container\">\n\t\t\t\t\t\t\t\t\n\t\t\t<div id=\"carousel-242\" class=\"wd-carousel-container  wd-posts wd-blog-element\">\n\t\t\t\t\n\t\t\t\t\t\t\t\n\t\t\t\t<div class=\"wd-carousel-inner\">\n\t\t\t\t\t<div class=\" wd-carousel wd-grid\" data-scroll_per_page=\"yes\" style=\"--wd-col-lg:4;--wd-col-md:4;--wd-col-sm:1;--wd-gap-lg:20px;--wd-gap-sm:10px;\">\n\t\t\t\t\t\t<div class=\"wd-carousel-wrap\">\n\t\t\t\t\t\t\t\t\t<div class=\"wd-carousel-item\">\n\t\t\t\t\t\t\t\n<article id=\"post-20793\" class=\"wd-post blog-design-masonry blog-post-loop blog-style-bg wd-add-shadow post-20793 post type-post status-publish format-standard has-post-thumbnail hentry category-medicina-preventiva-es\">\n\t<div class=\"wd-post-inner article-inner\">\n\t\t\t\t\t<div class=\"wd-post-thumb entry-header\">\n\t\t\t\t\t\t\t\t\t<div class=\"wd-post-img post-img-wrapp\">\n\t\t\t\t\t\t<img loading=\"lazy\" decoding=\"async\" width=\"287\" height=\"185\" src=\"https:\/\/pilaresdasaude.pt\/wp-content\/uploads\/2025\/03\/25-03-25_1200x630-287x185.jpg\" class=\"attachment-287x185 size-287x185\" alt=\"sono\" \/>\t\t\t\t\t<\/div>\n\t\t\t\t\t\t\t\t\t\t<a class=\"wd-fill\" tabindex=\"-1\" href=\"https:\/\/pilaresdasaude.pt\/es\/la-calidad-del-sueno-y-su-impacto-en-la-salud\/\" aria-label=\"Link on post La calidad del sue\u00f1o y su impacto en la salud\"><\/a>\n\t\t\t\t\n\t\t\t\t\t\t\t\t\t\t\t\t<div class=\"wd-post-date wd-style-with-bg\">\n\t\t\t\t<span class=\"post-date-day\">\n\t\t\t\t\t27\t\t\t\t<\/span>\n\t\t\t\t<span class=\"post-date-month\">\n\t\t\t\t\tMar\t\t\t\t<\/span>\n\t\t\t<\/div>\n\t\t\t\t\t\t\t\t\t<\/div>\n\t\t\n\t\t<div class=\"wd-post-content article-body-container\">\n\t\t\t\t\t\t\t<div class=\"wd-post-cat wd-style-with-bg meta-post-categories\">\n\t\t\t\t\t<a href=\"https:\/\/pilaresdasaude.pt\/es\/category\/medicina-preventiva-es\/\" rel=\"category tag\">Medicina preventiva<\/a>\t\t\t\t<\/div>\n\t\t\t\n\t\t\t\t\t\t\t<h3 class=\"wd-post-title wd-entities-title title post-title\">\n\t\t\t\t\t<a href=\"https:\/\/pilaresdasaude.pt\/es\/la-calidad-del-sueno-y-su-impacto-en-la-salud\/\" rel=\"bookmark\">\n\t\t\t\t\t\tLa calidad del sue\u00f1o y su impacto en la salud\t\t\t\t\t<\/a>\n\t\t\t\t<\/h3>\n\t\t\t\n\t\t\t\t\t\t\t<div class=\"wd-post-meta\">\n\t\t\t\t\t\t\t\t\t\t\t\t\t\t\t<div class=\"wd-post-author\">\n\t\t\t\t\t\t\t\t\t\t\t<span>Posted by<\/span>\n\t\t\n\t\t\t\t\t<img alt='author-avatar' src='https:\/\/secure.gravatar.com\/avatar\/a7b28cea3e15898b23bf384f9550ab65f82399d879790eda178b0f1912f84652?s=18&#038;d=mm&#038;r=g' srcset='https:\/\/secure.gravatar.com\/avatar\/a7b28cea3e15898b23bf384f9550ab65f82399d879790eda178b0f1912f84652?s=36&#038;d=mm&#038;r=g 2x' class='avatar avatar-18 photo' height='18' width='18' \/>\t\t\n\t\t\t\t\t<a href=\"https:\/\/pilaresdasaude.pt\/es\/author\/pilaresdasaude\/\" class=\"author\" rel=\"author\">Pilares da Sa\u00fade<\/a>\n\t\t\t\t\t\t\t\t\t<\/div>\n\t\t\t\t\t<div class=\"wd-modified-date\">\n\t\t\t\t\t\t\t\t<time class=\"updated\" datetime=\"2025-07-25T10:26:27+00:00\">\n\t\t\tjulio 25, 2025\t\t<\/time>\n\t\t\t\t\t\t\t<\/div>\n\n\t\t\t\t\t\t\t\t\t\t\t<div tabindex=\"0\" class=\"wd-post-share wd-tltp\">\n\t\t\t\t\t\t\t<div class=\"tooltip top\">\n\t\t\t\t\t\t\t\t<div class=\"tooltip-inner\">\n\t\t\t\t\t\t\t\t\t\t\t\t<div\n\t\t\t\t\t\tclass=\" wd-social-icons wd-style-default wd-size-small social-share wd-shape-circle color-scheme-light text-center\">\n\t\t\t\t\n\t\t\t\t\n\t\t\t\t\t\t\t\t\t<a rel=\"noopener noreferrer nofollow\" href=\"https:\/\/www.facebook.com\/sharer\/sharer.php?u=https:\/\/pilaresdasaude.pt\/es\/la-calidad-del-sueno-y-su-impacto-en-la-salud\/\" target=\"_blank\" class=\" wd-social-icon social-facebook\" aria-label=\"Facebook social link\">\n\t\t\t\t\t\t<span class=\"wd-icon\"><\/span>\n\t\t\t\t\t\t\t\t\t\t\t<\/a>\n\t\t\t\t\n\t\t\t\t\t\t\t\t\t<a rel=\"noopener noreferrer nofollow\" href=\"https:\/\/x.com\/share?url=https:\/\/pilaresdasaude.pt\/es\/la-calidad-del-sueno-y-su-impacto-en-la-salud\/\" target=\"_blank\" class=\" wd-social-icon social-twitter\" aria-label=\"X social link\">\n\t\t\t\t\t\t<span class=\"wd-icon\"><\/span>\n\t\t\t\t\t\t\t\t\t\t\t<\/a>\n\t\t\t\t\n\t\t\t\t\n\t\t\t\t\n\t\t\t\t\n\t\t\t\t\n\t\t\t\t\n\t\t\t\t\t\t\t\t\t<a rel=\"noopener noreferrer nofollow\" href=\"https:\/\/pinterest.com\/pin\/create\/button\/?url=https:\/\/pilaresdasaude.pt\/es\/la-calidad-del-sueno-y-su-impacto-en-la-salud\/&#038;media=https:\/\/pilaresdasaude.pt\/wp-content\/uploads\/2025\/03\/25-03-25_1200x630.jpg&#038;description=La%20calidad%20del%20sue%C3%B1o%20y%20su%20impacto%20en%20la%20salud\" target=\"_blank\" class=\" wd-social-icon social-pinterest\" aria-label=\"Pinterest social link\">\n\t\t\t\t\t\t<span class=\"wd-icon\"><\/span>\n\t\t\t\t\t\t\t\t\t\t\t<\/a>\n\t\t\t\t\n\t\t\t\t\n\t\t\t\t\t\t\t\t\t<a rel=\"noopener noreferrer nofollow\" href=\"https:\/\/www.linkedin.com\/shareArticle?mini=true&#038;url=https:\/\/pilaresdasaude.pt\/es\/la-calidad-del-sueno-y-su-impacto-en-la-salud\/\" target=\"_blank\" class=\" wd-social-icon social-linkedin\" aria-label=\"Linkedin social link\">\n\t\t\t\t\t\t<span class=\"wd-icon\"><\/span>\n\t\t\t\t\t\t\t\t\t\t\t<\/a>\n\t\t\t\t\n\t\t\t\t\n\t\t\t\t\n\t\t\t\t\n\t\t\t\t\n\t\t\t\t\n\t\t\t\t\n\t\t\t\t\n\t\t\t\t\n\t\t\t\t\n\t\t\t\t\n\t\t\t\t\n\t\t\t\t\n\t\t\t\t\n\t\t\t\t\n\t\t\t\t\t\t\t\t\t<a rel=\"noopener noreferrer nofollow\" href=\"https:\/\/telegram.me\/share\/url?url=https:\/\/pilaresdasaude.pt\/es\/la-calidad-del-sueno-y-su-impacto-en-la-salud\/\" target=\"_blank\" class=\" wd-social-icon social-tg\" aria-label=\"Telegram social link\">\n\t\t\t\t\t\t<span class=\"wd-icon\"><\/span>\n\t\t\t\t\t\t\t\t\t\t\t<\/a>\n\t\t\t\t\n\t\t\t\t\n\t\t\t<\/div>\n\n\t\t\t\t\t\t\t\t\t\t<\/div>\n\t\t\t\t\t\t\t\t<div class=\"tooltip-arrow\"><\/div>\n\t\t\t\t\t\t\t<\/div>\n\t\t\t\t\t\t<\/div>\n\t\t\t\t\t\n\t\t\t\t\t\t\t\t\t<\/div>\n\t\t\t\n\t\t\t\t\t\t\t<div class=\"wd-post-excerpt entry-content\">\n\t\t\t\t\tDormir bien es esencial para la salud y el bienestar. Sin embargo, muchas personas subesti...\t\t\t\t<\/div>\n\t\t\t\n\t\t\t\t\t\t\t\t\t\t\t\t<div class=\"wd-post-read-more wd-style-link read-more-section\">\n\t\t\t\t\t\t<a class=\"\" href=\"https:\/\/pilaresdasaude.pt\/es\/la-calidad-del-sueno-y-su-impacto-en-la-salud\/\">Continue reading<\/a>\t\t\t\t\t<\/div>\n\t\t\t\t\t\t\t\t\t<\/div>\n\t<\/div>\n<\/article>\n\n\t\t\t\t\t<\/div>\n\t\t\t\t<div class=\"wd-carousel-item\">\n\t\t\t\t\t\t\t\n<article id=\"post-20786\" class=\"wd-post blog-design-masonry blog-post-loop blog-style-bg wd-add-shadow post-20786 post type-post status-publish format-standard has-post-thumbnail hentry category-medicina-preventivasalud tag-pilares-de-la-salud\">\n\t<div class=\"wd-post-inner article-inner\">\n\t\t\t\t\t<div class=\"wd-post-thumb entry-header\">\n\t\t\t\t\t\t\t\t\t<div class=\"wd-post-img post-img-wrapp\">\n\t\t\t\t\t\t<img loading=\"lazy\" decoding=\"async\" width=\"287\" height=\"185\" src=\"https:\/\/pilaresdasaude.pt\/wp-content\/uploads\/2025\/03\/17-03-25_2_1200x630-287x185.jpg\" class=\"attachment-287x185 size-287x185\" alt=\"medicina preventiva\" \/>\t\t\t\t\t<\/div>\n\t\t\t\t\t\t\t\t\t\t<a class=\"wd-fill\" tabindex=\"-1\" href=\"https:\/\/pilaresdasaude.pt\/es\/medicina-preventiva-el-camino-hacia-una-vida-larga-y-sana\/\" aria-label=\"Link on post Medicina preventiva: el camino hacia una vida larga y sana\"><\/a>\n\t\t\t\t\n\t\t\t\t\t\t\t\t\t\t\t\t<div class=\"wd-post-date wd-style-with-bg\">\n\t\t\t\t<span class=\"post-date-day\">\n\t\t\t\t\t19\t\t\t\t<\/span>\n\t\t\t\t<span class=\"post-date-month\">\n\t\t\t\t\tMar\t\t\t\t<\/span>\n\t\t\t<\/div>\n\t\t\t\t\t\t\t\t\t<\/div>\n\t\t\n\t\t<div class=\"wd-post-content article-body-container\">\n\t\t\t\t\t\t\t<div class=\"wd-post-cat wd-style-with-bg meta-post-categories\">\n\t\t\t\t\t<a href=\"https:\/\/pilaresdasaude.pt\/es\/category\/medicina-preventivasalud\/\" rel=\"category tag\">Medicina preventiva|Salud<\/a>\t\t\t\t<\/div>\n\t\t\t\n\t\t\t\t\t\t\t<h3 class=\"wd-post-title wd-entities-title title post-title\">\n\t\t\t\t\t<a href=\"https:\/\/pilaresdasaude.pt\/es\/medicina-preventiva-el-camino-hacia-una-vida-larga-y-sana\/\" rel=\"bookmark\">\n\t\t\t\t\t\tMedicina preventiva: el camino hacia una vida larga y sana\t\t\t\t\t<\/a>\n\t\t\t\t<\/h3>\n\t\t\t\n\t\t\t\t\t\t\t<div class=\"wd-post-meta\">\n\t\t\t\t\t\t\t\t\t\t\t\t\t\t\t<div class=\"wd-post-author\">\n\t\t\t\t\t\t\t\t\t\t\t<span>Posted by<\/span>\n\t\t\n\t\t\t\t\t<img alt='author-avatar' src='https:\/\/secure.gravatar.com\/avatar\/a7b28cea3e15898b23bf384f9550ab65f82399d879790eda178b0f1912f84652?s=18&#038;d=mm&#038;r=g' srcset='https:\/\/secure.gravatar.com\/avatar\/a7b28cea3e15898b23bf384f9550ab65f82399d879790eda178b0f1912f84652?s=36&#038;d=mm&#038;r=g 2x' class='avatar avatar-18 photo' height='18' width='18' \/>\t\t\n\t\t\t\t\t<a href=\"https:\/\/pilaresdasaude.pt\/es\/author\/pilaresdasaude\/\" class=\"author\" rel=\"author\">Pilares da Sa\u00fade<\/a>\n\t\t\t\t\t\t\t\t\t<\/div>\n\t\t\t\t\t<div class=\"wd-modified-date\">\n\t\t\t\t\t\t\t\t<time class=\"updated\" datetime=\"2025-07-25T10:26:23+00:00\">\n\t\t\tjulio 25, 2025\t\t<\/time>\n\t\t\t\t\t\t\t<\/div>\n\n\t\t\t\t\t\t\t\t\t\t\t<div tabindex=\"0\" class=\"wd-post-share wd-tltp\">\n\t\t\t\t\t\t\t<div class=\"tooltip top\">\n\t\t\t\t\t\t\t\t<div class=\"tooltip-inner\">\n\t\t\t\t\t\t\t\t\t\t\t\t<div\n\t\t\t\t\t\tclass=\" wd-social-icons wd-style-default wd-size-small social-share wd-shape-circle color-scheme-light text-center\">\n\t\t\t\t\n\t\t\t\t\n\t\t\t\t\t\t\t\t\t<a rel=\"noopener noreferrer nofollow\" href=\"https:\/\/www.facebook.com\/sharer\/sharer.php?u=https:\/\/pilaresdasaude.pt\/es\/medicina-preventiva-el-camino-hacia-una-vida-larga-y-sana\/\" target=\"_blank\" class=\" wd-social-icon social-facebook\" aria-label=\"Facebook social link\">\n\t\t\t\t\t\t<span class=\"wd-icon\"><\/span>\n\t\t\t\t\t\t\t\t\t\t\t<\/a>\n\t\t\t\t\n\t\t\t\t\t\t\t\t\t<a rel=\"noopener noreferrer nofollow\" href=\"https:\/\/x.com\/share?url=https:\/\/pilaresdasaude.pt\/es\/medicina-preventiva-el-camino-hacia-una-vida-larga-y-sana\/\" target=\"_blank\" class=\" wd-social-icon social-twitter\" aria-label=\"X social link\">\n\t\t\t\t\t\t<span class=\"wd-icon\"><\/span>\n\t\t\t\t\t\t\t\t\t\t\t<\/a>\n\t\t\t\t\n\t\t\t\t\n\t\t\t\t\n\t\t\t\t\n\t\t\t\t\n\t\t\t\t\n\t\t\t\t\t\t\t\t\t<a rel=\"noopener noreferrer nofollow\" href=\"https:\/\/pinterest.com\/pin\/create\/button\/?url=https:\/\/pilaresdasaude.pt\/es\/medicina-preventiva-el-camino-hacia-una-vida-larga-y-sana\/&#038;media=https:\/\/pilaresdasaude.pt\/wp-content\/uploads\/2025\/03\/17-03-25_2_1200x630.jpg&#038;description=Medicina%20preventiva%3A%20el%20camino%20hacia%20una%20vida%20larga%20y%20sana\" target=\"_blank\" class=\" wd-social-icon social-pinterest\" aria-label=\"Pinterest social link\">\n\t\t\t\t\t\t<span class=\"wd-icon\"><\/span>\n\t\t\t\t\t\t\t\t\t\t\t<\/a>\n\t\t\t\t\n\t\t\t\t\n\t\t\t\t\t\t\t\t\t<a rel=\"noopener noreferrer nofollow\" href=\"https:\/\/www.linkedin.com\/shareArticle?mini=true&#038;url=https:\/\/pilaresdasaude.pt\/es\/medicina-preventiva-el-camino-hacia-una-vida-larga-y-sana\/\" target=\"_blank\" class=\" wd-social-icon social-linkedin\" aria-label=\"Linkedin social link\">\n\t\t\t\t\t\t<span class=\"wd-icon\"><\/span>\n\t\t\t\t\t\t\t\t\t\t\t<\/a>\n\t\t\t\t\n\t\t\t\t\n\t\t\t\t\n\t\t\t\t\n\t\t\t\t\n\t\t\t\t\n\t\t\t\t\n\t\t\t\t\n\t\t\t\t\n\t\t\t\t\n\t\t\t\t\n\t\t\t\t\n\t\t\t\t\n\t\t\t\t\n\t\t\t\t\n\t\t\t\t\t\t\t\t\t<a rel=\"noopener noreferrer nofollow\" href=\"https:\/\/telegram.me\/share\/url?url=https:\/\/pilaresdasaude.pt\/es\/medicina-preventiva-el-camino-hacia-una-vida-larga-y-sana\/\" target=\"_blank\" class=\" wd-social-icon social-tg\" aria-label=\"Telegram social link\">\n\t\t\t\t\t\t<span class=\"wd-icon\"><\/span>\n\t\t\t\t\t\t\t\t\t\t\t<\/a>\n\t\t\t\t\n\t\t\t\t\n\t\t\t<\/div>\n\n\t\t\t\t\t\t\t\t\t\t<\/div>\n\t\t\t\t\t\t\t\t<div class=\"tooltip-arrow\"><\/div>\n\t\t\t\t\t\t\t<\/div>\n\t\t\t\t\t\t<\/div>\n\t\t\t\t\t\n\t\t\t\t\t\t\t\t\t<\/div>\n\t\t\t\n\t\t\t\t\t\t\t<div class=\"wd-post-excerpt entry-content\">\n\t\t\t\t\tEl principal objetivo de la Medicina Preventiva es anticiparse a la enfermedad, promoviend...\t\t\t\t<\/div>\n\t\t\t\n\t\t\t\t\t\t\t\t\t\t\t\t<div class=\"wd-post-read-more wd-style-link read-more-section\">\n\t\t\t\t\t\t<a class=\"\" href=\"https:\/\/pilaresdasaude.pt\/es\/medicina-preventiva-el-camino-hacia-una-vida-larga-y-sana\/\">Continue reading<\/a>\t\t\t\t\t<\/div>\n\t\t\t\t\t\t\t\t\t<\/div>\n\t<\/div>\n<\/article>\n\n\t\t\t\t\t<\/div>\n\t\t\t\t<div class=\"wd-carousel-item\">\n\t\t\t\t\t\t\t\n<article id=\"post-20777\" class=\"wd-post blog-design-masonry blog-post-loop blog-style-bg wd-add-shadow post-20777 post type-post status-publish format-standard has-post-thumbnail hentry category-salud tag-antiinflamatorio tag-antioxidantes-es tag-inmunomoduladores tag-ozono-medico tag-pilares-de-la-salud tag-tratamiento\">\n\t<div class=\"wd-post-inner article-inner\">\n\t\t\t\t\t<div class=\"wd-post-thumb entry-header\">\n\t\t\t\t\t\t\t\t\t<div class=\"wd-post-img post-img-wrapp\">\n\t\t\t\t\t\t<img loading=\"lazy\" decoding=\"async\" width=\"287\" height=\"185\" src=\"https:\/\/pilaresdasaude.pt\/wp-content\/uploads\/2025\/03\/17-03-25_1200x630-287x185.jpg\" class=\"attachment-287x185 size-287x185\" alt=\"ozonoterapia\" \/>\t\t\t\t\t<\/div>\n\t\t\t\t\t\t\t\t\t\t<a class=\"wd-fill\" tabindex=\"-1\" href=\"https:\/\/pilaresdasaude.pt\/es\/ozonoterapia-beneficios-para-la-salud-y-aplicaciones\/\" aria-label=\"Link on post Ozonoterapia: beneficios para la salud y aplicaciones\"><\/a>\n\t\t\t\t\n\t\t\t\t\t\t\t\t\t\t\t\t<div class=\"wd-post-date wd-style-with-bg\">\n\t\t\t\t<span class=\"post-date-day\">\n\t\t\t\t\t18\t\t\t\t<\/span>\n\t\t\t\t<span class=\"post-date-month\">\n\t\t\t\t\tMar\t\t\t\t<\/span>\n\t\t\t<\/div>\n\t\t\t\t\t\t\t\t\t<\/div>\n\t\t\n\t\t<div class=\"wd-post-content article-body-container\">\n\t\t\t\t\t\t\t<div class=\"wd-post-cat wd-style-with-bg meta-post-categories\">\n\t\t\t\t\t<a href=\"https:\/\/pilaresdasaude.pt\/es\/category\/salud\/\" rel=\"category tag\">Salud<\/a>\t\t\t\t<\/div>\n\t\t\t\n\t\t\t\t\t\t\t<h3 class=\"wd-post-title wd-entities-title title post-title\">\n\t\t\t\t\t<a href=\"https:\/\/pilaresdasaude.pt\/es\/ozonoterapia-beneficios-para-la-salud-y-aplicaciones\/\" rel=\"bookmark\">\n\t\t\t\t\t\tOzonoterapia: beneficios para la salud y aplicaciones\t\t\t\t\t<\/a>\n\t\t\t\t<\/h3>\n\t\t\t\n\t\t\t\t\t\t\t<div class=\"wd-post-meta\">\n\t\t\t\t\t\t\t\t\t\t\t\t\t\t\t<div class=\"wd-post-author\">\n\t\t\t\t\t\t\t\t\t\t\t<span>Posted by<\/span>\n\t\t\n\t\t\t\t\t<img alt='author-avatar' src='https:\/\/secure.gravatar.com\/avatar\/a7b28cea3e15898b23bf384f9550ab65f82399d879790eda178b0f1912f84652?s=18&#038;d=mm&#038;r=g' srcset='https:\/\/secure.gravatar.com\/avatar\/a7b28cea3e15898b23bf384f9550ab65f82399d879790eda178b0f1912f84652?s=36&#038;d=mm&#038;r=g 2x' class='avatar avatar-18 photo' height='18' width='18' \/>\t\t\n\t\t\t\t\t<a href=\"https:\/\/pilaresdasaude.pt\/es\/author\/pilaresdasaude\/\" class=\"author\" rel=\"author\">Pilares da Sa\u00fade<\/a>\n\t\t\t\t\t\t\t\t\t<\/div>\n\t\t\t\t\t<div class=\"wd-modified-date\">\n\t\t\t\t\t\t\t\t<time class=\"updated\" datetime=\"2025-07-25T10:26:23+00:00\">\n\t\t\tjulio 25, 2025\t\t<\/time>\n\t\t\t\t\t\t\t<\/div>\n\n\t\t\t\t\t\t\t\t\t\t\t<div tabindex=\"0\" class=\"wd-post-share wd-tltp\">\n\t\t\t\t\t\t\t<div class=\"tooltip top\">\n\t\t\t\t\t\t\t\t<div class=\"tooltip-inner\">\n\t\t\t\t\t\t\t\t\t\t\t\t<div\n\t\t\t\t\t\tclass=\" wd-social-icons wd-style-default wd-size-small social-share wd-shape-circle color-scheme-light text-center\">\n\t\t\t\t\n\t\t\t\t\n\t\t\t\t\t\t\t\t\t<a rel=\"noopener noreferrer nofollow\" href=\"https:\/\/www.facebook.com\/sharer\/sharer.php?u=https:\/\/pilaresdasaude.pt\/es\/ozonoterapia-beneficios-para-la-salud-y-aplicaciones\/\" target=\"_blank\" class=\" wd-social-icon social-facebook\" aria-label=\"Facebook social link\">\n\t\t\t\t\t\t<span class=\"wd-icon\"><\/span>\n\t\t\t\t\t\t\t\t\t\t\t<\/a>\n\t\t\t\t\n\t\t\t\t\t\t\t\t\t<a rel=\"noopener noreferrer nofollow\" href=\"https:\/\/x.com\/share?url=https:\/\/pilaresdasaude.pt\/es\/ozonoterapia-beneficios-para-la-salud-y-aplicaciones\/\" target=\"_blank\" class=\" wd-social-icon social-twitter\" aria-label=\"X social link\">\n\t\t\t\t\t\t<span class=\"wd-icon\"><\/span>\n\t\t\t\t\t\t\t\t\t\t\t<\/a>\n\t\t\t\t\n\t\t\t\t\n\t\t\t\t\n\t\t\t\t\n\t\t\t\t\n\t\t\t\t\n\t\t\t\t\t\t\t\t\t<a rel=\"noopener noreferrer nofollow\" href=\"https:\/\/pinterest.com\/pin\/create\/button\/?url=https:\/\/pilaresdasaude.pt\/es\/ozonoterapia-beneficios-para-la-salud-y-aplicaciones\/&#038;media=https:\/\/pilaresdasaude.pt\/wp-content\/uploads\/2025\/03\/17-03-25_1200x630.jpg&#038;description=Ozonoterapia%3A%20beneficios%20para%20la%20salud%20y%20aplicaciones\" target=\"_blank\" class=\" wd-social-icon social-pinterest\" aria-label=\"Pinterest social link\">\n\t\t\t\t\t\t<span class=\"wd-icon\"><\/span>\n\t\t\t\t\t\t\t\t\t\t\t<\/a>\n\t\t\t\t\n\t\t\t\t\n\t\t\t\t\t\t\t\t\t<a rel=\"noopener noreferrer nofollow\" href=\"https:\/\/www.linkedin.com\/shareArticle?mini=true&#038;url=https:\/\/pilaresdasaude.pt\/es\/ozonoterapia-beneficios-para-la-salud-y-aplicaciones\/\" target=\"_blank\" class=\" wd-social-icon social-linkedin\" aria-label=\"Linkedin social link\">\n\t\t\t\t\t\t<span class=\"wd-icon\"><\/span>\n\t\t\t\t\t\t\t\t\t\t\t<\/a>\n\t\t\t\t\n\t\t\t\t\n\t\t\t\t\n\t\t\t\t\n\t\t\t\t\n\t\t\t\t\n\t\t\t\t\n\t\t\t\t\n\t\t\t\t\n\t\t\t\t\n\t\t\t\t\n\t\t\t\t\n\t\t\t\t\n\t\t\t\t\n\t\t\t\t\n\t\t\t\t\t\t\t\t\t<a rel=\"noopener noreferrer nofollow\" href=\"https:\/\/telegram.me\/share\/url?url=https:\/\/pilaresdasaude.pt\/es\/ozonoterapia-beneficios-para-la-salud-y-aplicaciones\/\" target=\"_blank\" class=\" wd-social-icon social-tg\" aria-label=\"Telegram social link\">\n\t\t\t\t\t\t<span class=\"wd-icon\"><\/span>\n\t\t\t\t\t\t\t\t\t\t\t<\/a>\n\t\t\t\t\n\t\t\t\t\n\t\t\t<\/div>\n\n\t\t\t\t\t\t\t\t\t\t<\/div>\n\t\t\t\t\t\t\t\t<div class=\"tooltip-arrow\"><\/div>\n\t\t\t\t\t\t\t<\/div>\n\t\t\t\t\t\t<\/div>\n\t\t\t\t\t\n\t\t\t\t\t\t\t\t\t<\/div>\n\t\t\t\n\t\t\t\t\t\t\t<div class=\"wd-post-excerpt entry-content\">\n\t\t\t\t\tLa ozonoterapia ha ido ganando protagonismo como m\u00e9todo innovador y eficaz para tratar div...\t\t\t\t<\/div>\n\t\t\t\n\t\t\t\t\t\t\t\t\t\t\t\t<div class=\"wd-post-read-more wd-style-link read-more-section\">\n\t\t\t\t\t\t<a class=\"\" href=\"https:\/\/pilaresdasaude.pt\/es\/ozonoterapia-beneficios-para-la-salud-y-aplicaciones\/\">Continue reading<\/a>\t\t\t\t\t<\/div>\n\t\t\t\t\t\t\t\t\t<\/div>\n\t<\/div>\n<\/article>\n\n\t\t\t\t\t<\/div>\n\t\t\t\t<div class=\"wd-carousel-item\">\n\t\t\t\t\t\t\t\n<article id=\"post-20789\" class=\"wd-post blog-design-masonry blog-post-loop blog-style-bg wd-add-shadow post-20789 post type-post status-publish format-standard has-post-thumbnail hentry category-medicina-preventiva-es tag-cambios-hormonales tag-menopausia tag-mujer tag-pilares-de-la-salud\">\n\t<div class=\"wd-post-inner article-inner\">\n\t\t\t\t\t<div class=\"wd-post-thumb entry-header\">\n\t\t\t\t\t\t\t\t\t<div class=\"wd-post-img post-img-wrapp\">\n\t\t\t\t\t\t<img loading=\"lazy\" decoding=\"async\" width=\"287\" height=\"185\" src=\"https:\/\/pilaresdasaude.pt\/wp-content\/uploads\/2025\/03\/11-03-25_2_1200x630-287x185.jpg\" class=\"attachment-287x185 size-287x185\" alt=\"altera\u00e7\u00f5es hormonais\" \/>\t\t\t\t\t<\/div>\n\t\t\t\t\t\t\t\t\t\t<a class=\"wd-fill\" tabindex=\"-1\" href=\"https:\/\/pilaresdasaude.pt\/es\/cambios-hormonales-en-la-mujer-despues-de-los-35-que-esperar-y-como-cuidar-la-salud\/\" aria-label=\"Link on post Cambios hormonales en la mujer despu\u00e9s de los 35: qu\u00e9 esperar y c\u00f3mo cuidar la salud\"><\/a>\n\t\t\t\t\n\t\t\t\t\t\t\t\t\t\t\t\t<div class=\"wd-post-date wd-style-with-bg\">\n\t\t\t\t<span class=\"post-date-day\">\n\t\t\t\t\t14\t\t\t\t<\/span>\n\t\t\t\t<span class=\"post-date-month\">\n\t\t\t\t\tMar\t\t\t\t<\/span>\n\t\t\t<\/div>\n\t\t\t\t\t\t\t\t\t<\/div>\n\t\t\n\t\t<div class=\"wd-post-content article-body-container\">\n\t\t\t\t\t\t\t<div class=\"wd-post-cat wd-style-with-bg meta-post-categories\">\n\t\t\t\t\t<a href=\"https:\/\/pilaresdasaude.pt\/es\/category\/medicina-preventiva-es\/\" rel=\"category tag\">Medicina preventiva<\/a>\t\t\t\t<\/div>\n\t\t\t\n\t\t\t\t\t\t\t<h3 class=\"wd-post-title wd-entities-title title post-title\">\n\t\t\t\t\t<a href=\"https:\/\/pilaresdasaude.pt\/es\/cambios-hormonales-en-la-mujer-despues-de-los-35-que-esperar-y-como-cuidar-la-salud\/\" rel=\"bookmark\">\n\t\t\t\t\t\tCambios hormonales en la mujer despu\u00e9s de los 35: qu\u00e9 esperar y c\u00f3mo cuidar la salud\t\t\t\t\t<\/a>\n\t\t\t\t<\/h3>\n\t\t\t\n\t\t\t\t\t\t\t<div class=\"wd-post-meta\">\n\t\t\t\t\t\t\t\t\t\t\t\t\t\t\t<div class=\"wd-post-author\">\n\t\t\t\t\t\t\t\t\t\t\t<span>Posted by<\/span>\n\t\t\n\t\t\t\t\t<img alt='author-avatar' src='https:\/\/secure.gravatar.com\/avatar\/a7b28cea3e15898b23bf384f9550ab65f82399d879790eda178b0f1912f84652?s=18&#038;d=mm&#038;r=g' srcset='https:\/\/secure.gravatar.com\/avatar\/a7b28cea3e15898b23bf384f9550ab65f82399d879790eda178b0f1912f84652?s=36&#038;d=mm&#038;r=g 2x' class='avatar avatar-18 photo' height='18' width='18' \/>\t\t\n\t\t\t\t\t<a href=\"https:\/\/pilaresdasaude.pt\/es\/author\/pilaresdasaude\/\" class=\"author\" rel=\"author\">Pilares da Sa\u00fade<\/a>\n\t\t\t\t\t\t\t\t\t<\/div>\n\t\t\t\t\t<div class=\"wd-modified-date\">\n\t\t\t\t\t\t\t\t<time class=\"updated\" datetime=\"2025-07-25T10:26:23+00:00\">\n\t\t\tjulio 25, 2025\t\t<\/time>\n\t\t\t\t\t\t\t<\/div>\n\n\t\t\t\t\t\t\t\t\t\t\t<div tabindex=\"0\" class=\"wd-post-share wd-tltp\">\n\t\t\t\t\t\t\t<div class=\"tooltip top\">\n\t\t\t\t\t\t\t\t<div class=\"tooltip-inner\">\n\t\t\t\t\t\t\t\t\t\t\t\t<div\n\t\t\t\t\t\tclass=\" wd-social-icons wd-style-default wd-size-small social-share wd-shape-circle color-scheme-light text-center\">\n\t\t\t\t\n\t\t\t\t\n\t\t\t\t\t\t\t\t\t<a rel=\"noopener noreferrer nofollow\" href=\"https:\/\/www.facebook.com\/sharer\/sharer.php?u=https:\/\/pilaresdasaude.pt\/es\/cambios-hormonales-en-la-mujer-despues-de-los-35-que-esperar-y-como-cuidar-la-salud\/\" target=\"_blank\" class=\" wd-social-icon social-facebook\" aria-label=\"Facebook social link\">\n\t\t\t\t\t\t<span class=\"wd-icon\"><\/span>\n\t\t\t\t\t\t\t\t\t\t\t<\/a>\n\t\t\t\t\n\t\t\t\t\t\t\t\t\t<a rel=\"noopener noreferrer nofollow\" href=\"https:\/\/x.com\/share?url=https:\/\/pilaresdasaude.pt\/es\/cambios-hormonales-en-la-mujer-despues-de-los-35-que-esperar-y-como-cuidar-la-salud\/\" target=\"_blank\" class=\" wd-social-icon social-twitter\" aria-label=\"X social link\">\n\t\t\t\t\t\t<span class=\"wd-icon\"><\/span>\n\t\t\t\t\t\t\t\t\t\t\t<\/a>\n\t\t\t\t\n\t\t\t\t\n\t\t\t\t\n\t\t\t\t\n\t\t\t\t\n\t\t\t\t\n\t\t\t\t\t\t\t\t\t<a rel=\"noopener noreferrer nofollow\" href=\"https:\/\/pinterest.com\/pin\/create\/button\/?url=https:\/\/pilaresdasaude.pt\/es\/cambios-hormonales-en-la-mujer-despues-de-los-35-que-esperar-y-como-cuidar-la-salud\/&#038;media=https:\/\/pilaresdasaude.pt\/wp-content\/uploads\/2025\/03\/11-03-25_2_1200x630.jpg&#038;description=Cambios%20hormonales%20en%20la%20mujer%20despu%C3%A9s%20de%20los%2035%3A%20qu%C3%A9%20esperar%20y%20c%C3%B3mo%20cuidar%20la%20salud\" target=\"_blank\" class=\" wd-social-icon social-pinterest\" aria-label=\"Pinterest social link\">\n\t\t\t\t\t\t<span class=\"wd-icon\"><\/span>\n\t\t\t\t\t\t\t\t\t\t\t<\/a>\n\t\t\t\t\n\t\t\t\t\n\t\t\t\t\t\t\t\t\t<a rel=\"noopener noreferrer nofollow\" href=\"https:\/\/www.linkedin.com\/shareArticle?mini=true&#038;url=https:\/\/pilaresdasaude.pt\/es\/cambios-hormonales-en-la-mujer-despues-de-los-35-que-esperar-y-como-cuidar-la-salud\/\" target=\"_blank\" class=\" wd-social-icon social-linkedin\" aria-label=\"Linkedin social link\">\n\t\t\t\t\t\t<span class=\"wd-icon\"><\/span>\n\t\t\t\t\t\t\t\t\t\t\t<\/a>\n\t\t\t\t\n\t\t\t\t\n\t\t\t\t\n\t\t\t\t\n\t\t\t\t\n\t\t\t\t\n\t\t\t\t\n\t\t\t\t\n\t\t\t\t\n\t\t\t\t\n\t\t\t\t\n\t\t\t\t\n\t\t\t\t\n\t\t\t\t\n\t\t\t\t\n\t\t\t\t\t\t\t\t\t<a rel=\"noopener noreferrer nofollow\" href=\"https:\/\/telegram.me\/share\/url?url=https:\/\/pilaresdasaude.pt\/es\/cambios-hormonales-en-la-mujer-despues-de-los-35-que-esperar-y-como-cuidar-la-salud\/\" target=\"_blank\" class=\" wd-social-icon social-tg\" aria-label=\"Telegram social link\">\n\t\t\t\t\t\t<span class=\"wd-icon\"><\/span>\n\t\t\t\t\t\t\t\t\t\t\t<\/a>\n\t\t\t\t\n\t\t\t\t\n\t\t\t<\/div>\n\n\t\t\t\t\t\t\t\t\t\t<\/div>\n\t\t\t\t\t\t\t\t<div class=\"tooltip-arrow\"><\/div>\n\t\t\t\t\t\t\t<\/div>\n\t\t\t\t\t\t<\/div>\n\t\t\t\t\t\n\t\t\t\t\t\t\t\t\t<\/div>\n\t\t\t\n\t\t\t\t\t\t\t<div class=\"wd-post-excerpt entry-content\">\n\t\t\t\t\tEl equilibrio hormonal desempe\u00f1a un papel fundamental en la salud y el bienestar de la muj...\t\t\t\t<\/div>\n\t\t\t\n\t\t\t\t\t\t\t\t\t\t\t\t<div class=\"wd-post-read-more wd-style-link read-more-section\">\n\t\t\t\t\t\t<a class=\"\" href=\"https:\/\/pilaresdasaude.pt\/es\/cambios-hormonales-en-la-mujer-despues-de-los-35-que-esperar-y-como-cuidar-la-salud\/\">Continue reading<\/a>\t\t\t\t\t<\/div>\n\t\t\t\t\t\t\t\t\t<\/div>\n\t<\/div>\n<\/article>\n\n\t\t\t\t\t<\/div>\n\t\t\t\t<div class=\"wd-carousel-item\">\n\t\t\t\t\t\t\t\n<article id=\"post-20781\" class=\"wd-post blog-design-masonry blog-post-loop blog-style-bg wd-add-shadow post-20781 post type-post status-publish format-standard has-post-thumbnail hentry category-salud tag-caida-del-cabello tag-cansancio tag-pilares-de-la-salud\">\n\t<div class=\"wd-post-inner article-inner\">\n\t\t\t\t\t<div class=\"wd-post-thumb entry-header\">\n\t\t\t\t\t\t\t\t\t<div class=\"wd-post-img post-img-wrapp\">\n\t\t\t\t\t\t<img loading=\"lazy\" decoding=\"async\" width=\"287\" height=\"185\" src=\"https:\/\/pilaresdasaude.pt\/wp-content\/uploads\/2025\/03\/11-03-25_1200x630-287x185.jpg\" class=\"attachment-287x185 size-287x185\" alt=\"Anemia\" \/>\t\t\t\t\t<\/div>\n\t\t\t\t\t\t\t\t\t\t<a class=\"wd-fill\" tabindex=\"-1\" href=\"https:\/\/pilaresdasaude.pt\/es\/cansancio-y-caida-del-cabello-cuando-la-anemia-puede-ser-la-causa-y-como-ayuda-el-hierro-endovenoso\/\" aria-label=\"Link on post Cansancio y ca\u00edda del cabello: cu\u00e1ndo la anemia puede ser la causa y c\u00f3mo ayuda el hierro endovenoso\"><\/a>\n\t\t\t\t\n\t\t\t\t\t\t\t\t\t\t\t\t<div class=\"wd-post-date wd-style-with-bg\">\n\t\t\t\t<span class=\"post-date-day\">\n\t\t\t\t\t12\t\t\t\t<\/span>\n\t\t\t\t<span class=\"post-date-month\">\n\t\t\t\t\tMar\t\t\t\t<\/span>\n\t\t\t<\/div>\n\t\t\t\t\t\t\t\t\t<\/div>\n\t\t\n\t\t<div class=\"wd-post-content article-body-container\">\n\t\t\t\t\t\t\t<div class=\"wd-post-cat wd-style-with-bg meta-post-categories\">\n\t\t\t\t\t<a href=\"https:\/\/pilaresdasaude.pt\/es\/category\/salud\/\" rel=\"category tag\">Salud<\/a>\t\t\t\t<\/div>\n\t\t\t\n\t\t\t\t\t\t\t<h3 class=\"wd-post-title wd-entities-title title post-title\">\n\t\t\t\t\t<a href=\"https:\/\/pilaresdasaude.pt\/es\/cansancio-y-caida-del-cabello-cuando-la-anemia-puede-ser-la-causa-y-como-ayuda-el-hierro-endovenoso\/\" rel=\"bookmark\">\n\t\t\t\t\t\tCansancio y ca\u00edda del cabello: cu\u00e1ndo la anemia puede ser la causa y c\u00f3mo ayuda el hierro endovenoso\t\t\t\t\t<\/a>\n\t\t\t\t<\/h3>\n\t\t\t\n\t\t\t\t\t\t\t<div class=\"wd-post-meta\">\n\t\t\t\t\t\t\t\t\t\t\t\t\t\t\t<div class=\"wd-post-author\">\n\t\t\t\t\t\t\t\t\t\t\t<span>Posted by<\/span>\n\t\t\n\t\t\t\t\t<img alt='author-avatar' src='https:\/\/secure.gravatar.com\/avatar\/a7b28cea3e15898b23bf384f9550ab65f82399d879790eda178b0f1912f84652?s=18&#038;d=mm&#038;r=g' srcset='https:\/\/secure.gravatar.com\/avatar\/a7b28cea3e15898b23bf384f9550ab65f82399d879790eda178b0f1912f84652?s=36&#038;d=mm&#038;r=g 2x' class='avatar avatar-18 photo' height='18' width='18' \/>\t\t\n\t\t\t\t\t<a href=\"https:\/\/pilaresdasaude.pt\/es\/author\/pilaresdasaude\/\" class=\"author\" rel=\"author\">Pilares da Sa\u00fade<\/a>\n\t\t\t\t\t\t\t\t\t<\/div>\n\t\t\t\t\t<div class=\"wd-modified-date\">\n\t\t\t\t\t\t\t\t<time class=\"updated\" datetime=\"2025-07-25T10:26:23+00:00\">\n\t\t\tjulio 25, 2025\t\t<\/time>\n\t\t\t\t\t\t\t<\/div>\n\n\t\t\t\t\t\t\t\t\t\t\t<div tabindex=\"0\" class=\"wd-post-share wd-tltp\">\n\t\t\t\t\t\t\t<div class=\"tooltip top\">\n\t\t\t\t\t\t\t\t<div class=\"tooltip-inner\">\n\t\t\t\t\t\t\t\t\t\t\t\t<div\n\t\t\t\t\t\tclass=\" wd-social-icons wd-style-default wd-size-small social-share wd-shape-circle color-scheme-light text-center\">\n\t\t\t\t\n\t\t\t\t\n\t\t\t\t\t\t\t\t\t<a rel=\"noopener noreferrer nofollow\" href=\"https:\/\/www.facebook.com\/sharer\/sharer.php?u=https:\/\/pilaresdasaude.pt\/es\/cansancio-y-caida-del-cabello-cuando-la-anemia-puede-ser-la-causa-y-como-ayuda-el-hierro-endovenoso\/\" target=\"_blank\" class=\" wd-social-icon social-facebook\" aria-label=\"Facebook social link\">\n\t\t\t\t\t\t<span class=\"wd-icon\"><\/span>\n\t\t\t\t\t\t\t\t\t\t\t<\/a>\n\t\t\t\t\n\t\t\t\t\t\t\t\t\t<a rel=\"noopener noreferrer nofollow\" href=\"https:\/\/x.com\/share?url=https:\/\/pilaresdasaude.pt\/es\/cansancio-y-caida-del-cabello-cuando-la-anemia-puede-ser-la-causa-y-como-ayuda-el-hierro-endovenoso\/\" target=\"_blank\" class=\" wd-social-icon social-twitter\" aria-label=\"X social link\">\n\t\t\t\t\t\t<span class=\"wd-icon\"><\/span>\n\t\t\t\t\t\t\t\t\t\t\t<\/a>\n\t\t\t\t\n\t\t\t\t\n\t\t\t\t\n\t\t\t\t\n\t\t\t\t\n\t\t\t\t\n\t\t\t\t\t\t\t\t\t<a rel=\"noopener noreferrer nofollow\" href=\"https:\/\/pinterest.com\/pin\/create\/button\/?url=https:\/\/pilaresdasaude.pt\/es\/cansancio-y-caida-del-cabello-cuando-la-anemia-puede-ser-la-causa-y-como-ayuda-el-hierro-endovenoso\/&#038;media=https:\/\/pilaresdasaude.pt\/wp-content\/uploads\/2025\/03\/11-03-25_1200x630.jpg&#038;description=Cansancio%20y%20ca%C3%ADda%20del%20cabello%3A%20cu%C3%A1ndo%20la%20anemia%20puede%20ser%20la%20causa%20y%20c%C3%B3mo%20ayuda%20el%20hierro%20endovenoso\" target=\"_blank\" class=\" wd-social-icon social-pinterest\" aria-label=\"Pinterest social link\">\n\t\t\t\t\t\t<span class=\"wd-icon\"><\/span>\n\t\t\t\t\t\t\t\t\t\t\t<\/a>\n\t\t\t\t\n\t\t\t\t\n\t\t\t\t\t\t\t\t\t<a rel=\"noopener noreferrer nofollow\" href=\"https:\/\/www.linkedin.com\/shareArticle?mini=true&#038;url=https:\/\/pilaresdasaude.pt\/es\/cansancio-y-caida-del-cabello-cuando-la-anemia-puede-ser-la-causa-y-como-ayuda-el-hierro-endovenoso\/\" target=\"_blank\" class=\" wd-social-icon social-linkedin\" aria-label=\"Linkedin social link\">\n\t\t\t\t\t\t<span class=\"wd-icon\"><\/span>\n\t\t\t\t\t\t\t\t\t\t\t<\/a>\n\t\t\t\t\n\t\t\t\t\n\t\t\t\t\n\t\t\t\t\n\t\t\t\t\n\t\t\t\t\n\t\t\t\t\n\t\t\t\t\n\t\t\t\t\n\t\t\t\t\n\t\t\t\t\n\t\t\t\t\n\t\t\t\t\n\t\t\t\t\n\t\t\t\t\n\t\t\t\t\t\t\t\t\t<a rel=\"noopener noreferrer nofollow\" href=\"https:\/\/telegram.me\/share\/url?url=https:\/\/pilaresdasaude.pt\/es\/cansancio-y-caida-del-cabello-cuando-la-anemia-puede-ser-la-causa-y-como-ayuda-el-hierro-endovenoso\/\" target=\"_blank\" class=\" wd-social-icon social-tg\" aria-label=\"Telegram social link\">\n\t\t\t\t\t\t<span class=\"wd-icon\"><\/span>\n\t\t\t\t\t\t\t\t\t\t\t<\/a>\n\t\t\t\t\n\t\t\t\t\n\t\t\t<\/div>\n\n\t\t\t\t\t\t\t\t\t\t<\/div>\n\t\t\t\t\t\t\t\t<div class=\"tooltip-arrow\"><\/div>\n\t\t\t\t\t\t\t<\/div>\n\t\t\t\t\t\t<\/div>\n\t\t\t\t\t\n\t\t\t\t\t\t\t\t\t<\/div>\n\t\t\t\n\t\t\t\t\t\t\t<div class=\"wd-post-excerpt entry-content\">\n\t\t\t\t\tLa anemia es una afecci\u00f3n com\u00fan que puede pasar desapercibida, pero sus s\u00edntomas afectan s...\t\t\t\t<\/div>\n\t\t\t\n\t\t\t\t\t\t\t\t\t\t\t\t<div class=\"wd-post-read-more wd-style-link read-more-section\">\n\t\t\t\t\t\t<a class=\"\" href=\"https:\/\/pilaresdasaude.pt\/es\/cansancio-y-caida-del-cabello-cuando-la-anemia-puede-ser-la-causa-y-como-ayuda-el-hierro-endovenoso\/\">Continue reading<\/a>\t\t\t\t\t<\/div>\n\t\t\t\t\t\t\t\t\t<\/div>\n\t<\/div>\n<\/article>\n\n\t\t\t\t\t<\/div>\n\t\t\t\t\t\t\t\t<\/div>\n\t\t\t\t\t<\/div>\n\n\t\t\t\t\t\t\t<div class=\"wd-nav-arrows wd-pos-sep wd-hover-1 wd-icon-1\">\n\t\t\t<div class=\"wd-btn-arrow wd-prev wd-disabled\">\n\t\t\t\t<div class=\"wd-arrow-inner\"><\/div>\n\t\t\t<\/div>\n\t\t\t<div class=\"wd-btn-arrow wd-next\">\n\t\t\t\t<div class=\"wd-arrow-inner\"><\/div>\n\t\t\t<\/div>\n\t\t<\/div>\n\t\t\t\t\t\t<\/div>\n\n\t\t\t\t\t\t\t\t\t<div class=\"wd-nav-pagin-wrap text-center wd-style-shape wd-hide-md-sm wd-hide-sm\">\n\t\t\t<ul class=\"wd-nav-pagin\"><\/ul>\n\t\t<\/div>\n\t\t\t\t\t\t\t\t\t<\/div>\n\t\t\t\t\t\t\t\t\t\t<\/div>\n\t\t\t\t<\/div>\n\t\t\t\t\t<\/div>\n\t\t<\/div>\n\t\t\t\t\t<\/div>\n\t\t<\/section>\n\t\t\t\t<section class=\"wd-negative-gap elementor-section elementor-top-section elementor-element elementor-element-56947c14 elementor-section-content-middle wd-section-stretch elementor-section-boxed elementor-section-height-default elementor-section-height-default\" data-id=\"56947c14\" data-element_type=\"section\" data-e-type=\"section\" data-settings=\"{&quot;background_background&quot;:&quot;gradient&quot;,&quot;shape_divider_top&quot;:&quot;wd_sweet_wave&quot;,&quot;shape_divider_bottom&quot;:&quot;wd_sweet_wave&quot;,&quot;ekit_has_onepagescroll_dot&quot;:&quot;yes&quot;}\">\n\t\t\t\t\t<div class=\"elementor-shape elementor-shape-top\" aria-hidden=\"true\" data-negative=\"false\">\n\t\t\t<svg width=\"100%\" height=\"50px\" viewBox=\"0 0 1920 80\" xmlns=\"http:\/\/www.w3.org\/2000\/svg\" class=\"wd-divider\" preserveAspectRatio=\"none\">\n<path class=\"elementor-shape-fill\" d=\"M1920,60s-169.5,20-510,20S850.5,20,510,20,0,60,0,60V0H1920Z\" \/>\n<\/svg>\n\t\t<\/div>\n\t\t\t\t<div class=\"elementor-shape elementor-shape-bottom\" aria-hidden=\"true\" data-negative=\"false\">\n\t\t\t<svg width=\"100%\" height=\"50px\" viewBox=\"0 0 1920 80\" xmlns=\"http:\/\/www.w3.org\/2000\/svg\" class=\"wd-divider\" preserveAspectRatio=\"none\">\n<path class=\"elementor-shape-fill\" d=\"M1920,60s-169.5,20-510,20S850.5,20,510,20,0,60,0,60V0H1920Z\" \/>\n<\/svg>\n\t\t<\/div>\n\t\t\t\t\t<div class=\"elementor-container elementor-column-gap-default\">\n\t\t\t\t\t<div class=\"elementor-column elementor-col-50 elementor-top-column elementor-element elementor-element-583e2ed3\" data-id=\"583e2ed3\" data-element_type=\"column\" data-e-type=\"column\">\n\t\t\t<div class=\"elementor-widget-wrap elementor-element-populated\">\n\t\t\t\t\t\t<div class=\"elementor-element elementor-element-51e705fa wd-width-100 elementor-widget elementor-widget-wd_title\" data-id=\"51e705fa\" data-element_type=\"widget\" data-e-type=\"widget\" data-settings=\"{&quot;ekit_we_effect_on&quot;:&quot;none&quot;}\" data-widget_type=\"wd_title.default\">\n\t\t\t\t<div class=\"elementor-widget-container\">\n\t\t\t\t\t\t\t<div class=\"title-wrapper wd-set-mb reset-last-child wd-title-color-default wd-title-style-default wd-title-size-large text-center\">\n\n\t\t\t\n\t\t\t<div class=\"liner-continer\">\n\t\t\t\t<h4 class=\"woodmart-title-container title wd-fontsize-xxl\">\u00bfQuieres estar al d\u00eda de nuestras noticias?<\/h4> \n\t\t\t\t\t\t\t<\/div>\n\n\t\t\t\t\t\t\t<div class=\"title-after_title reset-last-child wd-fontsize-s\">\n\t\t\t\t\t<p>Suscr\u00edbete ahora a nuestro bolet\u00edn y \u00fanete a nuestra comunidad de belleza y bienestar:<\/p>\t\t\t\t<\/div>\n\t\t\t\t\t<\/div>\n\t\t\t\t\t\t<\/div>\n\t\t\t\t<\/div>\n\t\t\t\t<div class=\"elementor-element elementor-element-c4402cc color-scheme-inherit text-left elementor-widget elementor-widget-text-editor\" data-id=\"c4402cc\" data-element_type=\"widget\" data-e-type=\"widget\" data-settings=\"{&quot;ekit_we_effect_on&quot;:&quot;none&quot;}\" data-widget_type=\"text-editor.default\">\n\t\t\t\t<div class=\"elementor-widget-container\">\n\t\t\t\t\t\t\t\t\t<iframe src=\"https:\/\/api.crm.superplural.com\/widget\/form\/J7whqRgSBLFxTb0b6ezG\" style=\"width:100%;height:100%;border:none;border-radius:0px\" id=\"inline-J7whqRgSBLFxTb0b6ezG\" data-layout=\"{'id':'INLINE'}\" data-trigger-type=\"alwaysShow\" data-trigger-value=\"\" data-activation-type=\"alwaysActivated\" data-activation-value=\"\" data-deactivation-type=\"neverDeactivate\" data-deactivation-value=\"\" data-form-name=\"Newsletter\" data-height=\"429\" data-layout-iframe-id=\"inline-J7whqRgSBLFxTb0b6ezG\" data-form-id=\"J7whqRgSBLFxTb0b6ezG\" title=\"Bolet\u00edn\">\n<\/iframe>\n<script src=\"https:\/\/api.crm.superplural.com\/js\/form_embed.js\"><\/script>\t\t\t\t\t\t\t\t<\/div>\n\t\t\t\t<\/div>\n\t\t\t\t<div class=\"elementor-element elementor-element-5797bd08 elementor-hidden-desktop elementor-hidden-tablet elementor-hidden-mobile color-scheme-inherit text-left elementor-widget elementor-widget-text-editor\" data-id=\"5797bd08\" data-element_type=\"widget\" data-e-type=\"widget\" data-settings=\"{&quot;ekit_we_effect_on&quot;:&quot;none&quot;}\" data-widget_type=\"text-editor.default\">\n\t\t\t\t<div class=\"elementor-widget-container\">\n\t\t\t\t\t\t\t\t\t<p>Estoy de acuerdo con la <a href=\"#\">\n  <strong>Pol\u00edtica de privacidad<\/strong>\n<\/a><\/p>\t\t\t\t\t\t\t\t<\/div>\n\t\t\t\t<\/div>\n\t\t\t\t\t<\/div>\n\t\t<\/div>\n\t\t\t\t<div class=\"elementor-column elementor-col-50 elementor-top-column elementor-element elementor-element-2010f5ad\" data-id=\"2010f5ad\" data-element_type=\"column\" data-e-type=\"column\">\n\t\t\t<div class=\"elementor-widget-wrap elementor-element-populated\">\n\t\t\t\t\t\t<div class=\"elementor-element elementor-element-b86556c wd-width-100 elementor-widget elementor-widget-wd_title\" data-id=\"b86556c\" data-element_type=\"widget\" data-e-type=\"widget\" data-settings=\"{&quot;ekit_we_effect_on&quot;:&quot;none&quot;}\" data-widget_type=\"wd_title.default\">\n\t\t\t\t<div class=\"elementor-widget-container\">\n\t\t\t\t\t\t\t<div class=\"title-wrapper wd-set-mb reset-last-child wd-title-color-default wd-title-style-default wd-title-size-large text-center\">\n\n\t\t\t\n\t\t\t<div class=\"liner-continer\">\n\t\t\t\t<h4 class=\"woodmart-title-container title wd-fontsize-xxl\">Lo que dicen nuestros clientes<\/h4> \n\t\t\t\t\t\t\t<\/div>\n\n\t\t\t\t\t<\/div>\n\t\t\t\t\t\t<\/div>\n\t\t\t\t<\/div>\n\t\t\t\t<div class=\"elementor-element elementor-element-3a35ccfc elementor-widget elementor-widget-wd_testimonials\" data-id=\"3a35ccfc\" data-element_type=\"widget\" data-e-type=\"widget\" data-settings=\"{&quot;ekit_we_effect_on&quot;:&quot;none&quot;}\" data-widget_type=\"wd_testimonials.default\">\n\t\t\t\t<div class=\"elementor-widget-container\">\n\t\t\t\t\t\t\t<div class=\"testimonials testimon-style-standard  color-scheme- testimon-align-center wd-carousel-container\" id=\"carousel-4478\">\n\t\t\t\t\t\t\t<div class=\"wd-carousel-inner\">\n\t\t\t\n\t\t\t<div class=\"wd-carousel wd-grid\" data-scroll_per_page=\"yes\" style=\"--wd-col-lg:1;--wd-col-md:1;--wd-col-sm:1;--wd-gap-lg:30px;--wd-gap-sm:10px;\">\n\t\t\t\t\t\t\t\t\t<div class=\"wd-carousel-wrap\">\n\t\t\t\t\n\t\t\t\t\t\t\t\t\t\n<div class=\"testimonial wd-carousel-item\">\n\t<div class=\"testimonial-inner\">\n\t\t\n\t\t<div class=\"testimonial-content\">\n\t\t\t<div class=\"testimonial-rating\">\n\t\t\t\t<span class=\"star-rating\">\n\t\t\t\t\t<span style=\"width:100%\"><\/span>\n\t\t\t\t<\/span>\n\t\t\t<\/div>\n\n\t\t\t<p>Profesionales y cl\u00ednicas excepcionales. Lo recomiendo encarecidamente.<\/p>\n\t\t\t<footer>\n\t\t\t\tJos\u00e9 Miranda\n\t\t\t\t\t\t\t<\/footer>\n\t\t<\/div>\n\t<\/div>\n<\/div>\t\t\t\t\t\t\t\t\t\n<div class=\"testimonial wd-carousel-item\">\n\t<div class=\"testimonial-inner\">\n\t\t\n\t\t<div class=\"testimonial-content\">\n\t\t\t<div class=\"testimonial-rating\">\n\t\t\t\t<span class=\"star-rating\">\n\t\t\t\t\t<span style=\"width:100%\"><\/span>\n\t\t\t\t<\/span>\n\t\t\t<\/div>\n\n\t\t\t<p>Un servicio incre\u00edble, profesionales cualificados y una recepci\u00f3n muy bien preparada. Lo recomiendo en todos los sentidos.<\/p>\n\t\t\t<footer>\n\t\t\t\tKleber Melo\n\t\t\t\t\t\t\t<\/footer>\n\t\t<\/div>\n\t<\/div>\n<\/div>\t\t\t\t\n\t\t\t\t\t\t\t\t\t<\/div>\n\t\t\t\t\t\t\t<\/div>\n\t\t\t\t\t\t\t\t\t\t\t\t\t\t<div class=\"wd-nav-arrows wd-pos-sep wd-hover-1 wd-icon-1\">\n\t\t\t<div class=\"wd-btn-arrow wd-prev wd-disabled\">\n\t\t\t\t<div class=\"wd-arrow-inner\"><\/div>\n\t\t\t<\/div>\n\t\t\t<div class=\"wd-btn-arrow wd-next\">\n\t\t\t\t<div class=\"wd-arrow-inner\"><\/div>\n\t\t\t<\/div>\n\t\t<\/div>\n\t\t\t\t\t\t\n\t\t\t\t<\/div>\n\n\t\t\t\t\t\t\t\t\t\t\t\t\t<\/div>\n\t\t\t\t\t\t<\/div>\n\t\t\t\t<\/div>\n\t\t\t\t\t<\/div>\n\t\t<\/div>\n\t\t\t\t\t<\/div>\n\t\t<\/section>\n\t\t\t\t<\/div>\n\t\t","protected":false},"excerpt":{"rendered":"<p>ANDREIA MONTEIRO Soy m\u00e9dico especialista en inmunohemoterapia y formaci\u00f3n sanitaria. Verdadera apasionada de la medicina personalizada, la medicina est\u00e9tica y<\/p>\n","protected":false},"author":1,"featured_media":0,"parent":0,"menu_order":0,"comment_status":"closed","ping_status":"closed","template":"","meta":{"footnotes":""},"class_list":["post-15825","page","type-page","status-publish","hentry"],"yoast_head":"<!-- This site is optimized with the Yoast SEO Premium plugin v21.7 (Yoast SEO v21.7) - https:\/\/yoast.com\/wordpress\/plugins\/seo\/ -->\n<title>- Cl\u00ednica M\u00e9dica e Est\u00e9tica%<\/title>\n<meta name=\"description\" content=\"Cl\u00ednica m\u00e9dica y est\u00e9tica. Centrados en la salud y el bienestar de nuestros pacientes. Unidos por la idea de salud y el esp\u00edritu de misi\u00f3n.\" \/>\n<meta name=\"robots\" content=\"index, follow, max-snippet:-1, max-image-preview:large, max-video-preview:-1\" \/>\n<link rel=\"canonical\" href=\"https:\/\/pilaresdasaude.pt\/es\/inicio\/\" \/>\n<meta property=\"og:locale\" content=\"es_ES\" \/>\n<meta property=\"og:type\" content=\"article\" \/>\n<meta property=\"og:title\" content=\"Inicio\" \/>\n<meta property=\"og:description\" content=\"Cl\u00ednica m\u00e9dica y est\u00e9tica. Centrados en la salud y el bienestar de nuestros pacientes. Unidos por la idea de salud y el esp\u00edritu de misi\u00f3n.\" \/>\n<meta property=\"og:url\" content=\"https:\/\/pilaresdasaude.pt\/es\/inicio\/\" \/>\n<meta property=\"og:site_name\" content=\"Pilares da Sa\u00fade\" \/>\n<meta property=\"article:modified_time\" content=\"2025-07-25T10:15:08+00:00\" \/>\n<meta property=\"og:image\" content=\"http:\/\/pilaresdasaude.pt\/wp-content\/uploads\/2023\/08\/dra-andreia-monteiro-3.png\" \/>\n<meta name=\"twitter:card\" content=\"summary_large_image\" \/>\n<meta name=\"twitter:label1\" content=\"Tiempo de lectura\" \/>\n\t<meta name=\"twitter:data1\" content=\"7 minutos\" \/>\n<script type=\"application\/ld+json\" class=\"yoast-schema-graph\">{\"@context\":\"https:\/\/schema.org\",\"@graph\":[{\"@type\":\"WebPage\",\"@id\":\"https:\/\/pilaresdasaude.pt\/es\/inicio\/\",\"url\":\"https:\/\/pilaresdasaude.pt\/es\/inicio\/\",\"name\":\"- Cl\u00ednica M\u00e9dica e Est\u00e9tica%\",\"isPartOf\":{\"@id\":\"https:\/\/pilaresdasaude.pt\/es\/#website\"},\"datePublished\":\"2021-10-24T07:25:42+00:00\",\"dateModified\":\"2025-07-25T10:15:08+00:00\",\"description\":\"Cl\u00ednica m\u00e9dica y est\u00e9tica. Centrados en la salud y el bienestar de nuestros pacientes. Unidos por la idea de salud y el esp\u00edritu de misi\u00f3n.\",\"breadcrumb\":{\"@id\":\"https:\/\/pilaresdasaude.pt\/es\/inicio\/#breadcrumb\"},\"inLanguage\":\"es\",\"potentialAction\":[{\"@type\":\"ReadAction\",\"target\":[\"https:\/\/pilaresdasaude.pt\/es\/inicio\/\"]}]},{\"@type\":\"BreadcrumbList\",\"@id\":\"https:\/\/pilaresdasaude.pt\/es\/inicio\/#breadcrumb\",\"itemListElement\":[{\"@type\":\"ListItem\",\"position\":1,\"name\":\"In\u00edcio\",\"item\":\"https:\/\/pilaresdasaude.pt\/es\/\"},{\"@type\":\"ListItem\",\"position\":2,\"name\":\"Inicio\"}]},{\"@type\":\"WebSite\",\"@id\":\"https:\/\/pilaresdasaude.pt\/es\/#website\",\"url\":\"https:\/\/pilaresdasaude.pt\/es\/\",\"name\":\"Pilares da sa\u00fade\",\"description\":\"Cl\u00ednica M\u00e9dica e Est\u00e9tica\",\"publisher\":{\"@id\":\"https:\/\/pilaresdasaude.pt\/es\/#organization\"},\"potentialAction\":[{\"@type\":\"SearchAction\",\"target\":{\"@type\":\"EntryPoint\",\"urlTemplate\":\"https:\/\/pilaresdasaude.pt\/es\/?s={search_term_string}\"},\"query-input\":\"required name=search_term_string\"}],\"inLanguage\":\"es\"},{\"@type\":\"Organization\",\"@id\":\"https:\/\/pilaresdasaude.pt\/es\/#organization\",\"name\":\"Pilares da sa\u00fade\",\"url\":\"https:\/\/pilaresdasaude.pt\/es\/\",\"logo\":{\"@type\":\"ImageObject\",\"inLanguage\":\"es\",\"@id\":\"https:\/\/pilaresdasaude.pt\/es\/#\/schema\/logo\/image\/\",\"url\":\"http:\/\/pilaresdasaude.pt\/wp-content\/uploads\/2021\/10\/pilares-da-saude-fav.svg\",\"contentUrl\":\"http:\/\/pilaresdasaude.pt\/wp-content\/uploads\/2021\/10\/pilares-da-saude-fav.svg\",\"width\":512,\"height\":512,\"caption\":\"Pilares da sa\u00fade\"},\"image\":{\"@id\":\"https:\/\/pilaresdasaude.pt\/es\/#\/schema\/logo\/image\/\"}}]}<\/script>\n<!-- \/ Yoast SEO Premium plugin. -->","yoast_head_json":{"title":"- Cl\u00ednica M\u00e9dica e Est\u00e9tica%","description":"Cl\u00ednica m\u00e9dica y est\u00e9tica. Centrados en la salud y el bienestar de nuestros pacientes. Unidos por la idea de salud y el esp\u00edritu de misi\u00f3n.","robots":{"index":"index","follow":"follow","max-snippet":"max-snippet:-1","max-image-preview":"max-image-preview:large","max-video-preview":"max-video-preview:-1"},"canonical":"https:\/\/pilaresdasaude.pt\/es\/inicio\/","og_locale":"es_ES","og_type":"article","og_title":"Inicio","og_description":"Cl\u00ednica m\u00e9dica y est\u00e9tica. Centrados en la salud y el bienestar de nuestros pacientes. Unidos por la idea de salud y el esp\u00edritu de misi\u00f3n.","og_url":"https:\/\/pilaresdasaude.pt\/es\/inicio\/","og_site_name":"Pilares da Sa\u00fade","article_modified_time":"2025-07-25T10:15:08+00:00","og_image":[{"url":"http:\/\/pilaresdasaude.pt\/wp-content\/uploads\/2023\/08\/dra-andreia-monteiro-3.png"}],"twitter_card":"summary_large_image","twitter_misc":{"Tiempo de lectura":"7 minutos"},"schema":{"@context":"https:\/\/schema.org","@graph":[{"@type":"WebPage","@id":"https:\/\/pilaresdasaude.pt\/es\/inicio\/","url":"https:\/\/pilaresdasaude.pt\/es\/inicio\/","name":"- Cl\u00ednica M\u00e9dica e Est\u00e9tica%","isPartOf":{"@id":"https:\/\/pilaresdasaude.pt\/es\/#website"},"datePublished":"2021-10-24T07:25:42+00:00","dateModified":"2025-07-25T10:15:08+00:00","description":"Cl\u00ednica m\u00e9dica y est\u00e9tica. Centrados en la salud y el bienestar de nuestros pacientes. Unidos por la idea de salud y el esp\u00edritu de misi\u00f3n.","breadcrumb":{"@id":"https:\/\/pilaresdasaude.pt\/es\/inicio\/#breadcrumb"},"inLanguage":"es","potentialAction":[{"@type":"ReadAction","target":["https:\/\/pilaresdasaude.pt\/es\/inicio\/"]}]},{"@type":"BreadcrumbList","@id":"https:\/\/pilaresdasaude.pt\/es\/inicio\/#breadcrumb","itemListElement":[{"@type":"ListItem","position":1,"name":"In\u00edcio","item":"https:\/\/pilaresdasaude.pt\/es\/"},{"@type":"ListItem","position":2,"name":"Inicio"}]},{"@type":"WebSite","@id":"https:\/\/pilaresdasaude.pt\/es\/#website","url":"https:\/\/pilaresdasaude.pt\/es\/","name":"Pilares da sa\u00fade","description":"Cl\u00ednica M\u00e9dica e Est\u00e9tica","publisher":{"@id":"https:\/\/pilaresdasaude.pt\/es\/#organization"},"potentialAction":[{"@type":"SearchAction","target":{"@type":"EntryPoint","urlTemplate":"https:\/\/pilaresdasaude.pt\/es\/?s={search_term_string}"},"query-input":"required name=search_term_string"}],"inLanguage":"es"},{"@type":"Organization","@id":"https:\/\/pilaresdasaude.pt\/es\/#organization","name":"Pilares da sa\u00fade","url":"https:\/\/pilaresdasaude.pt\/es\/","logo":{"@type":"ImageObject","inLanguage":"es","@id":"https:\/\/pilaresdasaude.pt\/es\/#\/schema\/logo\/image\/","url":"http:\/\/pilaresdasaude.pt\/wp-content\/uploads\/2021\/10\/pilares-da-saude-fav.svg","contentUrl":"http:\/\/pilaresdasaude.pt\/wp-content\/uploads\/2021\/10\/pilares-da-saude-fav.svg","width":512,"height":512,"caption":"Pilares da sa\u00fade"},"image":{"@id":"https:\/\/pilaresdasaude.pt\/es\/#\/schema\/logo\/image\/"}}]}},"_hostinger_reach_plugin_has_subscription_block":false,"_hostinger_reach_plugin_is_elementor":false,"_links":{"self":[{"href":"https:\/\/pilaresdasaude.pt\/es\/wp-json\/wp\/v2\/pages\/15825","targetHints":{"allow":["GET"]}}],"collection":[{"href":"https:\/\/pilaresdasaude.pt\/es\/wp-json\/wp\/v2\/pages"}],"about":[{"href":"https:\/\/pilaresdasaude.pt\/es\/wp-json\/wp\/v2\/types\/page"}],"author":[{"embeddable":true,"href":"https:\/\/pilaresdasaude.pt\/es\/wp-json\/wp\/v2\/users\/1"}],"replies":[{"embeddable":true,"href":"https:\/\/pilaresdasaude.pt\/es\/wp-json\/wp\/v2\/comments?post=15825"}],"version-history":[{"count":4,"href":"https:\/\/pilaresdasaude.pt\/es\/wp-json\/wp\/v2\/pages\/15825\/revisions"}],"predecessor-version":[{"id":20507,"href":"https:\/\/pilaresdasaude.pt\/es\/wp-json\/wp\/v2\/pages\/15825\/revisions\/20507"}],"wp:attachment":[{"href":"https:\/\/pilaresdasaude.pt\/es\/wp-json\/wp\/v2\/media?parent=15825"}],"curies":[{"name":"wp","href":"https:\/\/api.w.org\/{rel}","templated":true}]}}