{"id":20438,"date":"2024-11-22T13:46:13","date_gmt":"2024-11-22T13:46:13","guid":{"rendered":"https:\/\/lime-barracuda-517323.hostingersite.com\/medicina-preventiva-funcional\/"},"modified":"2025-07-25T10:15:23","modified_gmt":"2025-07-25T10:15:23","slug":"medicina-preventiva-funcional","status":"publish","type":"page","link":"https:\/\/pilaresdasaude.pt\/es\/consultas\/medicina-estetica\/medicina-preventiva-funcional\/","title":{"rendered":"Medicina preventiva funcional"},"content":{"rendered":"\t\t<div data-elementor-type=\"wp-page\" data-elementor-id=\"20438\" class=\"elementor elementor-20438 elementor-18230\" data-elementor-post-type=\"page\">\n\t\t\t\t<div class=\"elementor-element elementor-element-c97d9c7 elementor-hidden-desktop elementor-hidden-tablet wd-section-stretch e-flex e-con-boxed e-con e-parent\" data-id=\"c97d9c7\" data-element_type=\"container\" data-e-type=\"container\" data-settings=\"{&quot;background_background&quot;:&quot;classic&quot;,&quot;ekit_has_onepagescroll_dot&quot;:&quot;yes&quot;}\">\n\t\t\t\t\t<div class=\"e-con-inner\">\n\t\t<div class=\"elementor-element elementor-element-7a0a52e e-con-full e-flex e-con e-child\" data-id=\"7a0a52e\" data-element_type=\"container\" data-e-type=\"container\" data-settings=\"{&quot;ekit_has_onepagescroll_dot&quot;:&quot;yes&quot;}\">\n\t\t\t\t<div class=\"elementor-element elementor-element-a3bbb44 elementor-widget elementor-widget-spacer\" data-id=\"a3bbb44\" data-element_type=\"widget\" data-e-type=\"widget\" data-settings=\"{&quot;ekit_we_effect_on&quot;:&quot;none&quot;}\" data-widget_type=\"spacer.default\">\n\t\t\t\t<div class=\"elementor-widget-container\">\n\t\t\t\t\t\t\t<div class=\"elementor-spacer\">\n\t\t\t<div class=\"elementor-spacer-inner\"><\/div>\n\t\t<\/div>\n\t\t\t\t\t\t<\/div>\n\t\t\t\t<\/div>\n\t\t\t\t<div class=\"elementor-element elementor-element-2800132 elementor-widget elementor-widget-spacer\" data-id=\"2800132\" data-element_type=\"widget\" data-e-type=\"widget\" data-settings=\"{&quot;ekit_we_effect_on&quot;:&quot;none&quot;}\" data-widget_type=\"spacer.default\">\n\t\t\t\t<div class=\"elementor-widget-container\">\n\t\t\t\t\t\t\t<div class=\"elementor-spacer\">\n\t\t\t<div class=\"elementor-spacer-inner\"><\/div>\n\t\t<\/div>\n\t\t\t\t\t\t<\/div>\n\t\t\t\t<\/div>\n\t\t\t\t<div class=\"elementor-element elementor-element-81f6cfb color-scheme-inherit text-left elementor-widget elementor-widget-text-editor\" data-id=\"81f6cfb\" data-element_type=\"widget\" data-e-type=\"widget\" data-settings=\"{&quot;ekit_we_effect_on&quot;:&quot;none&quot;}\" data-widget_type=\"text-editor.default\">\n\t\t\t\t<div class=\"elementor-widget-container\">\n\t\t\t\t\t\t\t\t\t<p>MEDICINA PREVENTIVA FUNCIONAL<\/p>\t\t\t\t\t\t\t\t<\/div>\n\t\t\t\t<\/div>\n\t\t\t\t<div class=\"elementor-element elementor-element-4aeb5b3 elementor-widget elementor-widget-heading\" data-id=\"4aeb5b3\" data-element_type=\"widget\" data-e-type=\"widget\" data-settings=\"{&quot;ekit_we_effect_on&quot;:&quot;none&quot;}\" data-widget_type=\"heading.default\">\n\t\t\t\t<div class=\"elementor-widget-container\">\n\t\t\t\t\t<h2 class=\"elementor-heading-title elementor-size-default\">Descubre la medicina que te cuida \n <span style=\"color:#7A7A7A\">\u00a1por completo!<\/span><\/h2>\t\t\t\t<\/div>\n\t\t\t\t<\/div>\n\t\t\t\t<div class=\"elementor-element elementor-element-e646fc1 color-scheme-inherit text-left elementor-widget elementor-widget-text-editor\" data-id=\"e646fc1\" data-element_type=\"widget\" data-e-type=\"widget\" data-settings=\"{&quot;ekit_we_effect_on&quot;:&quot;none&quot;}\" data-widget_type=\"text-editor.default\">\n\t\t\t\t<div class=\"elementor-widget-container\">\n\t\t\t\t\t\t\t\t\tEn la Medicina Preventiva Funcional, la atenci\u00f3n ya no se centra en la enfermedad, sino en usted.  \n<br><br>Atenci\u00f3n personalizada que a\u00fana cuerpo, mente y estilo de vida para transformar su salud desde el interior.\n\t\t\t\t\t\t\t\t<\/div>\n\t\t\t\t<\/div>\n\t\t\t\t<div class=\"elementor-element elementor-element-cdd3640 elementor-align-justify elementor-widget elementor-widget-button\" data-id=\"cdd3640\" data-element_type=\"widget\" data-e-type=\"widget\" data-settings=\"{&quot;ekit_we_effect_on&quot;:&quot;none&quot;}\" data-widget_type=\"button.default\">\n\t\t\t\t<div class=\"elementor-widget-container\">\n\t\t\t\t\t\t\t\t\t<div class=\"elementor-button-wrapper\">\n\t\t\t\t\t<a class=\"elementor-button elementor-button-link elementor-size-md\" href=\"#conheca\">\n\t\t\t\t\t\t<span class=\"elementor-button-content-wrapper\">\n\t\t\t\t\t\t\t\t\t<span class=\"elementor-button-text\">SABER MEJOR<\/span>\n\t\t\t\t\t<\/span>\n\t\t\t\t\t<\/a>\n\t\t\t\t<\/div>\n\t\t\t\t\t\t\t\t<\/div>\n\t\t\t\t<\/div>\n\t\t\t\t<\/div>\n\t\t\t\t\t<\/div>\n\t\t\t\t<\/div>\n\t\t<div class=\"elementor-element elementor-element-4b51272 elementor-hidden-mobile glowflow wd-section-stretch e-flex e-con-boxed e-con e-parent\" data-id=\"4b51272\" data-element_type=\"container\" data-e-type=\"container\" id=\"glowflow\" data-settings=\"{&quot;background_background&quot;:&quot;classic&quot;,&quot;ekit_has_onepagescroll_dot&quot;:&quot;yes&quot;}\">\n\t\t\t\t\t<div class=\"e-con-inner\">\n\t\t<div class=\"elementor-element elementor-element-d9d2134 e-con-full e-flex e-con e-child\" data-id=\"d9d2134\" data-element_type=\"container\" data-e-type=\"container\" data-settings=\"{&quot;ekit_has_onepagescroll_dot&quot;:&quot;yes&quot;}\">\n\t\t\t\t<div class=\"elementor-element elementor-element-74d08dc elementor-widget elementor-widget-spacer\" data-id=\"74d08dc\" data-element_type=\"widget\" data-e-type=\"widget\" data-settings=\"{&quot;ekit_we_effect_on&quot;:&quot;none&quot;}\" data-widget_type=\"spacer.default\">\n\t\t\t\t<div class=\"elementor-widget-container\">\n\t\t\t\t\t\t\t<div class=\"elementor-spacer\">\n\t\t\t<div class=\"elementor-spacer-inner\"><\/div>\n\t\t<\/div>\n\t\t\t\t\t\t<\/div>\n\t\t\t\t<\/div>\n\t\t\t\t<div class=\"elementor-element elementor-element-f086340 elementor-widget elementor-widget-image\" data-id=\"f086340\" data-element_type=\"widget\" data-e-type=\"widget\" data-settings=\"{&quot;ekit_we_effect_on&quot;:&quot;none&quot;}\" data-widget_type=\"image.default\">\n\t\t\t\t<div class=\"elementor-widget-container\">\n\t\t\t\t\t\t\t\t\t\t\t\t\t\t\t<img loading=\"lazy\" decoding=\"async\" width=\"512\" height=\"512\" src=\"https:\/\/pilaresdasaude.pt\/wp-content\/uploads\/2021\/10\/pilares-da-saude-fav.svg\" class=\"attachment-large size-large wp-image-15226\" alt=\"\" \/>\t\t\t\t\t\t\t\t\t\t\t\t\t\t\t<\/div>\n\t\t\t\t<\/div>\n\t\t\t\t<div class=\"elementor-element elementor-element-d59a752 elementor-widget elementor-widget-heading\" data-id=\"d59a752\" data-element_type=\"widget\" data-e-type=\"widget\" data-settings=\"{&quot;ekit_we_effect_on&quot;:&quot;none&quot;}\" data-widget_type=\"heading.default\">\n\t\t\t\t<div class=\"elementor-widget-container\">\n\t\t\t\t\t<h2 class=\"elementor-heading-title elementor-size-default\">\u00a1Descubre la medicina que te cuida <font color=\"#7A7A7A\"> por completo! <\/font> <\/h2>\t\t\t\t<\/div>\n\t\t\t\t<\/div>\n\t\t\t\t<div class=\"elementor-element elementor-element-e52f1c0 color-scheme-inherit text-left elementor-widget elementor-widget-text-editor\" data-id=\"e52f1c0\" data-element_type=\"widget\" data-e-type=\"widget\" data-settings=\"{&quot;ekit_we_effect_on&quot;:&quot;none&quot;}\" data-widget_type=\"text-editor.default\">\n\t\t\t\t<div class=\"elementor-widget-container\">\n\t\t\t\t\t\t\t\t\t<p>En la <strong>Medicina Preventiva y Funcional<\/strong>, la atenci\u00f3n ya no se centra en la enfermedad, sino en su bienestar.<\/p><p>Atenci\u00f3n personalizada que a\u00fana cuerpo, mente y estilo de vida para transformar su salud desde el interior.<\/p>\t\t\t\t\t\t\t\t<\/div>\n\t\t\t\t<\/div>\n\t\t\t\t<div class=\"elementor-element elementor-element-fea1c39 elementor-align-justify elementor-widget elementor-widget-button\" data-id=\"fea1c39\" data-element_type=\"widget\" data-e-type=\"widget\" data-settings=\"{&quot;ekit_we_effect_on&quot;:&quot;none&quot;}\" data-widget_type=\"button.default\">\n\t\t\t\t<div class=\"elementor-widget-container\">\n\t\t\t\t\t\t\t\t\t<div class=\"elementor-button-wrapper\">\n\t\t\t\t\t<a class=\"elementor-button elementor-button-link elementor-size-md\" href=\"#conheca\">\n\t\t\t\t\t\t<span class=\"elementor-button-content-wrapper\">\n\t\t\t\t\t\t\t\t\t<span class=\"elementor-button-text\">SABER M\u00c1S<\/span>\n\t\t\t\t\t<\/span>\n\t\t\t\t\t<\/a>\n\t\t\t\t<\/div>\n\t\t\t\t\t\t\t\t<\/div>\n\t\t\t\t<\/div>\n\t\t\t\t<\/div>\n\t\t<div class=\"elementor-element elementor-element-be12c94 e-con-full e-flex e-con e-child\" data-id=\"be12c94\" data-element_type=\"container\" data-e-type=\"container\" data-settings=\"{&quot;ekit_has_onepagescroll_dot&quot;:&quot;yes&quot;}\">\n\t\t\t\t<div class=\"elementor-element elementor-element-26670e3 elementor-widget elementor-widget-html\" data-id=\"26670e3\" data-element_type=\"widget\" data-e-type=\"widget\" data-settings=\"{&quot;ekit_we_effect_on&quot;:&quot;none&quot;}\" data-widget_type=\"html.default\">\n\t\t\t\t<div class=\"elementor-widget-container\">\n\t\t\t\t\t<script type=\"text\/javascript\">(function(c,l,a,r,i,t,y){\n        c[a]=c[a]||function(){(c[a].q=c[a].q||[]).push(arguments)};\n        t=l.createElement(r);t.async=1;t.src=\"https:\/\/www.clarity.ms\/tag\/\"+i;\n        y=l.getElementsByTagName(r)[0];y.parentNode.insertBefore(t,y);\n    })(window, document, \"clarity\", \"script\", \"m25hmyrw5g\");\n<\/script>\t\t\t\t<\/div>\n\t\t\t\t<\/div>\n\t\t\t\t<\/div>\n\t\t\t\t\t<\/div>\n\t\t\t\t<\/div>\n\t\t<div class=\"wd-negative-gap elementor-element elementor-element-9d95c3e wd-section-stretch e-flex e-con-boxed e-con e-parent\" data-id=\"9d95c3e\" data-element_type=\"container\" data-e-type=\"container\" data-settings=\"{&quot;background_background&quot;:&quot;classic&quot;,&quot;ekit_has_onepagescroll_dot&quot;:&quot;yes&quot;}\">\n\t\t\t\t\t<div class=\"e-con-inner\">\n\t\t<div class=\"elementor-element elementor-element-e9fe548 e-con-full elementor-hidden-mobile e-flex e-con e-child\" data-id=\"e9fe548\" data-element_type=\"container\" data-e-type=\"container\" data-settings=\"{&quot;ekit_has_onepagescroll_dot&quot;:&quot;yes&quot;}\">\n\t\t\t\t<\/div>\n\t\t<div class=\"elementor-element elementor-element-d7a0194 e-con-full e-flex e-con e-child\" data-id=\"d7a0194\" data-element_type=\"container\" data-e-type=\"container\" data-settings=\"{&quot;ekit_has_onepagescroll_dot&quot;:&quot;yes&quot;}\">\n\t\t<div class=\"wd-negative-gap elementor-element elementor-element-3e30da5 e-flex e-con-boxed e-con e-child\" data-id=\"3e30da5\" data-element_type=\"container\" data-e-type=\"container\" data-settings=\"{&quot;ekit_has_onepagescroll_dot&quot;:&quot;yes&quot;}\">\n\t\t\t\t\t<div class=\"e-con-inner\">\n\t\t\t\t<div class=\"elementor-element elementor-element-3e4b2fb elementor-widget elementor-widget-menu-anchor\" data-id=\"3e4b2fb\" data-element_type=\"widget\" data-e-type=\"widget\" data-settings=\"{&quot;ekit_we_effect_on&quot;:&quot;none&quot;}\" data-widget_type=\"menu-anchor.default\">\n\t\t\t\t<div class=\"elementor-widget-container\">\n\t\t\t\t\t\t\t<div class=\"elementor-menu-anchor\" id=\"inscripcin\"><\/div>\n\t\t\t\t\t\t<\/div>\n\t\t\t\t<\/div>\n\t\t\t\t<div class=\"elementor-element elementor-element-2b1adbd elementor-widget elementor-widget-spacer\" data-id=\"2b1adbd\" data-element_type=\"widget\" data-e-type=\"widget\" data-settings=\"{&quot;ekit_we_effect_on&quot;:&quot;none&quot;}\" data-widget_type=\"spacer.default\">\n\t\t\t\t<div class=\"elementor-widget-container\">\n\t\t\t\t\t\t\t<div class=\"elementor-spacer\">\n\t\t\t<div class=\"elementor-spacer-inner\"><\/div>\n\t\t<\/div>\n\t\t\t\t\t\t<\/div>\n\t\t\t\t<\/div>\n\t\t\t\t<div class=\"elementor-element elementor-element-59cfe48 elementor-widget elementor-widget-heading\" data-id=\"59cfe48\" data-element_type=\"widget\" data-e-type=\"widget\" data-settings=\"{&quot;ekit_we_effect_on&quot;:&quot;none&quot;}\" data-widget_type=\"heading.default\">\n\t\t\t\t<div class=\"elementor-widget-container\">\n\t\t\t\t\t<h2 class=\"elementor-heading-title elementor-size-default\">Rellene el siguiente formulario<\/h2>\t\t\t\t<\/div>\n\t\t\t\t<\/div>\n\t\t\t\t<div class=\"elementor-element elementor-element-8aadc87 color-scheme-inherit text-left elementor-widget elementor-widget-text-editor\" data-id=\"8aadc87\" data-element_type=\"widget\" data-e-type=\"widget\" data-settings=\"{&quot;ekit_we_effect_on&quot;:&quot;none&quot;}\" data-widget_type=\"text-editor.default\">\n\t\t\t\t<div class=\"elementor-widget-container\">\n\t\t\t\t\t\t\t\t\t<p><span style=\"font-weight: 400;\">Rellene este r\u00e1pido formulario y mi equipo se pondr\u00e1 en contacto con usted con todos los detalles.<\/span><\/p>\t\t\t\t\t\t\t\t<\/div>\n\t\t\t\t<\/div>\n\t\t\t\t<div class=\"elementor-element elementor-element-8153a21 elementor-widget elementor-widget-shortcode\" data-id=\"8153a21\" data-element_type=\"widget\" data-e-type=\"widget\" data-settings=\"{&quot;ekit_we_effect_on&quot;:&quot;none&quot;}\" data-widget_type=\"shortcode.default\">\n\t\t\t\t<div class=\"elementor-widget-container\">\n\t\t\t\t\t\t\t<div class=\"elementor-shortcode\"><iframe src=\"https:\/\/api.crm.superplural.com\/widget\/form\/NpHapwLyFfZKHqlZgfsx\" style=\"width:100%;height:100%;border:none;border-radius:3px\" id=\"inline-NpHapwLyFfZKHqlZgfsx\" data-layout=\"{'id':'INLINE'}\" data-trigger-type=\"alwaysShow\" data-trigger-value=\"\" data-activation-type=\"alwaysActivated\" data-activation-value=\"\" data-deactivation-type=\"neverDeactivate\" data-deactivation-value=\"\" data-form-name=\"Form 2 (Beehive)\" data-height=\"410\" data-layout-iframe-id=\"inline-NpHapwLyFfZKHqlZgfsx\" data-form-id=\"NpHapwLyFfZKHqlZgfsx\" title=\"Forma 2 (Colmena)\">\n<\/iframe>\n<script src=\"https:\/\/api.crm.superplural.com\/js\/form_embed.js\"><\/script><\/div>\n\t\t\t\t\t\t<\/div>\n\t\t\t\t<\/div>\n\t\t\t\t\t<\/div>\n\t\t\t\t<\/div>\n\t\t\t\t<\/div>\n\t\t<div class=\"elementor-element elementor-element-0f796a6 e-con-full elementor-hidden-desktop elementor-hidden-tablet elementor-hidden-mobile e-flex e-con e-child\" data-id=\"0f796a6\" data-element_type=\"container\" data-e-type=\"container\" data-settings=\"{&quot;ekit_has_onepagescroll_dot&quot;:&quot;yes&quot;}\">\n\t\t\t\t<\/div>\n\t\t\t\t\t<\/div>\n\t\t\t\t<\/div>\n\t\t<div class=\"elementor-element elementor-element-7338163 wd-section-stretch e-flex e-con-boxed e-con e-parent\" data-id=\"7338163\" data-element_type=\"container\" data-e-type=\"container\" data-settings=\"{&quot;background_background&quot;:&quot;classic&quot;,&quot;ekit_has_onepagescroll_dot&quot;:&quot;yes&quot;}\">\n\t\t\t\t\t<div class=\"e-con-inner\">\n\t\t\t\t<div class=\"elementor-element elementor-element-2b36ecf color-scheme-inherit text-left elementor-widget elementor-widget-text-editor\" data-id=\"2b36ecf\" data-element_type=\"widget\" data-e-type=\"widget\" data-settings=\"{&quot;ekit_we_effect_on&quot;:&quot;none&quot;}\" data-widget_type=\"text-editor.default\">\n\t\t\t\t<div class=\"elementor-widget-container\">\n\t\t\t\t\t\t\t\t\t<p>La Cl\u00ednica Pilares de la Salud cuenta con un equipo con un enfoque de Medicina Preventiva Funcional centrado en la persona, con el objetivo de <strong>promover la salud, el bienestar y la calidad de vida.<\/strong><br><br><br>A diferencia de la medicina curativa, que se centra \u00fanicamente en la enfermedad, esta pr\u00e1ctica busca comprender y tratar las causas subyacentes de los problemas de salud, previniendo futuras complicaciones y ayudando a los pacientes a vivir con m\u00e1s vitalidad.<br><br><br>Con una visi\u00f3n integrada y humanizada, nuestro equipo m\u00e9dico eval\u00faa a cada persona de forma personalizada, teniendo en cuenta no s\u00f3lo los s\u00edntomas, sino todo su historial de salud y su estilo de vida. Este m\u00e9todo nos permite identificar disfunciones incluso antes de que se conviertan en enfermedades, favoreciendo el equilibrio y la recuperaci\u00f3n del organismo en su conjunto. <br><br><br><b>La cl\u00ednica es un refugio para quienes buscan no s\u00f3lo alivio de los s\u00edntomas, sino una profunda transformaci\u00f3n de la salud, con m\u00e1s energ\u00eda, disposici\u00f3n y bienestar duradero.<\/b><\/p>\t\t\t\t\t\t\t\t<\/div>\n\t\t\t\t<\/div>\n\t\t\t\t<div class=\"elementor-element elementor-element-1aff37f elementor-align-justify elementor-widget elementor-widget-button\" data-id=\"1aff37f\" data-element_type=\"widget\" data-e-type=\"widget\" data-settings=\"{&quot;ekit_we_effect_on&quot;:&quot;none&quot;}\" data-widget_type=\"button.default\">\n\t\t\t\t<div class=\"elementor-widget-container\">\n\t\t\t\t\t\t\t\t\t<div class=\"elementor-button-wrapper\">\n\t\t\t\t\t<a class=\"elementor-button elementor-button-link elementor-size-sm\" href=\"#cadastro\">\n\t\t\t\t\t\t<span class=\"elementor-button-content-wrapper\">\n\t\t\t\t\t\t\t\t\t<span class=\"elementor-button-text\">QUIERO M\u00c1S SALUD<\/span>\n\t\t\t\t\t<\/span>\n\t\t\t\t\t<\/a>\n\t\t\t\t<\/div>\n\t\t\t\t\t\t\t\t<\/div>\n\t\t\t\t<\/div>\n\t\t\t\t<div class=\"elementor-element elementor-element-b340c56 elementor-widget elementor-widget-spacer\" data-id=\"b340c56\" data-element_type=\"widget\" data-e-type=\"widget\" data-settings=\"{&quot;ekit_we_effect_on&quot;:&quot;none&quot;}\" data-widget_type=\"spacer.default\">\n\t\t\t\t<div class=\"elementor-widget-container\">\n\t\t\t\t\t\t\t<div class=\"elementor-spacer\">\n\t\t\t<div class=\"elementor-spacer-inner\"><\/div>\n\t\t<\/div>\n\t\t\t\t\t\t<\/div>\n\t\t\t\t<\/div>\n\t\t\t\t\t<\/div>\n\t\t\t\t<\/div>\n\t\t<div class=\"elementor-element elementor-element-a2921f7 wd-section-stretch e-flex e-con-boxed e-con e-parent\" data-id=\"a2921f7\" data-element_type=\"container\" data-e-type=\"container\" data-settings=\"{&quot;background_background&quot;:&quot;classic&quot;,&quot;ekit_has_onepagescroll_dot&quot;:&quot;yes&quot;}\">\n\t\t\t\t\t<div class=\"e-con-inner\">\n\t\t<div class=\"elementor-element elementor-element-f4c15b5 e-con-full e-flex e-con e-child\" data-id=\"f4c15b5\" data-element_type=\"container\" data-e-type=\"container\" data-settings=\"{&quot;ekit_has_onepagescroll_dot&quot;:&quot;yes&quot;}\">\n\t\t\t\t<div class=\"elementor-element elementor-element-6dc4e6d elementor-widget elementor-widget-spacer\" data-id=\"6dc4e6d\" data-element_type=\"widget\" data-e-type=\"widget\" data-settings=\"{&quot;ekit_we_effect_on&quot;:&quot;none&quot;}\" data-widget_type=\"spacer.default\">\n\t\t\t\t<div class=\"elementor-widget-container\">\n\t\t\t\t\t\t\t<div class=\"elementor-spacer\">\n\t\t\t<div class=\"elementor-spacer-inner\"><\/div>\n\t\t<\/div>\n\t\t\t\t\t\t<\/div>\n\t\t\t\t<\/div>\n\t\t\t\t<div class=\"elementor-element elementor-element-f760080 elementor-widget elementor-widget-menu-anchor\" data-id=\"f760080\" data-element_type=\"widget\" data-e-type=\"widget\" data-settings=\"{&quot;ekit_we_effect_on&quot;:&quot;none&quot;}\" data-widget_type=\"menu-anchor.default\">\n\t\t\t\t<div class=\"elementor-widget-container\">\n\t\t\t\t\t\t\t<div class=\"elementor-menu-anchor\" id=\"Conoce\"><\/div>\n\t\t\t\t\t\t<\/div>\n\t\t\t\t<\/div>\n\t\t\t\t<div class=\"elementor-element elementor-element-befdf57 color-scheme-inherit text-left elementor-widget elementor-widget-text-editor\" data-id=\"befdf57\" data-element_type=\"widget\" data-e-type=\"widget\" data-settings=\"{&quot;ekit_we_effect_on&quot;:&quot;none&quot;}\" data-widget_type=\"text-editor.default\">\n\t\t\t\t<div class=\"elementor-widget-container\">\n\t\t\t\t\t\t\t\t\t<span style=\"color: #EEEAE1;\">\nLa Medicina Preventiva Funcional trata una amplia gama de afecciones, desde enfermedades cr\u00f3nicas y complejas hasta problemas de salud menos graves.<\/span>\t\t\t\t\t\t\t\t<\/div>\n\t\t\t\t<\/div>\n\t\t\t\t<\/div>\n\t\t<div class=\"elementor-element elementor-element-8f57a89 e-con-full e-flex e-con e-child\" data-id=\"8f57a89\" data-element_type=\"container\" data-e-type=\"container\" data-settings=\"{&quot;ekit_has_onepagescroll_dot&quot;:&quot;yes&quot;}\">\n\t\t<div class=\"wd-negative-gap elementor-element elementor-element-4380faa e-flex e-con-boxed e-con e-child\" data-id=\"4380faa\" data-element_type=\"container\" data-e-type=\"container\" data-settings=\"{&quot;background_background&quot;:&quot;classic&quot;,&quot;ekit_has_onepagescroll_dot&quot;:&quot;yes&quot;}\">\n\t\t\t\t\t<div class=\"e-con-inner\">\n\t\t\t\t<div class=\"elementor-element elementor-element-470eb28 elementor-widget elementor-widget-image-box\" data-id=\"470eb28\" data-element_type=\"widget\" data-e-type=\"widget\" data-settings=\"{&quot;ekit_we_effect_on&quot;:&quot;none&quot;}\" data-widget_type=\"image-box.default\">\n\t\t\t\t<div class=\"elementor-widget-container\">\n\t\t\t\t\t<div class=\"elementor-image-box-wrapper\"><div class=\"elementor-image-box-content\"><h3 class=\"elementor-image-box-title\">Tratamientos comunes<\/h3><p class=\"elementor-image-box-description\">Para enfermedades autoinmunes, dolor cr\u00f3nico, problemas metab\u00f3licos, digestivos y hormonales.\n<\/p><\/div><\/div>\t\t\t\t<\/div>\n\t\t\t\t<\/div>\n\t\t\t\t\t<\/div>\n\t\t\t\t<\/div>\n\t\t\t\t<\/div>\n\t\t<div class=\"elementor-element elementor-element-f80f0dd e-con-full e-flex e-con e-child\" data-id=\"f80f0dd\" data-element_type=\"container\" data-e-type=\"container\" data-settings=\"{&quot;ekit_has_onepagescroll_dot&quot;:&quot;yes&quot;}\">\n\t\t<div class=\"wd-negative-gap elementor-element elementor-element-9f50c42 e-flex e-con-boxed e-con e-child\" data-id=\"9f50c42\" data-element_type=\"container\" data-e-type=\"container\" data-settings=\"{&quot;background_background&quot;:&quot;classic&quot;,&quot;ekit_has_onepagescroll_dot&quot;:&quot;yes&quot;}\">\n\t\t\t\t\t<div class=\"e-con-inner\">\n\t\t\t\t<div class=\"elementor-element elementor-element-3b7b8cc elementor-widget elementor-widget-image-box\" data-id=\"3b7b8cc\" data-element_type=\"widget\" data-e-type=\"widget\" data-settings=\"{&quot;ekit_we_effect_on&quot;:&quot;none&quot;}\" data-widget_type=\"image-box.default\">\n\t\t\t\t<div class=\"elementor-widget-container\">\n\t\t\t\t\t<div class=\"elementor-image-box-wrapper\"><div class=\"elementor-image-box-content\"><h3 class=\"elementor-image-box-title\">M\u00e1s calidad de vida<\/h3><p class=\"elementor-image-box-description\">Mayor vitalidad, menos cansancio, estr\u00e9s y dependencia de los medicamentos, con m\u00e1s energ\u00eda y salud.\n<\/p><\/div><\/div>\t\t\t\t<\/div>\n\t\t\t\t<\/div>\n\t\t\t\t\t<\/div>\n\t\t\t\t<\/div>\n\t\t\t\t<\/div>\n\t\t<div class=\"elementor-element elementor-element-a04fe98 e-con-full e-flex e-con e-child\" data-id=\"a04fe98\" data-element_type=\"container\" data-e-type=\"container\" data-settings=\"{&quot;ekit_has_onepagescroll_dot&quot;:&quot;yes&quot;}\">\n\t\t<div class=\"wd-negative-gap elementor-element elementor-element-3fa6e5a e-flex e-con-boxed e-con e-child\" data-id=\"3fa6e5a\" data-element_type=\"container\" data-e-type=\"container\" data-settings=\"{&quot;background_background&quot;:&quot;classic&quot;,&quot;ekit_has_onepagescroll_dot&quot;:&quot;yes&quot;}\">\n\t\t\t\t\t<div class=\"e-con-inner\">\n\t\t\t\t<div class=\"elementor-element elementor-element-c15321c elementor-widget elementor-widget-image-box\" data-id=\"c15321c\" data-element_type=\"widget\" data-e-type=\"widget\" data-settings=\"{&quot;ekit_we_effect_on&quot;:&quot;none&quot;}\" data-widget_type=\"image-box.default\">\n\t\t\t\t<div class=\"elementor-widget-container\">\n\t\t\t\t\t<div class=\"elementor-image-box-wrapper\"><div class=\"elementor-image-box-content\"><h3 class=\"elementor-image-box-title\">Atenci\u00f3n completa<\/h3><p class=\"elementor-image-box-description\">Tambi\u00e9n ofrecemos Modulaci\u00f3n Hormonal con hormonas bioid\u00e9nticas, Ozonoterapia e Hidrocolonterapia.<\/p><\/div><\/div>\t\t\t\t<\/div>\n\t\t\t\t<\/div>\n\t\t\t\t\t<\/div>\n\t\t\t\t<\/div>\n\t\t\t\t<\/div>\n\t\t<div class=\"elementor-element elementor-element-9c42c6f e-con-full e-flex e-con e-child\" data-id=\"9c42c6f\" data-element_type=\"container\" data-e-type=\"container\" data-settings=\"{&quot;ekit_has_onepagescroll_dot&quot;:&quot;yes&quot;}\">\n\t\t\t\t<div class=\"elementor-element elementor-element-2bb6565 elementor-align-justify thisbutton elementor-widget elementor-widget-button\" data-id=\"2bb6565\" data-element_type=\"widget\" data-e-type=\"widget\" id=\"thisbutton\" data-settings=\"{&quot;ekit_we_effect_on&quot;:&quot;none&quot;}\" data-widget_type=\"button.default\">\n\t\t\t\t<div class=\"elementor-widget-container\">\n\t\t\t\t\t\t\t\t\t<div class=\"elementor-button-wrapper\">\n\t\t\t\t\t<a class=\"elementor-button elementor-button-link elementor-size-md\" href=\"#cadastro\">\n\t\t\t\t\t\t<span class=\"elementor-button-content-wrapper\">\n\t\t\t\t\t\t\t\t\t<span class=\"elementor-button-text\">QUIERO M\u00c1S SALUD<\/span>\n\t\t\t\t\t<\/span>\n\t\t\t\t\t<\/a>\n\t\t\t\t<\/div>\n\t\t\t\t\t\t\t\t<\/div>\n\t\t\t\t<\/div>\n\t\t\t\t<div class=\"elementor-element elementor-element-7296363 elementor-widget elementor-widget-spacer\" data-id=\"7296363\" data-element_type=\"widget\" data-e-type=\"widget\" data-settings=\"{&quot;ekit_we_effect_on&quot;:&quot;none&quot;}\" data-widget_type=\"spacer.default\">\n\t\t\t\t<div class=\"elementor-widget-container\">\n\t\t\t\t\t\t\t<div class=\"elementor-spacer\">\n\t\t\t<div class=\"elementor-spacer-inner\"><\/div>\n\t\t<\/div>\n\t\t\t\t\t\t<\/div>\n\t\t\t\t<\/div>\n\t\t\t\t<\/div>\n\t\t\t\t\t<\/div>\n\t\t\t\t<\/div>\n\t\t<div class=\"elementor-element elementor-element-f1a97dc wd-section-stretch e-flex e-con-boxed e-con e-parent\" data-id=\"f1a97dc\" data-element_type=\"container\" data-e-type=\"container\" data-settings=\"{&quot;background_background&quot;:&quot;classic&quot;,&quot;ekit_has_onepagescroll_dot&quot;:&quot;yes&quot;}\">\n\t\t\t\t\t<div class=\"e-con-inner\">\n\t\t\t\t<div class=\"elementor-element elementor-element-50b523d elementor-widget elementor-widget-spacer\" data-id=\"50b523d\" data-element_type=\"widget\" data-e-type=\"widget\" data-settings=\"{&quot;ekit_we_effect_on&quot;:&quot;none&quot;}\" data-widget_type=\"spacer.default\">\n\t\t\t\t<div class=\"elementor-widget-container\">\n\t\t\t\t\t\t\t<div class=\"elementor-spacer\">\n\t\t\t<div class=\"elementor-spacer-inner\"><\/div>\n\t\t<\/div>\n\t\t\t\t\t\t<\/div>\n\t\t\t\t<\/div>\n\t\t\t\t<div class=\"elementor-element elementor-element-aaf226d color-scheme-inherit text-left elementor-widget elementor-widget-text-editor\" data-id=\"aaf226d\" data-element_type=\"widget\" data-e-type=\"widget\" data-settings=\"{&quot;ekit_we_effect_on&quot;:&quot;none&quot;}\" data-widget_type=\"text-editor.default\">\n\t\t\t\t<div class=\"elementor-widget-container\">\n\t\t\t\t\t\t\t\t\tExcelencia en el servicio garantizada\t\t\t\t\t\t\t\t<\/div>\n\t\t\t\t<\/div>\n\t\t\t\t<div class=\"elementor-element elementor-element-031f783 color-scheme-inherit text-left elementor-widget elementor-widget-text-editor\" data-id=\"031f783\" data-element_type=\"widget\" data-e-type=\"widget\" data-settings=\"{&quot;ekit_we_effect_on&quot;:&quot;none&quot;}\" data-widget_type=\"text-editor.default\">\n\t\t\t\t<div class=\"elementor-widget-container\">\n\t\t\t\t\t\t\t\t\t<p>Todos los m\u00e9dicos que realizan el tratamiento de Medicina Funcional Preventiva en la Cl\u00ednica Pilares de la Salud est\u00e1n cuidadosamente formados para trabajar seg\u00fan los mismos principios y m\u00e9todos que la Dra. Andreia Monteiro. <br><br><br>Comprometidos con una visi\u00f3n hol\u00edstica y personalizada, cada profesional sigue los altos est\u00e1ndares de evaluaci\u00f3n, diagn\u00f3stico y seguimiento establecidos por el Dr. Andreia, garantizando que todos los pacientes reciban una atenci\u00f3n excelente centrada en la prevenci\u00f3n, el equilibrio y la mejora de la calidad de vida. <br><br><br>Aqu\u00ed, su salud se trata con dedicaci\u00f3n y atenci\u00f3n a cada detalle.<\/p>\t\t\t\t\t\t\t\t<\/div>\n\t\t\t\t<\/div>\n\t\t\t\t<div class=\"elementor-element elementor-element-7d5c25a elementor-hidden-desktop elementor-hidden-tablet elementor-widget elementor-widget-spacer\" data-id=\"7d5c25a\" data-element_type=\"widget\" data-e-type=\"widget\" data-settings=\"{&quot;ekit_we_effect_on&quot;:&quot;none&quot;}\" data-widget_type=\"spacer.default\">\n\t\t\t\t<div class=\"elementor-widget-container\">\n\t\t\t\t\t\t\t<div class=\"elementor-spacer\">\n\t\t\t<div class=\"elementor-spacer-inner\"><\/div>\n\t\t<\/div>\n\t\t\t\t\t\t<\/div>\n\t\t\t\t<\/div>\n\t\t\t\t\t<\/div>\n\t\t\t\t<\/div>\n\t\t<div class=\"elementor-element elementor-element-af7d099 wd-section-stretch e-flex e-con-boxed e-con e-parent\" data-id=\"af7d099\" data-element_type=\"container\" data-e-type=\"container\" data-settings=\"{&quot;background_background&quot;:&quot;classic&quot;,&quot;ekit_has_onepagescroll_dot&quot;:&quot;yes&quot;}\">\n\t\t\t\t\t<div class=\"e-con-inner\">\n\t\t\t\t<div class=\"elementor-element elementor-element-0a36393 elementor-hidden-mobile elementor-widget elementor-widget-spacer\" data-id=\"0a36393\" data-element_type=\"widget\" data-e-type=\"widget\" data-settings=\"{&quot;ekit_we_effect_on&quot;:&quot;none&quot;}\" data-widget_type=\"spacer.default\">\n\t\t\t\t<div class=\"elementor-widget-container\">\n\t\t\t\t\t\t\t<div class=\"elementor-spacer\">\n\t\t\t<div class=\"elementor-spacer-inner\"><\/div>\n\t\t<\/div>\n\t\t\t\t\t\t<\/div>\n\t\t\t\t<\/div>\n\t\t<div class=\"elementor-element elementor-element-b44c24e e-con-full e-flex e-con e-child\" data-id=\"b44c24e\" data-element_type=\"container\" data-e-type=\"container\" data-settings=\"{&quot;ekit_has_onepagescroll_dot&quot;:&quot;yes&quot;}\">\n\t\t<div class=\"elementor-element elementor-element-418bcc3 e-con-full e-flex e-con e-child\" data-id=\"418bcc3\" data-element_type=\"container\" data-e-type=\"container\" data-settings=\"{&quot;ekit_has_onepagescroll_dot&quot;:&quot;yes&quot;}\">\n\t\t\t\t<div class=\"elementor-element elementor-element-03ca38d elementor-widget elementor-widget-image\" data-id=\"03ca38d\" data-element_type=\"widget\" data-e-type=\"widget\" data-settings=\"{&quot;ekit_we_effect_on&quot;:&quot;none&quot;}\" data-widget_type=\"image.default\">\n\t\t\t\t<div class=\"elementor-widget-container\">\n\t\t\t\t\t\t\t\t\t\t\t\t\t\t\t<img loading=\"lazy\" decoding=\"async\" width=\"456\" height=\"800\" src=\"https:\/\/pilaresdasaude.pt\/wp-content\/uploads\/2024\/01\/Andra-456x800.png\" class=\"attachment-large size-large wp-image-16052\" alt=\"\" srcset=\"https:\/\/pilaresdasaude.pt\/wp-content\/uploads\/2024\/01\/Andra-456x800.png 456w, https:\/\/pilaresdasaude.pt\/wp-content\/uploads\/2024\/01\/Andra-171x300.png 171w, https:\/\/pilaresdasaude.pt\/wp-content\/uploads\/2024\/01\/Andra-430x754.png 430w, https:\/\/pilaresdasaude.pt\/wp-content\/uploads\/2024\/01\/Andra-150x263.png 150w, https:\/\/pilaresdasaude.pt\/wp-content\/uploads\/2024\/01\/Andra.png 613w\" sizes=\"auto, (max-width: 456px) 100vw, 456px\" \/>\t\t\t\t\t\t\t\t\t\t\t\t\t\t\t<\/div>\n\t\t\t\t<\/div>\n\t\t\t\t<\/div>\n\t\t<div class=\"elementor-element elementor-element-98d751a e-con-full e-flex e-con e-child\" data-id=\"98d751a\" data-element_type=\"container\" data-e-type=\"container\" data-settings=\"{&quot;ekit_has_onepagescroll_dot&quot;:&quot;yes&quot;}\">\n\t\t\t\t<div class=\"elementor-element elementor-element-8b2ec05 color-scheme-inherit text-left elementor-widget elementor-widget-text-editor\" data-id=\"8b2ec05\" data-element_type=\"widget\" data-e-type=\"widget\" data-settings=\"{&quot;ekit_we_effect_on&quot;:&quot;none&quot;}\" data-widget_type=\"text-editor.default\">\n\t\t\t\t<div class=\"elementor-widget-container\">\n\t\t\t\t\t\t\t\t\t<p>Dr Andreia Monteiro<\/p>\t\t\t\t\t\t\t\t<\/div>\n\t\t\t\t<\/div>\n\t\t\t\t<div class=\"elementor-element elementor-element-3533a0a color-scheme-inherit text-left elementor-widget elementor-widget-text-editor\" data-id=\"3533a0a\" data-element_type=\"widget\" data-e-type=\"widget\" data-settings=\"{&quot;ekit_we_effect_on&quot;:&quot;none&quot;}\" data-widget_type=\"text-editor.default\">\n\t\t\t\t<div class=\"elementor-widget-container\">\n\t\t\t\t\t\t\t\t\t<p>@dra.andreiamonteiro<\/p>\t\t\t\t\t\t\t\t<\/div>\n\t\t\t\t<\/div>\n\t\t\t\t<div class=\"elementor-element elementor-element-2ff17a0 color-scheme-inherit text-left elementor-widget elementor-widget-text-editor\" data-id=\"2ff17a0\" data-element_type=\"widget\" data-e-type=\"widget\" data-settings=\"{&quot;ekit_we_effect_on&quot;:&quot;none&quot;}\" data-widget_type=\"text-editor.default\">\n\t\t\t\t<div class=\"elementor-widget-container\">\n\t\t\t\t\t\t\t\t\t<p>Estoy especializada en Medicina Preventiva y Funcional, Inmuno-Hemoterapia.<\/p><p>Verdadera apasionada de la medicina personalizada, la medicina est\u00e9tica y nutricional, la formaci\u00f3n y la calidad de vida.<\/p><p>Fund\u00e9 Pilares de la Salud porque creo que la salud es mucho m\u00e1s que la ausencia de enfermedad. La salud es un estado de bienestar f\u00edsico, psicoemocional, nutricional y social.<\/p>\t\t\t\t\t\t\t\t<\/div>\n\t\t\t\t<\/div>\n\t\t\t\t<div class=\"elementor-element elementor-element-c06c4ec elementor-align-left elementor-mobile-align-center elementor-widget elementor-widget-button\" data-id=\"c06c4ec\" data-element_type=\"widget\" data-e-type=\"widget\" data-settings=\"{&quot;ekit_we_effect_on&quot;:&quot;none&quot;}\" data-widget_type=\"button.default\">\n\t\t\t\t<div class=\"elementor-widget-container\">\n\t\t\t\t\t\t\t\t\t<div class=\"elementor-button-wrapper\">\n\t\t\t\t\t<a class=\"elementor-button elementor-button-link elementor-size-md\" href=\"#cadastro\">\n\t\t\t\t\t\t<span class=\"elementor-button-content-wrapper\">\n\t\t\t\t\t\t\t\t\t<span class=\"elementor-button-text\">RESERVAR UNA CITA<\/span>\n\t\t\t\t\t<\/span>\n\t\t\t\t\t<\/a>\n\t\t\t\t<\/div>\n\t\t\t\t\t\t\t\t<\/div>\n\t\t\t\t<\/div>\n\t\t\t\t<\/div>\n\t\t\t\t<\/div>\n\t\t\t\t\t<\/div>\n\t\t\t\t<\/div>\n\t\t<div class=\"elementor-element elementor-element-2772a4b wd-section-stretch e-flex e-con-boxed e-con e-parent\" data-id=\"2772a4b\" data-element_type=\"container\" data-e-type=\"container\" data-settings=\"{&quot;background_background&quot;:&quot;classic&quot;,&quot;ekit_has_onepagescroll_dot&quot;:&quot;yes&quot;}\">\n\t\t\t\t\t<div class=\"e-con-inner\">\n\t\t<div class=\"elementor-element elementor-element-5da636a e-con-full e-flex e-con e-child\" data-id=\"5da636a\" data-element_type=\"container\" data-e-type=\"container\" data-settings=\"{&quot;ekit_has_onepagescroll_dot&quot;:&quot;yes&quot;}\">\n\t\t<div class=\"elementor-element elementor-element-669c741 e-con-full e-flex e-con e-child\" data-id=\"669c741\" data-element_type=\"container\" data-e-type=\"container\" data-settings=\"{&quot;ekit_has_onepagescroll_dot&quot;:&quot;yes&quot;}\">\n\t\t<div class=\"elementor-element elementor-element-bf4273b e-con-full e-flex e-con e-child\" data-id=\"bf4273b\" data-element_type=\"container\" data-e-type=\"container\" data-settings=\"{&quot;ekit_has_onepagescroll_dot&quot;:&quot;yes&quot;}\">\n\t\t<div class=\"elementor-element elementor-element-8bc3d12 e-con-full elementor-hidden-desktop elementor-hidden-tablet e-flex e-con e-child\" data-id=\"8bc3d12\" data-element_type=\"container\" data-e-type=\"container\" data-settings=\"{&quot;ekit_has_onepagescroll_dot&quot;:&quot;yes&quot;}\">\n\t\t\t\t<div class=\"elementor-element elementor-element-e11afc2 elementor-widget elementor-widget-image\" data-id=\"e11afc2\" data-element_type=\"widget\" data-e-type=\"widget\" data-settings=\"{&quot;ekit_we_effect_on&quot;:&quot;none&quot;}\" data-widget_type=\"image.default\">\n\t\t\t\t<div class=\"elementor-widget-container\">\n\t\t\t\t\t\t\t\t\t\t\t\t\t\t\t<img loading=\"lazy\" decoding=\"async\" width=\"467\" height=\"800\" src=\"https:\/\/pilaresdasaude.pt\/wp-content\/uploads\/2024\/12\/foto-sofia-pilares-da-saude-467x800.webp\" class=\"attachment-large size-large wp-image-18369\" alt=\"\" srcset=\"https:\/\/pilaresdasaude.pt\/wp-content\/uploads\/2024\/12\/foto-sofia-pilares-da-saude-467x800.webp 467w, https:\/\/pilaresdasaude.pt\/wp-content\/uploads\/2024\/12\/foto-sofia-pilares-da-saude-175x300.webp 175w, https:\/\/pilaresdasaude.pt\/wp-content\/uploads\/2024\/12\/foto-sofia-pilares-da-saude.webp 568w\" sizes=\"auto, (max-width: 467px) 100vw, 467px\" \/>\t\t\t\t\t\t\t\t\t\t\t\t\t\t\t<\/div>\n\t\t\t\t<\/div>\n\t\t\t\t<\/div>\n\t\t\t\t<div class=\"elementor-element elementor-element-4beba33 elementor-widget elementor-widget-heading\" data-id=\"4beba33\" data-element_type=\"widget\" data-e-type=\"widget\" data-settings=\"{&quot;ekit_we_effect_on&quot;:&quot;none&quot;}\" data-widget_type=\"heading.default\">\n\t\t\t\t<div class=\"elementor-widget-container\">\n\t\t\t\t\t<h2 class=\"elementor-heading-title elementor-size-default\">Dr Sof\u00eda Carvalho Pinto<\/h2>\t\t\t\t<\/div>\n\t\t\t\t<\/div>\n\t\t\t\t<div class=\"elementor-element elementor-element-6d12548 color-scheme-inherit text-left elementor-widget elementor-widget-text-editor\" data-id=\"6d12548\" data-element_type=\"widget\" data-e-type=\"widget\" data-settings=\"{&quot;ekit_we_effect_on&quot;:&quot;none&quot;}\" data-widget_type=\"text-editor.default\">\n\t\t\t\t<div class=\"elementor-widget-container\">\n\t\t\t\t\t\t\t\t\t<p>La Dra. Sofia Pinto es m\u00e9dico, diplomada en Medicina de la Longevidad y Medicina Hormonal. <\/p><p>Tambi\u00e9n est\u00e1 especializado en el uso de hormonas bioid\u00e9nticas, una alternativa segura y eficaz a las hormonas sint\u00e9ticas. Tienen una estructura qu\u00edmica id\u00e9ntica a las hormonas naturales del cuerpo humano y el organismo las reconoce como si se produjeran de forma natural, lo que minimiza los efectos secundarios que muchos experimentan con las hormonas sint\u00e9ticas. <\/p><p>Su motivaci\u00f3n es evidente en su compromiso con la salud de las personas. El objetivo de la Dra. Sof\u00eda no es s\u00f3lo tratar enfermedades, sino tambi\u00e9n inspirar la adopci\u00f3n de h\u00e1bitos saludables para una vida plena.  <\/p>\t\t\t\t\t\t\t\t<\/div>\n\t\t\t\t<\/div>\n\t\t\t\t<\/div>\n\t\t<div class=\"elementor-element elementor-element-0b355e3 e-con-full elementor-hidden-mobile e-flex e-con e-child\" data-id=\"0b355e3\" data-element_type=\"container\" data-e-type=\"container\" data-settings=\"{&quot;ekit_has_onepagescroll_dot&quot;:&quot;yes&quot;}\">\n\t\t\t\t<div class=\"elementor-element elementor-element-c7c161d elementor-widget elementor-widget-image\" data-id=\"c7c161d\" data-element_type=\"widget\" data-e-type=\"widget\" data-settings=\"{&quot;ekit_we_effect_on&quot;:&quot;none&quot;}\" data-widget_type=\"image.default\">\n\t\t\t\t<div class=\"elementor-widget-container\">\n\t\t\t\t\t\t\t\t\t\t\t\t\t\t\t<img loading=\"lazy\" decoding=\"async\" width=\"467\" height=\"800\" src=\"https:\/\/pilaresdasaude.pt\/wp-content\/uploads\/2024\/12\/foto-sofia-pilares-da-saude-467x800.webp\" class=\"attachment-large size-large wp-image-18369\" alt=\"\" srcset=\"https:\/\/pilaresdasaude.pt\/wp-content\/uploads\/2024\/12\/foto-sofia-pilares-da-saude-467x800.webp 467w, https:\/\/pilaresdasaude.pt\/wp-content\/uploads\/2024\/12\/foto-sofia-pilares-da-saude-175x300.webp 175w, https:\/\/pilaresdasaude.pt\/wp-content\/uploads\/2024\/12\/foto-sofia-pilares-da-saude.webp 568w\" sizes=\"auto, (max-width: 467px) 100vw, 467px\" \/>\t\t\t\t\t\t\t\t\t\t\t\t\t\t\t<\/div>\n\t\t\t\t<\/div>\n\t\t\t\t<\/div>\n\t\t\t\t<\/div>\n\t\t\t\t<\/div>\n\t\t\t\t<div class=\"elementor-element elementor-element-abe9d5d elementor-align-justify thisbutton elementor-widget elementor-widget-button\" data-id=\"abe9d5d\" data-element_type=\"widget\" data-e-type=\"widget\" id=\"thisbutton\" data-settings=\"{&quot;ekit_we_effect_on&quot;:&quot;none&quot;}\" data-widget_type=\"button.default\">\n\t\t\t\t<div class=\"elementor-widget-container\">\n\t\t\t\t\t\t\t\t\t<div class=\"elementor-button-wrapper\">\n\t\t\t\t\t<a class=\"elementor-button elementor-button-link elementor-size-md\" href=\"#cadastro\">\n\t\t\t\t\t\t<span class=\"elementor-button-content-wrapper\">\n\t\t\t\t\t\t\t\t\t<span class=\"elementor-button-text\">RESERVAR UNA CITA<\/span>\n\t\t\t\t\t<\/span>\n\t\t\t\t\t<\/a>\n\t\t\t\t<\/div>\n\t\t\t\t\t\t\t\t<\/div>\n\t\t\t\t<\/div>\n\t\t\t\t\t<\/div>\n\t\t\t\t<\/div>\n\t\t<div class=\"elementor-element elementor-element-adefb61 wd-section-stretch e-flex e-con-boxed e-con e-parent\" data-id=\"adefb61\" data-element_type=\"container\" data-e-type=\"container\" data-settings=\"{&quot;background_background&quot;:&quot;classic&quot;,&quot;ekit_has_onepagescroll_dot&quot;:&quot;yes&quot;}\">\n\t\t\t\t\t<div class=\"e-con-inner\">\n\t\t\t\t<div class=\"elementor-element elementor-element-6f1a6d1 elementor-hidden-mobile elementor-widget elementor-widget-spacer\" data-id=\"6f1a6d1\" data-element_type=\"widget\" data-e-type=\"widget\" data-settings=\"{&quot;ekit_we_effect_on&quot;:&quot;none&quot;}\" data-widget_type=\"spacer.default\">\n\t\t\t\t<div class=\"elementor-widget-container\">\n\t\t\t\t\t\t\t<div class=\"elementor-spacer\">\n\t\t\t<div class=\"elementor-spacer-inner\"><\/div>\n\t\t<\/div>\n\t\t\t\t\t\t<\/div>\n\t\t\t\t<\/div>\n\t\t<div class=\"elementor-element elementor-element-136b425 e-con-full e-flex e-con e-child\" data-id=\"136b425\" data-element_type=\"container\" data-e-type=\"container\" data-settings=\"{&quot;ekit_has_onepagescroll_dot&quot;:&quot;yes&quot;}\">\n\t\t\t\t<div class=\"elementor-element elementor-element-639661b color-scheme-inherit text-left elementor-widget elementor-widget-text-editor\" data-id=\"639661b\" data-element_type=\"widget\" data-e-type=\"widget\" data-settings=\"{&quot;ekit_we_effect_on&quot;:&quot;none&quot;}\" data-widget_type=\"text-editor.default\">\n\t\t\t\t<div class=\"elementor-widget-container\">\n\t\t\t\t\t\t\t\t\tCuidamos de usted desde la prevenci\u00f3n hasta la rehabilitaci\u00f3n\t\t\t\t\t\t\t\t<\/div>\n\t\t\t\t<\/div>\n\t\t\t\t<div class=\"elementor-element elementor-element-32785c3 elementor-widget__width-initial elementor-widget elementor-widget-spacer\" data-id=\"32785c3\" data-element_type=\"widget\" data-e-type=\"widget\" data-settings=\"{&quot;ekit_we_effect_on&quot;:&quot;none&quot;}\" data-widget_type=\"spacer.default\">\n\t\t\t\t<div class=\"elementor-widget-container\">\n\t\t\t\t\t\t\t<div class=\"elementor-spacer\">\n\t\t\t<div class=\"elementor-spacer-inner\"><\/div>\n\t\t<\/div>\n\t\t\t\t\t\t<\/div>\n\t\t\t\t<\/div>\n\t\t\t\t<div class=\"elementor-element elementor-element-20963e8 color-scheme-inherit text-left elementor-widget elementor-widget-text-editor\" data-id=\"20963e8\" data-element_type=\"widget\" data-e-type=\"widget\" data-settings=\"{&quot;ekit_we_effect_on&quot;:&quot;none&quot;}\" data-widget_type=\"text-editor.default\">\n\t\t\t\t<div class=\"elementor-widget-container\">\n\t\t\t\t\t\t\t\t\tEn el centro de nuestro enfoque est\u00e1 el compromiso de tratar las disfunciones en su origen, promover la salud, prevenir la enfermedad y garantizar una atenci\u00f3n continua y personalizada.  \n<br><br>Trabajamos en los cuatro niveles de prevenci\u00f3n para garantizar el mejor seguimiento posible:\n\t\t\t\t\t\t\t\t<\/div>\n\t\t\t\t<\/div>\n\t\t\t\t<\/div>\n\t\t<div class=\"elementor-element elementor-element-b291bd2 e-con-full e-flex e-con e-child\" data-id=\"b291bd2\" data-element_type=\"container\" data-e-type=\"container\" data-settings=\"{&quot;ekit_has_onepagescroll_dot&quot;:&quot;yes&quot;}\">\n\t\t\t\t<div class=\"elementor-element elementor-element-d93e91d elementor-icon-list--layout-traditional elementor-list-item-link-full_width elementor-widget elementor-widget-icon-list\" data-id=\"d93e91d\" data-element_type=\"widget\" data-e-type=\"widget\" data-settings=\"{&quot;ekit_we_effect_on&quot;:&quot;none&quot;}\" data-widget_type=\"icon-list.default\">\n\t\t\t\t<div class=\"elementor-widget-container\">\n\t\t\t\t\t\t\t<ul class=\"elementor-icon-list-items\">\n\t\t\t\t\t\t\t<li class=\"elementor-icon-list-item\">\n\t\t\t\t\t\t\t\t\t\t\t<span class=\"elementor-icon-list-icon\">\n\t\t\t\t\t\t\t<svg aria-hidden=\"true\" class=\"e-font-icon-svg e-fas-check\" viewBox=\"0 0 512 512\" xmlns=\"http:\/\/www.w3.org\/2000\/svg\"><path d=\"M173.898 439.404l-166.4-166.4c-9.997-9.997-9.997-26.206 0-36.204l36.203-36.204c9.997-9.998 26.207-9.998 36.204 0L192 312.69 432.095 72.596c9.997-9.997 26.207-9.997 36.204 0l36.203 36.204c9.997 9.997 9.997 26.206 0 36.204l-294.4 294.401c-9.998 9.997-26.207 9.997-36.204-.001z\"><\/path><\/svg>\t\t\t\t\t\t<\/span>\n\t\t\t\t\t\t\t\t\t\t<span class=\"elementor-icon-list-text\"><b>Prevenci\u00f3n primaria:<\/b> Previene la aparici\u00f3n de enfermedades y mantiene su salud.<\/span>\n\t\t\t\t\t\t\t\t\t<\/li>\n\t\t\t\t\t\t\t\t<li class=\"elementor-icon-list-item\">\n\t\t\t\t\t\t\t\t\t\t\t<span class=\"elementor-icon-list-icon\">\n\t\t\t\t\t\t\t<svg aria-hidden=\"true\" class=\"e-font-icon-svg e-fas-check\" viewBox=\"0 0 512 512\" xmlns=\"http:\/\/www.w3.org\/2000\/svg\"><path d=\"M173.898 439.404l-166.4-166.4c-9.997-9.997-9.997-26.206 0-36.204l36.203-36.204c9.997-9.998 26.207-9.998 36.204 0L192 312.69 432.095 72.596c9.997-9.997 26.207-9.997 36.204 0l36.203 36.204c9.997 9.997 9.997 26.206 0 36.204l-294.4 294.401c-9.998 9.997-26.207 9.997-36.204-.001z\"><\/path><\/svg>\t\t\t\t\t\t<\/span>\n\t\t\t\t\t\t\t\t\t\t<span class=\"elementor-icon-list-text\"><b>Prevenci\u00f3n secundaria:<\/b> detecta precozmente las afecciones para intervenir con rapidez.<\/span>\n\t\t\t\t\t\t\t\t\t<\/li>\n\t\t\t\t\t\t\t\t<li class=\"elementor-icon-list-item\">\n\t\t\t\t\t\t\t\t\t\t\t<span class=\"elementor-icon-list-icon\">\n\t\t\t\t\t\t\t<svg aria-hidden=\"true\" class=\"e-font-icon-svg e-fas-check\" viewBox=\"0 0 512 512\" xmlns=\"http:\/\/www.w3.org\/2000\/svg\"><path d=\"M173.898 439.404l-166.4-166.4c-9.997-9.997-9.997-26.206 0-36.204l36.203-36.204c9.997-9.998 26.207-9.998 36.204 0L192 312.69 432.095 72.596c9.997-9.997 26.207-9.997 36.204 0l36.203 36.204c9.997 9.997 9.997 26.206 0 36.204l-294.4 294.401c-9.998 9.997-26.207 9.997-36.204-.001z\"><\/path><\/svg>\t\t\t\t\t\t<\/span>\n\t\t\t\t\t\t\t\t\t\t<span class=\"elementor-icon-list-text\"><b>Prevenci\u00f3n terciaria:<\/b> reduce las complicaciones y rehabilita a las personas con enfermedades cr\u00f3nicas.<\/span>\n\t\t\t\t\t\t\t\t\t<\/li>\n\t\t\t\t\t\t\t\t<li class=\"elementor-icon-list-item\">\n\t\t\t\t\t\t\t\t\t\t\t<span class=\"elementor-icon-list-icon\">\n\t\t\t\t\t\t\t<svg aria-hidden=\"true\" class=\"e-font-icon-svg e-fas-check\" viewBox=\"0 0 512 512\" xmlns=\"http:\/\/www.w3.org\/2000\/svg\"><path d=\"M173.898 439.404l-166.4-166.4c-9.997-9.997-9.997-26.206 0-36.204l36.203-36.204c9.997-9.998 26.207-9.998 36.204 0L192 312.69 432.095 72.596c9.997-9.997 26.207-9.997 36.204 0l36.203 36.204c9.997 9.997 9.997 26.206 0 36.204l-294.4 294.401c-9.998 9.997-26.207 9.997-36.204-.001z\"><\/path><\/svg>\t\t\t\t\t\t<\/span>\n\t\t\t\t\t\t\t\t\t\t<span class=\"elementor-icon-list-text\"><b>Prevenci\u00f3n cuaternaria: <\/b>Garantiza pr\u00e1cticas m\u00e9dicas \u00e9ticas y basadas en pruebas.<\/span>\n\t\t\t\t\t\t\t\t\t<\/li>\n\t\t\t\t\t\t<\/ul>\n\t\t\t\t\t\t<\/div>\n\t\t\t\t<\/div>\n\t\t\t\t<\/div>\n\t\t<div class=\"elementor-element elementor-element-d0ab43a e-con-full e-flex e-con e-child\" data-id=\"d0ab43a\" data-element_type=\"container\" data-e-type=\"container\" data-settings=\"{&quot;ekit_has_onepagescroll_dot&quot;:&quot;yes&quot;}\">\n\t\t\t\t<div class=\"elementor-element elementor-element-05dfb69 elementor-widget__width-initial elementor-widget elementor-widget-spacer\" data-id=\"05dfb69\" data-element_type=\"widget\" data-e-type=\"widget\" data-settings=\"{&quot;ekit_we_effect_on&quot;:&quot;none&quot;}\" data-widget_type=\"spacer.default\">\n\t\t\t\t<div class=\"elementor-widget-container\">\n\t\t\t\t\t\t\t<div class=\"elementor-spacer\">\n\t\t\t<div class=\"elementor-spacer-inner\"><\/div>\n\t\t<\/div>\n\t\t\t\t\t\t<\/div>\n\t\t\t\t<\/div>\n\t\t\t\t<div class=\"elementor-element elementor-element-13fcc51 color-scheme-inherit text-left elementor-widget elementor-widget-text-editor\" data-id=\"13fcc51\" data-element_type=\"widget\" data-e-type=\"widget\" data-settings=\"{&quot;ekit_we_effect_on&quot;:&quot;none&quot;}\" data-widget_type=\"text-editor.default\">\n\t\t\t\t<div class=\"elementor-widget-container\">\n\t\t\t\t\t\t\t\t\tCentrados en usted y en su calidad de vida, le ofrecemos un <b>enfoque integrado y preventivo<\/b> para que se sienta m\u00e1s sano, protegido y confiado en cada etapa de su viaje.\t\t\t\t\t\t\t\t<\/div>\n\t\t\t\t<\/div>\n\t\t\t\t<div class=\"elementor-element elementor-element-7824de3 elementor-align-justify thisbutton elementor-widget elementor-widget-button\" data-id=\"7824de3\" data-element_type=\"widget\" data-e-type=\"widget\" data-settings=\"{&quot;ekit_we_effect_on&quot;:&quot;none&quot;}\" data-widget_type=\"button.default\">\n\t\t\t\t<div class=\"elementor-widget-container\">\n\t\t\t\t\t\t\t\t\t<div class=\"elementor-button-wrapper\">\n\t\t\t\t\t<a class=\"elementor-button elementor-button-link elementor-size-md\" href=\"#cadastro\">\n\t\t\t\t\t\t<span class=\"elementor-button-content-wrapper\">\n\t\t\t\t\t\t\t\t\t<span class=\"elementor-button-text\">RESERVAR UNA CITA<\/span>\n\t\t\t\t\t<\/span>\n\t\t\t\t\t<\/a>\n\t\t\t\t<\/div>\n\t\t\t\t\t\t\t\t<\/div>\n\t\t\t\t<\/div>\n\t\t\t\t<\/div>\n\t\t\t\t\t<\/div>\n\t\t\t\t<\/div>\n\t\t<div class=\"elementor-element elementor-element-4d97350 wd-section-stretch e-flex e-con-boxed e-con e-parent\" data-id=\"4d97350\" data-element_type=\"container\" data-e-type=\"container\" data-settings=\"{&quot;background_background&quot;:&quot;classic&quot;,&quot;ekit_has_onepagescroll_dot&quot;:&quot;yes&quot;}\">\n\t\t\t\t\t<div class=\"e-con-inner\">\n\t\t<div class=\"elementor-element elementor-element-6d80f46 e-con-full e-flex e-con e-child\" data-id=\"6d80f46\" data-element_type=\"container\" data-e-type=\"container\" data-settings=\"{&quot;ekit_has_onepagescroll_dot&quot;:&quot;yes&quot;}\">\n\t\t\t\t<div class=\"elementor-element elementor-element-b2a574c color-scheme-inherit text-left elementor-widget elementor-widget-text-editor\" data-id=\"b2a574c\" data-element_type=\"widget\" data-e-type=\"widget\" data-settings=\"{&quot;ekit_we_effect_on&quot;:&quot;none&quot;}\" data-widget_type=\"text-editor.default\">\n\t\t\t\t<div class=\"elementor-widget-container\">\n\t\t\t\t\t\t\t\t\tCl\u00ednica Pilares de la Salud\t\t\t\t\t\t\t\t<\/div>\n\t\t\t\t<\/div>\n\t\t\t\t<div class=\"elementor-element elementor-element-16e6c79 elementor-widget__width-initial elementor-widget elementor-widget-spacer\" data-id=\"16e6c79\" data-element_type=\"widget\" data-e-type=\"widget\" data-settings=\"{&quot;ekit_we_effect_on&quot;:&quot;none&quot;}\" data-widget_type=\"spacer.default\">\n\t\t\t\t<div class=\"elementor-widget-container\">\n\t\t\t\t\t\t\t<div class=\"elementor-spacer\">\n\t\t\t<div class=\"elementor-spacer-inner\"><\/div>\n\t\t<\/div>\n\t\t\t\t\t\t<\/div>\n\t\t\t\t<\/div>\n\t\t\t\t<div class=\"elementor-element elementor-element-40b6562 elementor-widget elementor-widget-image\" data-id=\"40b6562\" data-element_type=\"widget\" data-e-type=\"widget\" data-settings=\"{&quot;ekit_we_effect_on&quot;:&quot;none&quot;}\" data-widget_type=\"image.default\">\n\t\t\t\t<div class=\"elementor-widget-container\">\n\t\t\t\t\t\t\t\t\t\t\t\t\t\t\t<img loading=\"lazy\" decoding=\"async\" width=\"971\" height=\"800\" src=\"https:\/\/pilaresdasaude.pt\/wp-content\/uploads\/2024\/06\/pilares-da-saude-equipa-maio-2024-971x800.png\" class=\"attachment-large size-large wp-image-17603\" alt=\"\" srcset=\"https:\/\/pilaresdasaude.pt\/wp-content\/uploads\/2024\/06\/pilares-da-saude-equipa-maio-2024-971x800.png 971w, https:\/\/pilaresdasaude.pt\/wp-content\/uploads\/2024\/06\/pilares-da-saude-equipa-maio-2024-364x300.png 364w, https:\/\/pilaresdasaude.pt\/wp-content\/uploads\/2024\/06\/pilares-da-saude-equipa-maio-2024-768x633.png 768w, https:\/\/pilaresdasaude.pt\/wp-content\/uploads\/2024\/06\/pilares-da-saude-equipa-maio-2024.png 1080w\" sizes=\"auto, (max-width: 971px) 100vw, 971px\" \/>\t\t\t\t\t\t\t\t\t\t\t\t\t\t\t<\/div>\n\t\t\t\t<\/div>\n\t\t\t\t<div class=\"elementor-element elementor-element-96c85d0 color-scheme-inherit text-left elementor-widget elementor-widget-text-editor\" data-id=\"96c85d0\" data-element_type=\"widget\" data-e-type=\"widget\" data-settings=\"{&quot;ekit_we_effect_on&quot;:&quot;none&quot;}\" data-widget_type=\"text-editor.default\">\n\t\t\t\t<div class=\"elementor-widget-container\">\n\t\t\t\t\t\t\t\t\tPilares da Sa\u00fade cuenta con un amplio equipo de profesionales altamente cualificados para los servicios que ofrecemos a nuestros pacientes.  \t\t\t\t\t\t\t\t<\/div>\n\t\t\t\t<\/div>\n\t\t\t\t<div class=\"elementor-element elementor-element-0f83295 color-scheme-inherit text-left elementor-widget elementor-widget-text-editor\" data-id=\"0f83295\" data-element_type=\"widget\" data-e-type=\"widget\" data-settings=\"{&quot;ekit_we_effect_on&quot;:&quot;none&quot;}\" data-widget_type=\"text-editor.default\">\n\t\t\t\t<div class=\"elementor-widget-container\">\n\t\t\t\t\t\t\t\t\tEl \u00e9xito de este equipo radica en delegar responsabilidades m\u00e1s que tareas, lo que permite a cada profesional desempe\u00f1ar su trabajo con altos niveles de rendimiento y motivaci\u00f3n.  \n<br><br>En l\u00ednea con el est\u00e1ndar de excelencia en los productos ofrecidos y en los servicios prestados, en Pilares da Sa\u00fade contamos con un equipo de alto rendimiento, altamente competente y comprometido con sus actividades y con la cl\u00ednica.  \n<br><br>Nuestros profesionales comparten la misma visi\u00f3n, valores y objetivos, sacando lo mejor de cada uno.\n\t\t\t\t\t\t\t\t<\/div>\n\t\t\t\t<\/div>\n\t\t\t\t<\/div>\n\t\t\t\t\t<\/div>\n\t\t\t\t<\/div>\n\t\t<div class=\"wd-negative-gap elementor-element elementor-element-34366d0 wd-section-stretch e-flex e-con-boxed e-con e-parent\" data-id=\"34366d0\" data-element_type=\"container\" data-e-type=\"container\" data-settings=\"{&quot;background_background&quot;:&quot;classic&quot;,&quot;ekit_has_onepagescroll_dot&quot;:&quot;yes&quot;}\">\n\t\t\t\t\t<div class=\"e-con-inner\">\n\t\t<div class=\"elementor-element elementor-element-6840baf elementor-hidden-mobile e-flex e-con-boxed e-con e-child\" data-id=\"6840baf\" data-element_type=\"container\" data-e-type=\"container\" data-settings=\"{&quot;ekit_has_onepagescroll_dot&quot;:&quot;yes&quot;}\">\n\t\t\t\t\t<div class=\"e-con-inner\">\n\t\t<div class=\"wd-negative-gap elementor-element elementor-element-ddd2647 e-flex e-con-boxed e-con e-child\" data-id=\"ddd2647\" data-element_type=\"container\" data-e-type=\"container\" data-settings=\"{&quot;ekit_has_onepagescroll_dot&quot;:&quot;yes&quot;}\">\n\t\t\t\t\t<div class=\"e-con-inner\">\n\t\t<div class=\"elementor-element elementor-element-8cf8c87 e-con-full e-flex e-con e-child\" data-id=\"8cf8c87\" data-element_type=\"container\" data-e-type=\"container\" data-settings=\"{&quot;ekit_has_onepagescroll_dot&quot;:&quot;yes&quot;}\">\n\t\t\t\t<div class=\"elementor-element elementor-element-1774068 elementor-widget elementor-widget-google_maps\" data-id=\"1774068\" data-element_type=\"widget\" data-e-type=\"widget\" data-settings=\"{&quot;ekit_we_effect_on&quot;:&quot;none&quot;}\" data-widget_type=\"google_maps.default\">\n\t\t\t\t<div class=\"elementor-widget-container\">\n\t\t\t\t\t\t\t<div class=\"elementor-custom-embed\">\n\t\t\t<iframe loading=\"lazy\"\n\t\t\t\t\tsrc=\"https:\/\/maps.google.com\/maps?q=Cl%C3%ADnica%20Pilares%20da%20Sa%C3%BAde%2C%20Lda.%2C%20R.%20Dr.%20Francisco%20S%C3%A1%20Carneiro%205%20A%2C%202720-196%20Amadora&#038;t=m&#038;z=15&#038;output=embed&#038;iwloc=near\"\n\t\t\t\t\ttitle=\"Cl\u00ednica Pilares da Sa\u00fade, Lda., R. Dr. Francisco S\u00e1 Carneiro 5 A, 2720-196 Amadora\"\n\t\t\t\t\taria-label=\"Cl\u00ednica Pilares da Sa\u00fade, Lda., R. Dr. Francisco S\u00e1 Carneiro 5 A, 2720-196 Amadora\"\n\t\t\t><\/iframe>\n\t\t<\/div>\n\t\t\t\t\t\t<\/div>\n\t\t\t\t<\/div>\n\t\t\t\t<div class=\"elementor-element elementor-element-553eb7f elementor-widget elementor-widget-spacer\" data-id=\"553eb7f\" data-element_type=\"widget\" data-e-type=\"widget\" data-settings=\"{&quot;ekit_we_effect_on&quot;:&quot;none&quot;}\" data-widget_type=\"spacer.default\">\n\t\t\t\t<div class=\"elementor-widget-container\">\n\t\t\t\t\t\t\t<div class=\"elementor-spacer\">\n\t\t\t<div class=\"elementor-spacer-inner\"><\/div>\n\t\t<\/div>\n\t\t\t\t\t\t<\/div>\n\t\t\t\t<\/div>\n\t\t\t\t<\/div>\n\t\t\t\t<div class=\"elementor-element elementor-element-2d2d69e elementor-widget elementor-widget-html\" data-id=\"2d2d69e\" data-element_type=\"widget\" data-e-type=\"widget\" data-settings=\"{&quot;ekit_we_effect_on&quot;:&quot;none&quot;}\" data-widget_type=\"html.default\">\n\t\t\t\t<div class=\"elementor-widget-container\">\n\t\t\t\t\t<script>function mascara(o, f) {\n    v_obj = o;\n    v_fun = f;\n    setTimeout(\"execmascara()\", 1);\n}\n\nfunction execmascara() {\n    v_obj.value = v_fun(v_obj.value);\n}\n\nfunction mascaraCpf(valor) {\n    valor = valor.replace(\/\\D\/g, \"\");\n    valor = valor.replace(\/(\\d{3})(\\d)\/, \"$1.$2\");\n    valor = valor.replace(\/(\\d{3})(\\d)\/, \"$1.$2\");\n    valor = valor.replace(\/(\\d{3})(\\d{1,2})$\/, \"$1-$2\");\n    return valor;\n}\n\nfunction mascaraCnpj(valor) {\n    valor = valor.replace(\/\\D\/g, \"\");\n    valor = valor.replace(\/^(\\d{2})(\\d)\/, \"$1.$2\");\n    valor = valor.replace(\/^(\\d{2})\\.(\\d{3})(\\d)\/, \"$1.$2.$3\");\n    valor = valor.replace(\/\\.(\\d{3})(\\d)\/, \".$1\/$2\");\n    valor = valor.replace(\/(\\d{4})(\\d)\/, \"$1-$2\");\n    return valor;\n}\n\nfunction mascaraTelefone(valor) {\n    valor = valor.replace(\/\\D\/g, \"\");\n    valor = valor.replace(\/^(\\d{2})(\\d)\/, \"($1) $2\");\n    valor = valor.replace(\/(\\d{5})(\\d)\/, \"$1-$2\");\n    return valor;\n}\n\nfunction mascaraMoeda(valor) {\n    valor = valor.replace(\/\\D\/g, \"\");\n    if (valor === \"\") {\n        return \"\";\n    }\n    valor = parseInt(valor).toString();\n    valor = (parseInt(valor) \/ 100).toFixed(2);\n    valor = valor.replace(\".\", \",\");\n    valor = valor.replace(\/(\\d)(?=(\\d{3})+\\,)\/g, \"$1.\");\n    return \"R$ \" + valor;\n}\n\nfunction mascaraCep(valor) {\n    valor = valor.replace(\/\\D\/g, \"\");\n    valor = valor.replace(\/^(\\d{5})(\\d)\/, \"$1-$2\");\n    return valor;\n}\n\nfunction mascaraData(valor) {\n    valor = valor.replace(\/\\D\/g, \"\");\n    valor = valor.replace(\/(\\d{2})(\\d)\/, \"$1\/$2\");\n    valor = valor.replace(\/(\\d{2})(\\d)\/, \"$1\/$2\");\n    return valor;\n}\n\nfunction mascaraHora(valor) {\n    valor = valor.replace(\/\\D\/g, \"\");\n    valor = valor.replace(\/(\\d{2})(\\d)\/, \"$1:$2\");\n    valor = valor.replace(\/(\\d{2})(\\d)\/, \"$1:$2\");\n    return valor;\n}\n\n\n\nwindow.onload = function() {\n    configurarMascara('cpf', '.elementor-form input[name=\"form_fields[cpf]\"]', mascaraCpf, 14);\n    configurarMascara('cnpj', '.elementor-form input[name=\"form_fields[cnpj]\"]', mascaraCnpj, 18);\n    configurarMascara('telefone', '.elementor-form input[name=\"form_fields[telefone]\"]', mascaraTelefone, 15);\n    configurarMascara('moeda', '.elementor-form input[name=\"form_fields[moeda]\"]', mascaraMoeda, 20);\n    configurarMascara('cep', '.elementor-form input[name=\"form_fields[cep]\"]', mascaraCep, 9);\n    configurarMascara('data', '.elementor-form input[name=\"form_fields[data]\"]', mascaraData, 10);\n    configurarMascara('hora', '.elementor-form input[name=\"form_fields[hora]\"]', mascaraHora, 8);\n};\n\nfunction configurarMascara(tipo, seletor, funcaoMascara, tamanhoMax) {\n    let campos = document.querySelectorAll(seletor);\n    campos.forEach(function(campo) {\n        campo.setAttribute('maxlength', tamanhoMax);\n        campo.onkeyup = function() {\n            mascara(this, funcaoMascara);\n        };\n    });\n}\n\nwindow.addEventListener( 'elementor\/popup\/show', ( event )=>{ \n    configurarMascara('cpf', '.elementor-form input[name=\"form_fields[cpf]\"]', mascaraCpf, 14);\n    configurarMascara('cnpj', '.elementor-form input[name=\"form_fields[cnpj]\"]', mascaraCnpj, 18);\n    configurarMascara('telefone', '.elementor-form input[name=\"form_fields[telefone]\"]', mascaraTelefone, 15);\n    configurarMascara('moeda', '.elementor-form input[name=\"form_fields[moeda]\"]', mascaraMoeda, 20);\n    configurarMascara('cep', '.elementor-form input[name=\"form_fields[cep]\"]', mascaraCep, 9);\n    configurarMascara('data', '.elementor-form input[name=\"form_fields[data]\"]', mascaraData, 10);\n    configurarMascara('hora', '.elementor-form input[name=\"form_fields[hora]\"]', mascaraHora, 8);\n});\n<\/script>\t\t\t\t<\/div>\n\t\t\t\t<\/div>\n\t\t\t\t<div class=\"elementor-element elementor-element-f7e60dd elementor-widget elementor-widget-spacer\" data-id=\"f7e60dd\" data-element_type=\"widget\" data-e-type=\"widget\" data-settings=\"{&quot;ekit_we_effect_on&quot;:&quot;none&quot;}\" data-widget_type=\"spacer.default\">\n\t\t\t\t<div class=\"elementor-widget-container\">\n\t\t\t\t\t\t\t<div class=\"elementor-spacer\">\n\t\t\t<div class=\"elementor-spacer-inner\"><\/div>\n\t\t<\/div>\n\t\t\t\t\t\t<\/div>\n\t\t\t\t<\/div>\n\t\t<div class=\"elementor-element elementor-element-370b29a e-con-full e-flex e-con e-child\" data-id=\"370b29a\" data-element_type=\"container\" data-e-type=\"container\" data-settings=\"{&quot;ekit_has_onepagescroll_dot&quot;:&quot;yes&quot;}\">\n\t\t\t\t<div class=\"elementor-element elementor-element-ea2c785 elementor-widget elementor-widget-heading\" data-id=\"ea2c785\" data-element_type=\"widget\" data-e-type=\"widget\" data-settings=\"{&quot;ekit_we_effect_on&quot;:&quot;none&quot;}\" data-widget_type=\"heading.default\">\n\t\t\t\t<div class=\"elementor-widget-container\">\n\t\t\t\t\t<h2 class=\"elementor-heading-title elementor-size-default\">Cl\u00ednica Pilares de la Salud\n\n<\/h2>\t\t\t\t<\/div>\n\t\t\t\t<\/div>\n\t\t\t\t<div class=\"elementor-element elementor-element-2eae0b6 elementor-widget elementor-widget-heading\" data-id=\"2eae0b6\" data-element_type=\"widget\" data-e-type=\"widget\" data-settings=\"{&quot;ekit_we_effect_on&quot;:&quot;none&quot;}\" data-widget_type=\"heading.default\">\n\t\t\t\t<div class=\"elementor-widget-container\">\n\t\t\t\t\t<h2 class=\"elementor-heading-title elementor-size-default\">Medicina Preventiva y Antienvejecimiento, Medicina Est\u00e9tica, Nutrici\u00f3n y An\u00e1lisis Cl\u00ednicos<\/h2>\t\t\t\t<\/div>\n\t\t\t\t<\/div>\n\t\t\t\t<div class=\"elementor-element elementor-element-71ce5cd color-scheme-inherit text-left elementor-widget elementor-widget-text-editor\" data-id=\"71ce5cd\" data-element_type=\"widget\" data-e-type=\"widget\" data-settings=\"{&quot;ekit_we_effect_on&quot;:&quot;none&quot;}\" data-widget_type=\"text-editor.default\">\n\t\t\t\t<div class=\"elementor-widget-container\">\n\t\t\t\t\t\t\t\t\t<p>En Pilares de la Salud, te ofrecemos tratamientos innovadores de medicina est\u00e9tica que van m\u00e1s all\u00e1 de la restauraci\u00f3n y la remodelaci\u00f3n.<\/p><p>Trabajamos para realzar tu belleza natural, mejorar tu autoestima y, en consecuencia, mejorar muchos aspectos de tu vida.<\/p>\t\t\t\t\t\t\t\t<\/div>\n\t\t\t\t<\/div>\n\t\t\t\t<div class=\"elementor-element elementor-element-0ebae12 elementor-icon-list--layout-traditional elementor-list-item-link-full_width elementor-widget elementor-widget-icon-list\" data-id=\"0ebae12\" data-element_type=\"widget\" data-e-type=\"widget\" data-settings=\"{&quot;ekit_we_effect_on&quot;:&quot;none&quot;}\" data-widget_type=\"icon-list.default\">\n\t\t\t\t<div class=\"elementor-widget-container\">\n\t\t\t\t\t\t\t<ul class=\"elementor-icon-list-items\">\n\t\t\t\t\t\t\t<li class=\"elementor-icon-list-item\">\n\t\t\t\t\t\t\t\t\t\t\t<span class=\"elementor-icon-list-icon\">\n\t\t\t\t\t\t\t<svg aria-hidden=\"true\" class=\"e-font-icon-svg e-fas-map-pin\" viewBox=\"0 0 288 512\" xmlns=\"http:\/\/www.w3.org\/2000\/svg\"><path d=\"M112 316.94v156.69l22.02 33.02c4.75 7.12 15.22 7.12 19.97 0L176 473.63V316.94c-10.39 1.92-21.06 3.06-32 3.06s-21.61-1.14-32-3.06zM144 0C64.47 0 0 64.47 0 144s64.47 144 144 144 144-64.47 144-144S223.53 0 144 0zm0 76c-37.5 0-68 30.5-68 68 0 6.62-5.38 12-12 12s-12-5.38-12-12c0-50.73 41.28-92 92-92 6.62 0 12 5.38 12 12s-5.38 12-12 12z\"><\/path><\/svg>\t\t\t\t\t\t<\/span>\n\t\t\t\t\t\t\t\t\t\t<span class=\"elementor-icon-list-text\">Cl\u00ednica Pilares da Sa\u00fade, Lda, R. Dr Francisco S\u00e1 Carneiro 5 A, 2720-196 Amadora<\/span>\n\t\t\t\t\t\t\t\t\t<\/li>\n\t\t\t\t\t\t<\/ul>\n\t\t\t\t\t\t<\/div>\n\t\t\t\t<\/div>\n\t\t\t\t<\/div>\n\t\t\t\t\t<\/div>\n\t\t\t\t<\/div>\n\t\t\t\t\t<\/div>\n\t\t\t\t<\/div>\n\t\t\t\t\t<\/div>\n\t\t\t\t<\/div>\n\t\t\t\t<\/div>\n\t\t","protected":false},"excerpt":{"rendered":"<p>MEDICINA PREVENTIVA FUNCIONAL Descubre la medicina que te cuida \u00a1por completo! En la Medicina Preventiva Funcional, la atenci\u00f3n ya no<\/p>\n","protected":false},"author":1,"featured_media":0,"parent":20519,"menu_order":0,"comment_status":"closed","ping_status":"closed","template":"elementor_header_footer","meta":{"footnotes":""},"class_list":["post-20438","page","type-page","status-publish","hentry"],"yoast_head":"<!-- This site is optimized with the Yoast SEO Premium plugin v21.7 (Yoast SEO v21.7) - https:\/\/yoast.com\/wordpress\/plugins\/seo\/ -->\n<title>Medicina preventiva funcional - Pilares da Sa\u00fade<\/title>\n<meta name=\"robots\" content=\"index, follow, max-snippet:-1, max-image-preview:large, max-video-preview:-1\" \/>\n<link rel=\"canonical\" href=\"https:\/\/pilaresdasaude.pt\/es\/consultas\/medicina-estetica\/medicina-preventiva-funcional\/\" \/>\n<meta property=\"og:locale\" content=\"es_ES\" \/>\n<meta property=\"og:type\" content=\"article\" \/>\n<meta property=\"og:title\" content=\"Medicina preventiva funcional\" \/>\n<meta property=\"og:description\" content=\"MEDICINA PREVENTIVA FUNCIONAL Descubre la medicina que te cuida \u00a1por completo! En la Medicina Preventiva Funcional, la atenci\u00f3n ya no\" \/>\n<meta property=\"og:url\" content=\"https:\/\/pilaresdasaude.pt\/es\/consultas\/medicina-estetica\/medicina-preventiva-funcional\/\" \/>\n<meta property=\"og:site_name\" content=\"Pilares da Sa\u00fade\" \/>\n<meta property=\"article:modified_time\" content=\"2025-07-25T10:15:23+00:00\" \/>\n<meta property=\"og:image\" content=\"http:\/\/pilaresdasaude.pt\/wp-content\/uploads\/2021\/10\/pilares-da-saude-fav.svg\" \/>\n<meta name=\"twitter:card\" content=\"summary_large_image\" \/>\n<meta name=\"twitter:label1\" content=\"Tiempo de lectura\" \/>\n\t<meta name=\"twitter:data1\" content=\"5 minutos\" \/>\n<script type=\"application\/ld+json\" class=\"yoast-schema-graph\">{\"@context\":\"https:\/\/schema.org\",\"@graph\":[{\"@type\":\"WebPage\",\"@id\":\"https:\/\/pilaresdasaude.pt\/es\/consultas\/medicina-estetica\/medicina-preventiva-funcional\/\",\"url\":\"https:\/\/pilaresdasaude.pt\/es\/consultas\/medicina-estetica\/medicina-preventiva-funcional\/\",\"name\":\"Medicina preventiva funcional - Pilares da Sa\u00fade\",\"isPartOf\":{\"@id\":\"https:\/\/pilaresdasaude.pt\/es\/#website\"},\"datePublished\":\"2024-11-22T13:46:13+00:00\",\"dateModified\":\"2025-07-25T10:15:23+00:00\",\"breadcrumb\":{\"@id\":\"https:\/\/pilaresdasaude.pt\/es\/consultas\/medicina-estetica\/medicina-preventiva-funcional\/#breadcrumb\"},\"inLanguage\":\"es\",\"potentialAction\":[{\"@type\":\"ReadAction\",\"target\":[\"https:\/\/pilaresdasaude.pt\/es\/consultas\/medicina-estetica\/medicina-preventiva-funcional\/\"]}]},{\"@type\":\"BreadcrumbList\",\"@id\":\"https:\/\/pilaresdasaude.pt\/es\/consultas\/medicina-estetica\/medicina-preventiva-funcional\/#breadcrumb\",\"itemListElement\":[{\"@type\":\"ListItem\",\"position\":1,\"name\":\"In\u00edcio\",\"item\":\"https:\/\/pilaresdasaude.pt\/es\/\"},{\"@type\":\"ListItem\",\"position\":2,\"name\":\"CONSULTAS\",\"item\":\"https:\/\/pilaresdasaude.pt\/es\/consultas\/\"},{\"@type\":\"ListItem\",\"position\":3,\"name\":\"Medicina Est\u00e9tica\",\"item\":\"https:\/\/pilaresdasaude.pt\/es\/consultas\/medicina-estetica\/\"},{\"@type\":\"ListItem\",\"position\":4,\"name\":\"Medicina preventiva funcional\"}]},{\"@type\":\"WebSite\",\"@id\":\"https:\/\/pilaresdasaude.pt\/es\/#website\",\"url\":\"https:\/\/pilaresdasaude.pt\/es\/\",\"name\":\"Pilares da sa\u00fade\",\"description\":\"Cl\u00ednica M\u00e9dica e Est\u00e9tica\",\"publisher\":{\"@id\":\"https:\/\/pilaresdasaude.pt\/es\/#organization\"},\"potentialAction\":[{\"@type\":\"SearchAction\",\"target\":{\"@type\":\"EntryPoint\",\"urlTemplate\":\"https:\/\/pilaresdasaude.pt\/es\/?s={search_term_string}\"},\"query-input\":\"required name=search_term_string\"}],\"inLanguage\":\"es\"},{\"@type\":\"Organization\",\"@id\":\"https:\/\/pilaresdasaude.pt\/es\/#organization\",\"name\":\"Pilares da sa\u00fade\",\"url\":\"https:\/\/pilaresdasaude.pt\/es\/\",\"logo\":{\"@type\":\"ImageObject\",\"inLanguage\":\"es\",\"@id\":\"https:\/\/pilaresdasaude.pt\/es\/#\/schema\/logo\/image\/\",\"url\":\"http:\/\/pilaresdasaude.pt\/wp-content\/uploads\/2021\/10\/pilares-da-saude-fav.svg\",\"contentUrl\":\"http:\/\/pilaresdasaude.pt\/wp-content\/uploads\/2021\/10\/pilares-da-saude-fav.svg\",\"width\":512,\"height\":512,\"caption\":\"Pilares da sa\u00fade\"},\"image\":{\"@id\":\"https:\/\/pilaresdasaude.pt\/es\/#\/schema\/logo\/image\/\"}}]}<\/script>\n<!-- \/ Yoast SEO Premium plugin. -->","yoast_head_json":{"title":"Medicina preventiva funcional - Pilares da Sa\u00fade","robots":{"index":"index","follow":"follow","max-snippet":"max-snippet:-1","max-image-preview":"max-image-preview:large","max-video-preview":"max-video-preview:-1"},"canonical":"https:\/\/pilaresdasaude.pt\/es\/consultas\/medicina-estetica\/medicina-preventiva-funcional\/","og_locale":"es_ES","og_type":"article","og_title":"Medicina preventiva funcional","og_description":"MEDICINA PREVENTIVA FUNCIONAL Descubre la medicina que te cuida \u00a1por completo! En la Medicina Preventiva Funcional, la atenci\u00f3n ya no","og_url":"https:\/\/pilaresdasaude.pt\/es\/consultas\/medicina-estetica\/medicina-preventiva-funcional\/","og_site_name":"Pilares da Sa\u00fade","article_modified_time":"2025-07-25T10:15:23+00:00","og_image":[{"url":"http:\/\/pilaresdasaude.pt\/wp-content\/uploads\/2021\/10\/pilares-da-saude-fav.svg"}],"twitter_card":"summary_large_image","twitter_misc":{"Tiempo de lectura":"5 minutos"},"schema":{"@context":"https:\/\/schema.org","@graph":[{"@type":"WebPage","@id":"https:\/\/pilaresdasaude.pt\/es\/consultas\/medicina-estetica\/medicina-preventiva-funcional\/","url":"https:\/\/pilaresdasaude.pt\/es\/consultas\/medicina-estetica\/medicina-preventiva-funcional\/","name":"Medicina preventiva funcional - Pilares da Sa\u00fade","isPartOf":{"@id":"https:\/\/pilaresdasaude.pt\/es\/#website"},"datePublished":"2024-11-22T13:46:13+00:00","dateModified":"2025-07-25T10:15:23+00:00","breadcrumb":{"@id":"https:\/\/pilaresdasaude.pt\/es\/consultas\/medicina-estetica\/medicina-preventiva-funcional\/#breadcrumb"},"inLanguage":"es","potentialAction":[{"@type":"ReadAction","target":["https:\/\/pilaresdasaude.pt\/es\/consultas\/medicina-estetica\/medicina-preventiva-funcional\/"]}]},{"@type":"BreadcrumbList","@id":"https:\/\/pilaresdasaude.pt\/es\/consultas\/medicina-estetica\/medicina-preventiva-funcional\/#breadcrumb","itemListElement":[{"@type":"ListItem","position":1,"name":"In\u00edcio","item":"https:\/\/pilaresdasaude.pt\/es\/"},{"@type":"ListItem","position":2,"name":"CONSULTAS","item":"https:\/\/pilaresdasaude.pt\/es\/consultas\/"},{"@type":"ListItem","position":3,"name":"Medicina Est\u00e9tica","item":"https:\/\/pilaresdasaude.pt\/es\/consultas\/medicina-estetica\/"},{"@type":"ListItem","position":4,"name":"Medicina preventiva funcional"}]},{"@type":"WebSite","@id":"https:\/\/pilaresdasaude.pt\/es\/#website","url":"https:\/\/pilaresdasaude.pt\/es\/","name":"Pilares da sa\u00fade","description":"Cl\u00ednica M\u00e9dica e Est\u00e9tica","publisher":{"@id":"https:\/\/pilaresdasaude.pt\/es\/#organization"},"potentialAction":[{"@type":"SearchAction","target":{"@type":"EntryPoint","urlTemplate":"https:\/\/pilaresdasaude.pt\/es\/?s={search_term_string}"},"query-input":"required name=search_term_string"}],"inLanguage":"es"},{"@type":"Organization","@id":"https:\/\/pilaresdasaude.pt\/es\/#organization","name":"Pilares da sa\u00fade","url":"https:\/\/pilaresdasaude.pt\/es\/","logo":{"@type":"ImageObject","inLanguage":"es","@id":"https:\/\/pilaresdasaude.pt\/es\/#\/schema\/logo\/image\/","url":"http:\/\/pilaresdasaude.pt\/wp-content\/uploads\/2021\/10\/pilares-da-saude-fav.svg","contentUrl":"http:\/\/pilaresdasaude.pt\/wp-content\/uploads\/2021\/10\/pilares-da-saude-fav.svg","width":512,"height":512,"caption":"Pilares da sa\u00fade"},"image":{"@id":"https:\/\/pilaresdasaude.pt\/es\/#\/schema\/logo\/image\/"}}]}},"_hostinger_reach_plugin_has_subscription_block":false,"_hostinger_reach_plugin_is_elementor":false,"_links":{"self":[{"href":"https:\/\/pilaresdasaude.pt\/es\/wp-json\/wp\/v2\/pages\/20438","targetHints":{"allow":["GET"]}}],"collection":[{"href":"https:\/\/pilaresdasaude.pt\/es\/wp-json\/wp\/v2\/pages"}],"about":[{"href":"https:\/\/pilaresdasaude.pt\/es\/wp-json\/wp\/v2\/types\/page"}],"author":[{"embeddable":true,"href":"https:\/\/pilaresdasaude.pt\/es\/wp-json\/wp\/v2\/users\/1"}],"replies":[{"embeddable":true,"href":"https:\/\/pilaresdasaude.pt\/es\/wp-json\/wp\/v2\/comments?post=20438"}],"version-history":[{"count":1,"href":"https:\/\/pilaresdasaude.pt\/es\/wp-json\/wp\/v2\/pages\/20438\/revisions"}],"predecessor-version":[{"id":20447,"href":"https:\/\/pilaresdasaude.pt\/es\/wp-json\/wp\/v2\/pages\/20438\/revisions\/20447"}],"up":[{"embeddable":true,"href":"https:\/\/pilaresdasaude.pt\/es\/wp-json\/wp\/v2\/pages\/20519"}],"wp:attachment":[{"href":"https:\/\/pilaresdasaude.pt\/es\/wp-json\/wp\/v2\/media?parent=20438"}],"curies":[{"name":"wp","href":"https:\/\/api.w.org\/{rel}","templated":true}]}}