{"id":20671,"date":"2023-09-04T15:25:02","date_gmt":"2023-09-04T15:25:02","guid":{"rendered":"https:\/\/lime-barracuda-517323.hostingersite.com\/consultas\/medicina-estetica\/fotolaser-capilar\/"},"modified":"2025-07-25T10:16:40","modified_gmt":"2025-07-25T10:16:40","slug":"fotolaser-capilar","status":"publish","type":"page","link":"https:\/\/pilaresdasaude.pt\/es\/consultas\/medicina-estetica\/fotolaser-capilar\/","title":{"rendered":"Fotol\u00e1ser capilar"},"content":{"rendered":"\t\t<div data-elementor-type=\"wp-page\" data-elementor-id=\"20671\" class=\"elementor elementor-20671 elementor-12353\" data-elementor-post-type=\"page\">\n\t\t\t\t\t\t<section class=\"wd-negative-gap elementor-section elementor-top-section elementor-element elementor-element-4f8f47ab elementor-section-boxed elementor-section-height-default elementor-section-height-default\" data-id=\"4f8f47ab\" data-element_type=\"section\" data-e-type=\"section\" data-settings=\"{&quot;ekit_has_onepagescroll_dot&quot;:&quot;yes&quot;}\">\n\t\t\t\t\t\t\t<div class=\"elementor-background-overlay\"><\/div>\n\t\t\t\t\t\t\t<div class=\"elementor-container elementor-column-gap-default\">\n\t\t\t\t\t<div class=\"elementor-column elementor-col-50 elementor-top-column elementor-element elementor-element-499030b0\" data-id=\"499030b0\" data-element_type=\"column\" data-e-type=\"column\">\n\t\t\t<div class=\"elementor-widget-wrap elementor-element-populated\">\n\t\t\t\t\t\t<div class=\"elementor-element elementor-element-56ec10c3 elementor-widget elementor-widget-wd_text_block\" data-id=\"56ec10c3\" data-element_type=\"widget\" data-e-type=\"widget\" data-settings=\"{&quot;ekit_we_effect_on&quot;:&quot;none&quot;}\" data-widget_type=\"wd_text_block.default\">\n\t\t\t\t<div class=\"elementor-widget-container\">\n\t\t\t\t\t\t\t<div class=\"wd-text-block reset-last-child text-left\">\n\t\t\t\n\t\t\t<h2 class=\"p1\"><b>\u00bfDe qu\u00e9 se trata?<\/b><\/h2><p class=\"p1\">FotoLaser Capilar es un tratamiento capilar avanzado que utiliza tecnolog\u00eda l\u00e1ser de baja intensidad para estimular el crecimiento del cabello y combatir su ca\u00edda. Este servicio, realizado por nuestros especialistas, ayuda a fortalecer los fol\u00edculos pilosos, mejorar la densidad capilar y promover un cabello m\u00e1s sano y con m\u00e1s volumen. <\/p><h2 class=\"p1\"><b>\u00bfA qui\u00e9n va dirigido?  <\/b><\/h2><p class=\"p1\">Ideal para pacientes con problemas de ca\u00edda del cabello, debilitamiento capilar o que desean mejorar la salud general de su cabello. Este tratamiento es igualmente eficaz tanto para hombres como para mujeres que buscan una soluci\u00f3n no invasiva y eficaz para estimular el crecimiento del cabello y promover hebras m\u00e1s gruesas y fuertes. <\/p><h2 class=\"p1\"><b>Procedimientos:<\/b><\/h2><p class=\"p1\">- Estimulaci\u00f3n del crecimiento del cabello<\/p><p class=\"p1\">- Combatir la ca\u00edda del cabello<\/p><p class=\"p1\">- Mejora la densidad y el grosor del cabello<\/p><p class=\"p1\">- Fortalecimiento de los fol\u00edculos pilosos<\/p><p class=\"p1\">- Cabello m\u00e1s sano y con m\u00e1s volumen<\/p><p class=\"p1\">- Tratamiento de la alopecia<\/p><p class=\"p1\">- Revitalizar el cuero cabelludo<\/p>\n\t\t\t\t\t<\/div>\n\t\t\t\t\t\t<\/div>\n\t\t\t\t<\/div>\n\t\t\t\t\t<\/div>\n\t\t<\/div>\n\t\t\t\t<div class=\"elementor-column elementor-col-50 elementor-top-column elementor-element elementor-element-519d290\" data-id=\"519d290\" data-element_type=\"column\" data-e-type=\"column\">\n\t\t\t<div class=\"elementor-widget-wrap elementor-element-populated\">\n\t\t\t\t\t\t<div class=\"elementor-element elementor-element-b731a14 uael-ba-label-hover uael-ba-halign-flex-start elementor-widget elementor-widget-uael-ba-slider\" data-id=\"b731a14\" data-element_type=\"widget\" data-e-type=\"widget\" data-settings=\"{&quot;ekit_we_effect_on&quot;:&quot;none&quot;}\" data-widget_type=\"uael-ba-slider.default\">\n\t\t\t\t<div class=\"elementor-widget-container\">\n\t\t\t\t\t\t\t<div class=\"uael-before-after-slider\">\r\n\t\t\t<div class=\"uael-ba-container\" data-move-on-hover=\"no\" data-orientation=\"horizontal\" data-offset=\"0.5\">\r\n\t\t\t\t<img decoding=\"async\" class=\"uael-before-img\" style=\"position: absolute;\" src=\"https:\/\/pilaresdasaude.pt\/wp-content\/uploads\/2023\/09\/FOTOLASER-CAPILAR-antes-761x800.png\" alt=\"Antes de\"\/>\r\n\t\t\t\t<img decoding=\"async\" class=\"uael-after-img\" src=\"https:\/\/pilaresdasaude.pt\/wp-content\/uploads\/2023\/09\/FOTOLASER-CAPILAR-depois-761x800.png\" alt=\"Entonces\"\/>\r\n\t\t\t<\/div>\r\n\t\t<\/div>\r\n\t\t\t\t\t\t<\/div>\n\t\t\t\t<\/div>\n\t\t\t\t\t<\/div>\n\t\t<\/div>\n\t\t\t\t\t<\/div>\n\t\t<\/section>\n\t\t\t\t<section class=\"wd-negative-gap elementor-section elementor-top-section elementor-element elementor-element-6b576325 elementor-section-boxed elementor-section-height-default elementor-section-height-default\" data-id=\"6b576325\" data-element_type=\"section\" data-e-type=\"section\" data-settings=\"{&quot;ekit_has_onepagescroll_dot&quot;:&quot;yes&quot;}\">\n\t\t\t\t\t\t<div class=\"elementor-container elementor-column-gap-default\">\n\t\t\t\t\t<div class=\"elementor-column elementor-col-100 elementor-top-column elementor-element elementor-element-3b3c260f\" data-id=\"3b3c260f\" data-element_type=\"column\" data-e-type=\"column\">\n\t\t\t<div class=\"elementor-widget-wrap\">\n\t\t\t\t\t\t\t<\/div>\n\t\t<\/div>\n\t\t\t\t\t<\/div>\n\t\t<\/section>\n\t\t\t\t<section class=\"wd-negative-gap elementor-section elementor-top-section elementor-element elementor-element-d2eec07 elementor-section-boxed elementor-section-height-default elementor-section-height-default\" data-id=\"d2eec07\" data-element_type=\"section\" data-e-type=\"section\" data-settings=\"{&quot;ekit_has_onepagescroll_dot&quot;:&quot;yes&quot;}\">\n\t\t\t\t\t\t<div class=\"elementor-container elementor-column-gap-default\">\n\t\t\t\t\t<div class=\"elementor-column elementor-col-100 elementor-top-column elementor-element elementor-element-3904ef8\" data-id=\"3904ef8\" data-element_type=\"column\" data-e-type=\"column\">\n\t\t\t<div class=\"elementor-widget-wrap\">\n\t\t\t\t\t\t\t<\/div>\n\t\t<\/div>\n\t\t\t\t\t<\/div>\n\t\t<\/section>\n\t\t\t\t<\/div>\n\t\t","protected":false},"excerpt":{"rendered":"<p>\u00bfDe qu\u00e9 se trata? FotoLaser Capilar es un tratamiento capilar avanzado que utiliza tecnolog\u00eda l\u00e1ser de baja intensidad para estimular<\/p>\n","protected":false},"author":1,"featured_media":0,"parent":20519,"menu_order":0,"comment_status":"closed","ping_status":"closed","template":"elementor_header_footer","meta":{"footnotes":""},"class_list":["post-20671","page","type-page","status-publish","hentry"],"yoast_head":"<!-- This site is optimized with the Yoast SEO Premium plugin v21.7 (Yoast SEO v21.7) - https:\/\/yoast.com\/wordpress\/plugins\/seo\/ -->\n<title>Fotol\u00e1ser capilar - Pilares da Sa\u00fade<\/title>\n<meta name=\"robots\" content=\"index, follow, max-snippet:-1, max-image-preview:large, max-video-preview:-1\" \/>\n<link rel=\"canonical\" href=\"https:\/\/pilaresdasaude.pt\/es\/consultas\/medicina-estetica\/fotolaser-capilar\/\" \/>\n<meta property=\"og:locale\" content=\"es_ES\" \/>\n<meta property=\"og:type\" content=\"article\" \/>\n<meta property=\"og:title\" content=\"Fotol\u00e1ser capilar\" \/>\n<meta property=\"og:description\" content=\"\u00bfDe qu\u00e9 se trata? FotoLaser Capilar es un tratamiento capilar avanzado que utiliza tecnolog\u00eda l\u00e1ser de baja intensidad para estimular\" \/>\n<meta property=\"og:url\" content=\"https:\/\/pilaresdasaude.pt\/es\/consultas\/medicina-estetica\/fotolaser-capilar\/\" \/>\n<meta property=\"og:site_name\" content=\"Pilares da Sa\u00fade\" \/>\n<meta property=\"article:modified_time\" content=\"2025-07-25T10:16:40+00:00\" \/>\n<meta property=\"og:image\" content=\"http:\/\/pilaresdasaude.pt\/wp-content\/uploads\/2023\/09\/FOTOLASER-CAPILAR-antes-761x800.png\" \/>\n<meta name=\"twitter:card\" content=\"summary_large_image\" \/>\n<meta name=\"twitter:label1\" content=\"Tiempo de lectura\" \/>\n\t<meta name=\"twitter:data1\" content=\"1 minuto\" \/>\n<script type=\"application\/ld+json\" class=\"yoast-schema-graph\">{\"@context\":\"https:\/\/schema.org\",\"@graph\":[{\"@type\":\"WebPage\",\"@id\":\"https:\/\/pilaresdasaude.pt\/es\/consultas\/medicina-estetica\/fotolaser-capilar\/\",\"url\":\"https:\/\/pilaresdasaude.pt\/es\/consultas\/medicina-estetica\/fotolaser-capilar\/\",\"name\":\"Fotol\u00e1ser capilar - Pilares da Sa\u00fade\",\"isPartOf\":{\"@id\":\"https:\/\/pilaresdasaude.pt\/es\/#website\"},\"datePublished\":\"2023-09-04T15:25:02+00:00\",\"dateModified\":\"2025-07-25T10:16:40+00:00\",\"breadcrumb\":{\"@id\":\"https:\/\/pilaresdasaude.pt\/es\/consultas\/medicina-estetica\/fotolaser-capilar\/#breadcrumb\"},\"inLanguage\":\"es\",\"potentialAction\":[{\"@type\":\"ReadAction\",\"target\":[\"https:\/\/pilaresdasaude.pt\/es\/consultas\/medicina-estetica\/fotolaser-capilar\/\"]}]},{\"@type\":\"BreadcrumbList\",\"@id\":\"https:\/\/pilaresdasaude.pt\/es\/consultas\/medicina-estetica\/fotolaser-capilar\/#breadcrumb\",\"itemListElement\":[{\"@type\":\"ListItem\",\"position\":1,\"name\":\"In\u00edcio\",\"item\":\"https:\/\/pilaresdasaude.pt\/es\/\"},{\"@type\":\"ListItem\",\"position\":2,\"name\":\"CONSULTAS\",\"item\":\"https:\/\/pilaresdasaude.pt\/es\/consultas\/\"},{\"@type\":\"ListItem\",\"position\":3,\"name\":\"Medicina Est\u00e9tica\",\"item\":\"https:\/\/pilaresdasaude.pt\/es\/consultas\/medicina-estetica\/\"},{\"@type\":\"ListItem\",\"position\":4,\"name\":\"Fotol\u00e1ser capilar\"}]},{\"@type\":\"WebSite\",\"@id\":\"https:\/\/pilaresdasaude.pt\/es\/#website\",\"url\":\"https:\/\/pilaresdasaude.pt\/es\/\",\"name\":\"Pilares da sa\u00fade\",\"description\":\"Cl\u00ednica M\u00e9dica e Est\u00e9tica\",\"publisher\":{\"@id\":\"https:\/\/pilaresdasaude.pt\/es\/#organization\"},\"potentialAction\":[{\"@type\":\"SearchAction\",\"target\":{\"@type\":\"EntryPoint\",\"urlTemplate\":\"https:\/\/pilaresdasaude.pt\/es\/?s={search_term_string}\"},\"query-input\":\"required name=search_term_string\"}],\"inLanguage\":\"es\"},{\"@type\":\"Organization\",\"@id\":\"https:\/\/pilaresdasaude.pt\/es\/#organization\",\"name\":\"Pilares da sa\u00fade\",\"url\":\"https:\/\/pilaresdasaude.pt\/es\/\",\"logo\":{\"@type\":\"ImageObject\",\"inLanguage\":\"es\",\"@id\":\"https:\/\/pilaresdasaude.pt\/es\/#\/schema\/logo\/image\/\",\"url\":\"http:\/\/pilaresdasaude.pt\/wp-content\/uploads\/2021\/10\/pilares-da-saude-fav.svg\",\"contentUrl\":\"http:\/\/pilaresdasaude.pt\/wp-content\/uploads\/2021\/10\/pilares-da-saude-fav.svg\",\"width\":512,\"height\":512,\"caption\":\"Pilares da sa\u00fade\"},\"image\":{\"@id\":\"https:\/\/pilaresdasaude.pt\/es\/#\/schema\/logo\/image\/\"}}]}<\/script>\n<!-- \/ Yoast SEO Premium plugin. -->","yoast_head_json":{"title":"Fotol\u00e1ser capilar - Pilares da Sa\u00fade","robots":{"index":"index","follow":"follow","max-snippet":"max-snippet:-1","max-image-preview":"max-image-preview:large","max-video-preview":"max-video-preview:-1"},"canonical":"https:\/\/pilaresdasaude.pt\/es\/consultas\/medicina-estetica\/fotolaser-capilar\/","og_locale":"es_ES","og_type":"article","og_title":"Fotol\u00e1ser capilar","og_description":"\u00bfDe qu\u00e9 se trata? FotoLaser Capilar es un tratamiento capilar avanzado que utiliza tecnolog\u00eda l\u00e1ser de baja intensidad para estimular","og_url":"https:\/\/pilaresdasaude.pt\/es\/consultas\/medicina-estetica\/fotolaser-capilar\/","og_site_name":"Pilares da Sa\u00fade","article_modified_time":"2025-07-25T10:16:40+00:00","og_image":[{"url":"http:\/\/pilaresdasaude.pt\/wp-content\/uploads\/2023\/09\/FOTOLASER-CAPILAR-antes-761x800.png"}],"twitter_card":"summary_large_image","twitter_misc":{"Tiempo de lectura":"1 minuto"},"schema":{"@context":"https:\/\/schema.org","@graph":[{"@type":"WebPage","@id":"https:\/\/pilaresdasaude.pt\/es\/consultas\/medicina-estetica\/fotolaser-capilar\/","url":"https:\/\/pilaresdasaude.pt\/es\/consultas\/medicina-estetica\/fotolaser-capilar\/","name":"Fotol\u00e1ser capilar - Pilares da Sa\u00fade","isPartOf":{"@id":"https:\/\/pilaresdasaude.pt\/es\/#website"},"datePublished":"2023-09-04T15:25:02+00:00","dateModified":"2025-07-25T10:16:40+00:00","breadcrumb":{"@id":"https:\/\/pilaresdasaude.pt\/es\/consultas\/medicina-estetica\/fotolaser-capilar\/#breadcrumb"},"inLanguage":"es","potentialAction":[{"@type":"ReadAction","target":["https:\/\/pilaresdasaude.pt\/es\/consultas\/medicina-estetica\/fotolaser-capilar\/"]}]},{"@type":"BreadcrumbList","@id":"https:\/\/pilaresdasaude.pt\/es\/consultas\/medicina-estetica\/fotolaser-capilar\/#breadcrumb","itemListElement":[{"@type":"ListItem","position":1,"name":"In\u00edcio","item":"https:\/\/pilaresdasaude.pt\/es\/"},{"@type":"ListItem","position":2,"name":"CONSULTAS","item":"https:\/\/pilaresdasaude.pt\/es\/consultas\/"},{"@type":"ListItem","position":3,"name":"Medicina Est\u00e9tica","item":"https:\/\/pilaresdasaude.pt\/es\/consultas\/medicina-estetica\/"},{"@type":"ListItem","position":4,"name":"Fotol\u00e1ser capilar"}]},{"@type":"WebSite","@id":"https:\/\/pilaresdasaude.pt\/es\/#website","url":"https:\/\/pilaresdasaude.pt\/es\/","name":"Pilares da sa\u00fade","description":"Cl\u00ednica M\u00e9dica e Est\u00e9tica","publisher":{"@id":"https:\/\/pilaresdasaude.pt\/es\/#organization"},"potentialAction":[{"@type":"SearchAction","target":{"@type":"EntryPoint","urlTemplate":"https:\/\/pilaresdasaude.pt\/es\/?s={search_term_string}"},"query-input":"required name=search_term_string"}],"inLanguage":"es"},{"@type":"Organization","@id":"https:\/\/pilaresdasaude.pt\/es\/#organization","name":"Pilares da sa\u00fade","url":"https:\/\/pilaresdasaude.pt\/es\/","logo":{"@type":"ImageObject","inLanguage":"es","@id":"https:\/\/pilaresdasaude.pt\/es\/#\/schema\/logo\/image\/","url":"http:\/\/pilaresdasaude.pt\/wp-content\/uploads\/2021\/10\/pilares-da-saude-fav.svg","contentUrl":"http:\/\/pilaresdasaude.pt\/wp-content\/uploads\/2021\/10\/pilares-da-saude-fav.svg","width":512,"height":512,"caption":"Pilares da sa\u00fade"},"image":{"@id":"https:\/\/pilaresdasaude.pt\/es\/#\/schema\/logo\/image\/"}}]}},"_hostinger_reach_plugin_has_subscription_block":false,"_hostinger_reach_plugin_is_elementor":false,"_links":{"self":[{"href":"https:\/\/pilaresdasaude.pt\/es\/wp-json\/wp\/v2\/pages\/20671","targetHints":{"allow":["GET"]}}],"collection":[{"href":"https:\/\/pilaresdasaude.pt\/es\/wp-json\/wp\/v2\/pages"}],"about":[{"href":"https:\/\/pilaresdasaude.pt\/es\/wp-json\/wp\/v2\/types\/page"}],"author":[{"embeddable":true,"href":"https:\/\/pilaresdasaude.pt\/es\/wp-json\/wp\/v2\/users\/1"}],"replies":[{"embeddable":true,"href":"https:\/\/pilaresdasaude.pt\/es\/wp-json\/wp\/v2\/comments?post=20671"}],"version-history":[{"count":1,"href":"https:\/\/pilaresdasaude.pt\/es\/wp-json\/wp\/v2\/pages\/20671\/revisions"}],"predecessor-version":[{"id":20672,"href":"https:\/\/pilaresdasaude.pt\/es\/wp-json\/wp\/v2\/pages\/20671\/revisions\/20672"}],"up":[{"embeddable":true,"href":"https:\/\/pilaresdasaude.pt\/es\/wp-json\/wp\/v2\/pages\/20519"}],"wp:attachment":[{"href":"https:\/\/pilaresdasaude.pt\/es\/wp-json\/wp\/v2\/media?parent=20671"}],"curies":[{"name":"wp","href":"https:\/\/api.w.org\/{rel}","templated":true}]}}